{"id":33,"date":"2023-02-16T17:08:02","date_gmt":"2023-02-16T17:08:02","guid":{"rendered":"https:\/\/carreras.uleam.edu.ec\/campus-tosagua\/?page_id=33"},"modified":"2025-03-14T20:22:33","modified_gmt":"2025-03-14T20:22:33","slug":"carrera-enfermeria","status":"publish","type":"page","link":"https:\/\/carreras.uleam.edu.ec\/campus-tosagua\/carrera-enfermeria\/","title":{"rendered":"Carrera Enfermer\u00eda"},"content":{"rendered":"\t\t<div data-elementor-type=\"wp-page\" data-elementor-id=\"33\" class=\"elementor elementor-33\" data-elementor-settings=\"[]\">\n\t\t\t\t\t\t\t<div class=\"elementor-section-wrap\">\n\t\t\t\t\t\t\t<section class=\"elementor-section elementor-top-section elementor-element elementor-element-3664d76 elementor-section-boxed elementor-section-height-default elementor-section-height-default\" data-id=\"3664d76\" data-element_type=\"section\">\n\t\t\t\t\t\t<div class=\"elementor-container elementor-column-gap-default\">\n\t\t\t\t\t<div class=\"elementor-column elementor-col-100 elementor-top-column elementor-element elementor-element-524b86b\" data-id=\"524b86b\" data-element_type=\"column\">\n\t\t\t<div class=\"elementor-widget-wrap elementor-element-populated\">\n\t\t\t\t\t\t\t\t<div class=\"elementor-element elementor-element-c146b4c elementor-tabs-view-horizontal elementor-widget elementor-widget-tabs\" data-id=\"c146b4c\" data-element_type=\"widget\" data-widget_type=\"tabs.default\">\n\t\t\t\t<div class=\"elementor-widget-container\">\n\t\t\t\t\t<div class=\"elementor-tabs\">\n\t\t\t<div class=\"elementor-tabs-wrapper\" role=\"tablist\" >\n\t\t\t\t\t\t\t\t\t<div id=\"elementor-tab-title-2021\" class=\"elementor-tab-title elementor-tab-desktop-title\" aria-selected=\"true\" data-tab=\"1\" role=\"tab\" tabindex=\"0\" aria-controls=\"elementor-tab-content-2021\" aria-expanded=\"false\">Descripci\u00f3n General de la Carrera<\/div>\n\t\t\t\t\t\t\t\t\t<div id=\"elementor-tab-title-2022\" class=\"elementor-tab-title elementor-tab-desktop-title\" aria-selected=\"false\" data-tab=\"2\" role=\"tab\" tabindex=\"-1\" aria-controls=\"elementor-tab-content-2022\" aria-expanded=\"false\">Malla Curricular<\/div>\n\t\t\t\t\t\t\t\t\t<div id=\"elementor-tab-title-2023\" class=\"elementor-tab-title elementor-tab-desktop-title\" aria-selected=\"false\" data-tab=\"3\" role=\"tab\" tabindex=\"-1\" aria-controls=\"elementor-tab-content-2023\" aria-expanded=\"false\">Docentes<\/div>\n\t\t\t\t\t\t\t\t\t<div id=\"elementor-tab-title-2024\" class=\"elementor-tab-title elementor-tab-desktop-title\" aria-selected=\"false\" data-tab=\"4\" role=\"tab\" tabindex=\"-1\" aria-controls=\"elementor-tab-content-2024\" aria-expanded=\"false\">Datos Generales<\/div>\n\t\t\t\t\t\t\t\t\t<div id=\"elementor-tab-title-2025\" class=\"elementor-tab-title elementor-tab-desktop-title\" aria-selected=\"false\" data-tab=\"5\" role=\"tab\" tabindex=\"-1\" aria-controls=\"elementor-tab-content-2025\" aria-expanded=\"false\">Gesti\u00f3n y Proceso Estudiantil<\/div>\n\t\t\t\t\t\t\t<\/div>\n\t\t\t<div class=\"elementor-tabs-content-wrapper\" role=\"tablist\" aria-orientation=\"vertical\">\n\t\t\t\t\t\t\t\t\t<div class=\"elementor-tab-title elementor-tab-mobile-title\" aria-selected=\"true\" data-tab=\"1\" role=\"tab\" tabindex=\"0\" aria-controls=\"elementor-tab-content-2021\" aria-expanded=\"false\">Descripci\u00f3n General de la Carrera<\/div>\n\t\t\t\t\t<div id=\"elementor-tab-content-2021\" class=\"elementor-tab-content elementor-clearfix\" data-tab=\"1\" role=\"tabpanel\" aria-labelledby=\"elementor-tab-title-2021\" tabindex=\"0\" hidden=\"false\"><p>NOMBRE DE LA CARRERA:\u00a0 \u00a0 \u00a0 \u00a0 \u00a0 \u00a0 \u00a0 \u00a0 \u00a0 \u00a0 \u00a0 ENFERMER\u00cdA<\/p><p>TITULO QUE OTORGA:\u00a0 \u00a0 \u00a0 \u00a0 \u00a0 \u00a0 \u00a0 \u00a0 \u00a0 \u00a0 \u00a0 \u00a0 \u00a0 \u00a0 \u00a0 \u00a0LICENCIADO\/A EN ENFERMER\u00cdA<\/p><p>MODALIDAD DE APRENDIZAJE:\u00a0 \u00a0 \u00a0 \u00a0 \u00a0 \u00a0 \u00a0 PRESENCIAL<\/p><p>N\u00daMERO DE PERIODOS ORDINARIOS:\u00a0 7 SEMESTRES ACAD\u00c9MICO, 2 SEMESTRES\u00a0INTERNADO.<\/p><p>OBJETIVO GENERAL<\/p><p style=\"padding-left: 40px\">Formar profesionales de Enfermer\u00eda a partir de los problemas vinculados al cuidado integral\u00a0de la persona, la familia, la comunidad y el entorno en los niveles de atenci\u00f3n primaria,\u00a0secundaria y terciaria de salud desde una visi\u00f3n te\u00f3rico-metodol\u00f3gica, hol\u00edstica y\u00a0paradigm\u00e1tica, para la transformaci\u00f3n de la calidad de vida de la poblaci\u00f3n aportando al\u00a0desarrollo de la matriz de servicios del Plan Nacional Creando Oportunidades 2021-2025<\/p><p>PERFIL DE INGRESO<\/p><p style=\"padding-left: 40px\">El aspirante a la carrera de Enfermer\u00eda deber\u00e1 caracterizarse por: pensar rigurosamente,\u00a0utilizar herramientas tecnol\u00f3gicas reflexiva y pragm\u00e1ticamente, actuar como ciudadano\u00a0responsable, manejar sus emociones en la interrelaci\u00f3n social, cuidar de su salud y\u00a0bienestar personal, y aprender por el resto de su vida.<\/p><p>REQUISITOS DE INGRESO<\/p><ul><li>Poseer t\u00edtulo de bachiller o su equivalente, de conformidad con la Ley.<\/li><li>Haber cumplido los requisitos normados por el Sistema de Nivelaci\u00f3n y Admisi\u00f3n.<\/li><li>Presentar c\u00e9dula de ciudadan\u00eda o pasaporte vigente con las regulaciones para su\u00a0estancia.<\/li><li>Cumplir con los requisitos establecidos en el Art. 96 del Reglamento de R\u00e9gimen Acad\u00e9mico para casos de movilidad interna o externa.<\/li><\/ul><p>REQUISITOS DE GRADUACI\u00d3N<\/p><ul><li>Aprobar todas las asignaturas de la malla curricular de la carrera incluyendo las pr\u00e1cticas pre profesionales.<\/li><li>Aprobar el trabajo de la unidad de integraci\u00f3n curricular de conformidad con lo que establece el Reglamento de R\u00e9gimen Acad\u00e9mico de la ULEAM.<\/li><li>Demostrar suficiencia de dominio a nivel MCER \u2013 B1 en una lengua extranjera al culminar sus estudios por medio del certificado u homologaci\u00f3n por el Instituto de Idiomas de la Universidad.<\/li><\/ul><p>MODALIDADES DE TITULACI\u00d3N<\/p><ul><li>Examen de car\u00e1cter complexivo<\/li><li>Desarrollo de un trabajo de integraci\u00f3n curricular<\/li><\/ul><p>HORARIO DE CLASES<\/p><ul><li>17H00 A 21H00<\/li><\/ul><\/div>\n\t\t\t\t\t\t\t\t\t<div class=\"elementor-tab-title elementor-tab-mobile-title\" aria-selected=\"false\" data-tab=\"2\" role=\"tab\" tabindex=\"-1\" aria-controls=\"elementor-tab-content-2022\" aria-expanded=\"false\">Malla Curricular<\/div>\n\t\t\t\t\t<div id=\"elementor-tab-content-2022\" class=\"elementor-tab-content elementor-clearfix\" data-tab=\"2\" role=\"tabpanel\" aria-labelledby=\"elementor-tab-title-2022\" tabindex=\"0\" hidden=\"hidden\"><p><a href=\"https:\/\/carreras.uleam.edu.ec\/campus-tosagua\/wp-content\/uploads\/sites\/81\/2023\/02\/MALLA-CURRICULAR-ENFERMERIA.pdf\" target=\"_blank\" rel=\"noopener\"><img loading=\"lazy\" decoding=\"async\" class=\"alignnone wp-image-58 size-large\" src=\"https:\/\/carreras.uleam.edu.ec\/campus-tosagua\/wp-content\/uploads\/sites\/81\/2023\/02\/malla-enfermeria-chone-1024x688.png\" alt=\"\" width=\"1024\" height=\"688\" srcset=\"https:\/\/carreras.uleam.edu.ec\/campus-tosagua\/wp-content\/uploads\/sites\/81\/2023\/02\/malla-enfermeria-chone-1024x688.png 1024w, https:\/\/carreras.uleam.edu.ec\/campus-tosagua\/wp-content\/uploads\/sites\/81\/2023\/02\/malla-enfermeria-chone-300x202.png 300w, https:\/\/carreras.uleam.edu.ec\/campus-tosagua\/wp-content\/uploads\/sites\/81\/2023\/02\/malla-enfermeria-chone-768x516.png 768w, https:\/\/carreras.uleam.edu.ec\/campus-tosagua\/wp-content\/uploads\/sites\/81\/2023\/02\/malla-enfermeria-chone-1536x1032.png 1536w, https:\/\/carreras.uleam.edu.ec\/campus-tosagua\/wp-content\/uploads\/sites\/81\/2023\/02\/malla-enfermeria-chone-2048x1376.png 2048w\" sizes=\"auto, (max-width: 1024px) 100vw, 1024px\" \/><\/a><\/p><\/div>\n\t\t\t\t\t\t\t\t\t<div class=\"elementor-tab-title elementor-tab-mobile-title\" aria-selected=\"false\" data-tab=\"3\" role=\"tab\" tabindex=\"-1\" aria-controls=\"elementor-tab-content-2023\" aria-expanded=\"false\">Docentes<\/div>\n\t\t\t\t\t<div id=\"elementor-tab-content-2023\" class=\"elementor-tab-content elementor-clearfix\" data-tab=\"3\" role=\"tabpanel\" aria-labelledby=\"elementor-tab-title-2023\" tabindex=\"0\" hidden=\"hidden\"><\/div>\n\t\t\t\t\t\t\t\t\t<div class=\"elementor-tab-title elementor-tab-mobile-title\" aria-selected=\"false\" data-tab=\"4\" role=\"tab\" tabindex=\"-1\" aria-controls=\"elementor-tab-content-2024\" aria-expanded=\"false\">Datos Generales<\/div>\n\t\t\t\t\t<div id=\"elementor-tab-content-2024\" class=\"elementor-tab-content elementor-clearfix\" data-tab=\"4\" role=\"tabpanel\" aria-labelledby=\"elementor-tab-title-2024\" tabindex=\"0\" hidden=\"hidden\"><div id=\"elementor-tab-content-2254\" class=\"elementor-tab-content elementor-clearfix elementor-active\" role=\"tabpanel\" data-tab=\"4\" aria-labelledby=\"elementor-tab-title-2254\"><p>\u00a0<\/p><p style=\"text-align: center\">Lic. Eddy Rigoberto Mendoza Rodr\u00edguez<\/p><p style=\"text-align: center\">\u00a0COORDINADOR DE CARRERA<\/p><p style=\"text-align: center\"><a href=\"mailto:eddy.mendoza@uleam.edu.ec\">eddy.mendoza@uleam.edu.ec<\/a><\/p><hr \/><p style=\"text-align: center\">Ing. Martha Cecilia Zambrano Andrade<\/p><p style=\"text-align: center\">SECRETARIA<\/p><p style=\"text-align: center\"><a href=\"mailto:martha.zambrano@uleam.edu.ec\">martha.zambrano@uleam.edu.ec<\/a><\/p><hr \/><p style=\"text-align: center\">HORARIO DE ATENCI\u00d3N<\/p><p style=\"text-align: center\">08:00 a 13:00 \/\u00a014:00 a 17:00<\/p><\/div><\/div>\n\t\t\t\t\t\t\t\t\t<div class=\"elementor-tab-title elementor-tab-mobile-title\" aria-selected=\"false\" data-tab=\"5\" role=\"tab\" tabindex=\"-1\" aria-controls=\"elementor-tab-content-2025\" aria-expanded=\"false\">Gesti\u00f3n y Proceso Estudiantil<\/div>\n\t\t\t\t\t<div id=\"elementor-tab-content-2025\" class=\"elementor-tab-content elementor-clearfix\" data-tab=\"5\" role=\"tabpanel\" aria-labelledby=\"elementor-tab-title-2025\" tabindex=\"0\" hidden=\"hidden\"><ul><li>\u21d2\u00a0Pr\u00e1cticas Pre-profesionales<\/li><li>\u21d2 <a href=\"https:\/\/carreras.uleam.edu.ec\/campus-tosagua\/wp-content\/uploads\/sites\/81\/2023\/05\/Extension-Chone-Comisiones-scaled.jpg\" target=\"_blank\" rel=\"noopener\">Comisiones<\/a><\/li><li>\u21d2 <a href=\"https:\/\/departamentos.uleam.edu.ec\/gestion-aseguramiento-calidad\/2019\/04\/08\/matricula\/\">Matr\u00edcula<\/a><\/li><li>\u21d2 <a href=\"https:\/\/departamentos.uleam.edu.ec\/gestion-aseguramiento-calidad\/reingreso-de-estudiantes\/\">Reingreso de estudiantes<\/a><\/li><li>\u21d2 <a href=\"https:\/\/departamentos.uleam.edu.ec\/gestion-aseguramiento-calidad\/homologacion-de-estudios-por-analisis-comparativo-de-contenidos\/\">Homologaci\u00f3n de Estudios por An\u00e1lisis \u00a0Comparativo de Contenidos<\/a><\/li><\/ul><\/div>\n\t\t\t\t\t\t\t<\/div>\n\t\t<\/div>\n\t\t\t\t<\/div>\n\t\t\t\t<\/div>\n\t\t\t\t\t<\/div>\n\t\t<\/div>\n\t\t\t\t\t\t\t<\/div>\n\t\t<\/section>\n\t\t\t\t\t\t<\/div>\n\t\t\t\t\t<\/div>\n\t\t","protected":false},"excerpt":{"rendered":"<p>Descripci\u00f3n General de la Carrera Malla Curricular Docentes Datos Generales Gesti\u00f3n y Proceso Estudiantil Descripci\u00f3n General de la Carrera NOMBRE DE LA CARRERA:\u00a0 \u00a0 \u00a0 \u00a0 \u00a0 \u00a0 \u00a0 \u00a0 \u00a0 \u00a0 \u00a0 ENFERMER\u00cdA TITULO QUE OTORGA:\u00a0 \u00a0 \u00a0 \u00a0 [&hellip;]<\/p>\n","protected":false},"author":7,"featured_media":0,"parent":0,"menu_order":0,"comment_status":"closed","ping_status":"closed","template":"","meta":{"_acf_changed":false,"footnotes":""},"class_list":["post-33","page","type-page","status-publish","hentry"],"acf":[],"_links":{"self":[{"href":"https:\/\/carreras.uleam.edu.ec\/campus-tosagua\/wp-json\/wp\/v2\/pages\/33","targetHints":{"allow":["GET"]}}],"collection":[{"href":"https:\/\/carreras.uleam.edu.ec\/campus-tosagua\/wp-json\/wp\/v2\/pages"}],"about":[{"href":"https:\/\/carreras.uleam.edu.ec\/campus-tosagua\/wp-json\/wp\/v2\/types\/page"}],"author":[{"embeddable":true,"href":"https:\/\/carreras.uleam.edu.ec\/campus-tosagua\/wp-json\/wp\/v2\/users\/7"}],"replies":[{"embeddable":true,"href":"https:\/\/carreras.uleam.edu.ec\/campus-tosagua\/wp-json\/wp\/v2\/comments?post=33"}],"version-history":[{"count":19,"href":"https:\/\/carreras.uleam.edu.ec\/campus-tosagua\/wp-json\/wp\/v2\/pages\/33\/revisions"}],"predecessor-version":[{"id":207,"href":"https:\/\/carreras.uleam.edu.ec\/campus-tosagua\/wp-json\/wp\/v2\/pages\/33\/revisions\/207"}],"wp:attachment":[{"href":"https:\/\/carreras.uleam.edu.ec\/campus-tosagua\/wp-json\/wp\/v2\/media?parent=33"}],"curies":[{"name":"wp","href":"https:\/\/api.w.org\/{rel}","templated":true}]}}