{"id":288,"date":"2025-12-05T00:46:15","date_gmt":"2025-12-04T23:46:15","guid":{"rendered":"https:\/\/carreras.uleam.edu.ec\/exposubastadearte\/?post_type=obra&#038;p=288"},"modified":"2025-12-05T17:03:35","modified_gmt":"2025-12-05T16:03:35","slug":"sumergidos","status":"publish","type":"obra","link":"https:\/\/carreras.uleam.edu.ec\/exposubastadearte\/obra\/sumergidos\/","title":{"rendered":"Sumergidos"},"content":{"rendered":"\n<p>La obra denuncia la indiferencia social y la fragilidad humana mediante la met\u00e1fora del pezgrande que devora al sujeto vulnerable, s\u00edmbolo de quienes son atrapados por la violencia, los problemas o la apat\u00eda. El pez peque\u00f1o, testigo pasivo, refleja la complicidad de quienesobservan sin actuar, mientras el objeto flotante representa soluciones ignoradas por miedoodesinter\u00e9s. La frase \u201cno le pares bola\u201d sintetiza la actitud que perpet\u00faa injusticias. El<br>mensaje es contundente: la empat\u00eda requiere acci\u00f3n, pues mirar sin intervenir solo alimentala indiferencia que consume a la sociedad.<\/p>\n\n\n\n<figure class=\"wp-block-gallery has-nested-images columns-default is-cropped wp-block-gallery-1 is-layout-flex wp-block-gallery-is-layout-flex\">\n<figure class=\"wp-block-image size-large\"><img loading=\"lazy\" decoding=\"async\" width=\"617\" height=\"830\" data-id=\"352\" src=\"https:\/\/carreras.uleam.edu.ec\/exposubastadearte\/wp-content\/uploads\/sites\/101\/2025\/12\/imagen_2025-12-05_110237301.png\" alt=\"\" class=\"wp-image-352\" srcset=\"https:\/\/carreras.uleam.edu.ec\/exposubastadearte\/wp-content\/uploads\/sites\/101\/2025\/12\/imagen_2025-12-05_110237301.png 617w, https:\/\/carreras.uleam.edu.ec\/exposubastadearte\/wp-content\/uploads\/sites\/101\/2025\/12\/imagen_2025-12-05_110237301-223x300.png 223w, https:\/\/carreras.uleam.edu.ec\/exposubastadearte\/wp-content\/uploads\/sites\/101\/2025\/12\/imagen_2025-12-05_110237301-595x800.png 595w\" sizes=\"auto, (max-width: 617px) 100vw, 617px\" \/><\/figure>\n<\/figure>\n","protected":false},"author":1063,"featured_media":352,"comment_status":"open","ping_status":"closed","template":"","meta":{"_acf_changed":false},"class_list":["post-288","obra","type-obra","status-publish","has-post-thumbnail","hentry"],"acf":[],"_links":{"self":[{"href":"https:\/\/carreras.uleam.edu.ec\/exposubastadearte\/wp-json\/wp\/v2\/obra\/288","targetHints":{"allow":["GET"]}}],"collection":[{"href":"https:\/\/carreras.uleam.edu.ec\/exposubastadearte\/wp-json\/wp\/v2\/obra"}],"about":[{"href":"https:\/\/carreras.uleam.edu.ec\/exposubastadearte\/wp-json\/wp\/v2\/types\/obra"}],"author":[{"embeddable":true,"href":"https:\/\/carreras.uleam.edu.ec\/exposubastadearte\/wp-json\/wp\/v2\/users\/1063"}],"replies":[{"embeddable":true,"href":"https:\/\/carreras.uleam.edu.ec\/exposubastadearte\/wp-json\/wp\/v2\/comments?post=288"}],"wp:featuredmedia":[{"embeddable":true,"href":"https:\/\/carreras.uleam.edu.ec\/exposubastadearte\/wp-json\/wp\/v2\/media\/352"}],"wp:attachment":[{"href":"https:\/\/carreras.uleam.edu.ec\/exposubastadearte\/wp-json\/wp\/v2\/media?parent=288"}],"curies":[{"name":"wp","href":"https:\/\/api.w.org\/{rel}","templated":true}]}}