{"id":383,"date":"2025-12-05T18:36:13","date_gmt":"2025-12-05T17:36:13","guid":{"rendered":"https:\/\/carreras.uleam.edu.ec\/exposubastadearte\/?post_type=obra&#038;p=383"},"modified":"2025-12-05T18:36:14","modified_gmt":"2025-12-05T17:36:14","slug":"vecinita-lleve-grano","status":"publish","type":"obra","link":"https:\/\/carreras.uleam.edu.ec\/exposubastadearte\/obra\/vecinita-lleve-grano\/","title":{"rendered":"Vecinita lleve grano"},"content":{"rendered":"\n<p>La obra surge del retrato de la cotidianidad Pillare\u00f1a en fiestas santas. Con una de las<br>fotograf\u00edas m\u00e1s ic\u00f3nicas del portafolio del artista y espont\u00e1neas del 2024, que en el presente<br>a\u00f1o se transforma a una nueva representaci\u00f3n, a trav\u00e9s del lienzo y los pigmentos, tomando<br>como referencia e inspiraci\u00f3n pict\u00f3rica el Indigenismo del Siglo XX.\u201c<br>La sonrisa que vende.<br>Que vende por el pan diario.<br>A diario con palabritas,<br>palabritas para la venta.<br>\u201cVecinita\u201d te dicen,<br>aunque no compartan la misma ciudad.<\/p>\n\n\n\n<p>\u00a1Lleve grano para la fanesca!<br>\u2026<br>Unos viajan para festejar y saludar,<br>otros para circular la econom\u00eda y subsistir.<br>-Con una sonrisa y la c\u00e1mara en mano-<br>\u201c\u00a1Vecinita lleve grano!\u201d.<\/p>\n\n\n\n<figure class=\"wp-block-gallery has-nested-images columns-default is-cropped wp-block-gallery-1 is-layout-flex wp-block-gallery-is-layout-flex\">\n<figure class=\"wp-block-image size-large\"><img loading=\"lazy\" decoding=\"async\" width=\"527\" height=\"825\" data-id=\"384\" src=\"https:\/\/carreras.uleam.edu.ec\/exposubastadearte\/wp-content\/uploads\/sites\/101\/2025\/12\/imagen_2025-12-05_123545309.png\" alt=\"\" class=\"wp-image-384\" srcset=\"https:\/\/carreras.uleam.edu.ec\/exposubastadearte\/wp-content\/uploads\/sites\/101\/2025\/12\/imagen_2025-12-05_123545309.png 527w, https:\/\/carreras.uleam.edu.ec\/exposubastadearte\/wp-content\/uploads\/sites\/101\/2025\/12\/imagen_2025-12-05_123545309-192x300.png 192w, https:\/\/carreras.uleam.edu.ec\/exposubastadearte\/wp-content\/uploads\/sites\/101\/2025\/12\/imagen_2025-12-05_123545309-511x800.png 511w\" sizes=\"auto, (max-width: 527px) 100vw, 527px\" \/><\/figure>\n<\/figure>\n\n\n\n<p><\/p>\n","protected":false},"author":1063,"featured_media":384,"comment_status":"open","ping_status":"closed","template":"","meta":{"_acf_changed":true},"class_list":["post-383","obra","type-obra","status-publish","has-post-thumbnail","hentry"],"acf":[],"_links":{"self":[{"href":"https:\/\/carreras.uleam.edu.ec\/exposubastadearte\/wp-json\/wp\/v2\/obra\/383","targetHints":{"allow":["GET"]}}],"collection":[{"href":"https:\/\/carreras.uleam.edu.ec\/exposubastadearte\/wp-json\/wp\/v2\/obra"}],"about":[{"href":"https:\/\/carreras.uleam.edu.ec\/exposubastadearte\/wp-json\/wp\/v2\/types\/obra"}],"author":[{"embeddable":true,"href":"https:\/\/carreras.uleam.edu.ec\/exposubastadearte\/wp-json\/wp\/v2\/users\/1063"}],"replies":[{"embeddable":true,"href":"https:\/\/carreras.uleam.edu.ec\/exposubastadearte\/wp-json\/wp\/v2\/comments?post=383"}],"wp:featuredmedia":[{"embeddable":true,"href":"https:\/\/carreras.uleam.edu.ec\/exposubastadearte\/wp-json\/wp\/v2\/media\/384"}],"wp:attachment":[{"href":"https:\/\/carreras.uleam.edu.ec\/exposubastadearte\/wp-json\/wp\/v2\/media?parent=383"}],"curies":[{"name":"wp","href":"https:\/\/api.w.org\/{rel}","templated":true}]}}