{"id":16,"date":"2022-09-09T01:57:34","date_gmt":"2022-09-09T01:57:34","guid":{"rendered":"https:\/\/carreras.uleam.edu.ec\/extension-el-carmen\/?page_id=16"},"modified":"2025-03-14T21:23:28","modified_gmt":"2025-03-14T21:23:28","slug":"carrera-de-licenciatura-en-administracion-de-empresas-extension-el-carmen","status":"publish","type":"page","link":"https:\/\/carreras.uleam.edu.ec\/extension-el-carmen\/carrera-de-licenciatura-en-administracion-de-empresas-extension-el-carmen\/","title":{"rendered":"Carrera Administraci\u00f3n de Empresas"},"content":{"rendered":"\t\t<div data-elementor-type=\"wp-page\" data-elementor-id=\"16\" class=\"elementor elementor-16\" data-elementor-settings=\"[]\">\n\t\t\t\t\t\t\t<div class=\"elementor-section-wrap\">\n\t\t\t\t\t\t\t<section class=\"elementor-section elementor-top-section elementor-element elementor-element-003ba4f elementor-section-boxed elementor-section-height-default elementor-section-height-default\" data-id=\"003ba4f\" data-element_type=\"section\">\n\t\t\t\t\t\t<div class=\"elementor-container elementor-column-gap-default\">\n\t\t\t\t\t<div class=\"elementor-column elementor-col-100 elementor-top-column elementor-element elementor-element-ff77db3\" data-id=\"ff77db3\" data-element_type=\"column\">\n\t\t\t<div class=\"elementor-widget-wrap elementor-element-populated\">\n\t\t\t\t\t\t\t\t<div class=\"elementor-element elementor-element-9bd274c elementor-tabs-view-horizontal elementor-widget elementor-widget-tabs\" data-id=\"9bd274c\" data-element_type=\"widget\" data-widget_type=\"tabs.default\">\n\t\t\t\t<div class=\"elementor-widget-container\">\n\t\t\t\t\t<div class=\"elementor-tabs\">\n\t\t\t<div class=\"elementor-tabs-wrapper\" role=\"tablist\" >\n\t\t\t\t\t\t\t\t\t<div id=\"elementor-tab-title-1631\" class=\"elementor-tab-title elementor-tab-desktop-title\" aria-selected=\"true\" data-tab=\"1\" role=\"tab\" tabindex=\"0\" aria-controls=\"elementor-tab-content-1631\" aria-expanded=\"false\">Descripci\u00f3n General de la Carrera<\/div>\n\t\t\t\t\t\t\t\t\t<div id=\"elementor-tab-title-1632\" class=\"elementor-tab-title elementor-tab-desktop-title\" aria-selected=\"false\" data-tab=\"2\" role=\"tab\" tabindex=\"-1\" aria-controls=\"elementor-tab-content-1632\" aria-expanded=\"false\">Malla Curricular<\/div>\n\t\t\t\t\t\t\t\t\t<div id=\"elementor-tab-title-1633\" class=\"elementor-tab-title elementor-tab-desktop-title\" aria-selected=\"false\" data-tab=\"3\" role=\"tab\" tabindex=\"-1\" aria-controls=\"elementor-tab-content-1633\" aria-expanded=\"false\">Docentes<\/div>\n\t\t\t\t\t\t\t\t\t<div id=\"elementor-tab-title-1634\" class=\"elementor-tab-title elementor-tab-desktop-title\" aria-selected=\"false\" data-tab=\"4\" role=\"tab\" tabindex=\"-1\" aria-controls=\"elementor-tab-content-1634\" aria-expanded=\"false\">Datos Generales<\/div>\n\t\t\t\t\t\t\t\t\t<div id=\"elementor-tab-title-1635\" class=\"elementor-tab-title elementor-tab-desktop-title\" aria-selected=\"false\" data-tab=\"5\" role=\"tab\" tabindex=\"-1\" aria-controls=\"elementor-tab-content-1635\" aria-expanded=\"false\">Gesti\u00f3n y Proceso Estudiantil<\/div>\n\t\t\t\t\t\t\t<\/div>\n\t\t\t<div class=\"elementor-tabs-content-wrapper\" role=\"tablist\" aria-orientation=\"vertical\">\n\t\t\t\t\t\t\t\t\t<div class=\"elementor-tab-title elementor-tab-mobile-title\" aria-selected=\"true\" data-tab=\"1\" role=\"tab\" tabindex=\"0\" aria-controls=\"elementor-tab-content-1631\" aria-expanded=\"false\">Descripci\u00f3n General de la Carrera<\/div>\n\t\t\t\t\t<div id=\"elementor-tab-content-1631\" class=\"elementor-tab-content elementor-clearfix\" data-tab=\"1\" role=\"tabpanel\" aria-labelledby=\"elementor-tab-title-1631\" tabindex=\"0\" hidden=\"false\"><p>Nombre de la Carrera:\u00a0 \u00a0 \u00a0 \u00a0 \u00a0 \u00a0 \u00a0 \u00a0 \u00a0 \u00a0 \u00a0 Administraci\u00f3n de empresas<\/p><p>T\u00edtulo que otorga:\u00a0 \u00a0 \u00a0 \u00a0 \u00a0 \u00a0 \u00a0 \u00a0 \u00a0 \u00a0 \u00a0 \u00a0 \u00a0 \u00a0 \u00a0 Licenciado\/a en Administraci\u00f3n de Empresas<\/p><p>Modalidad de aprendizaje:\u00a0 \u00a0 \u00a0 \u00a0 \u00a0 \u00a0 \u00a0 Presencial<\/p><p>N\u00famero de per\u00edodos ordinarios:\u00a0 \u00a0 \u00a08<\/p><p>Objetivo general:\u00a0\u00a0\u00a0\u00a0\u00a0\u00a0\u00a0\u00a0\u00a0\u00a0\u00a0<\/p><ul><li>Formar profesionales competentes para desarrollar soluciones estrat\u00e9gicas adecuadas a problemas organizacionales, de recursos humanos, financieros, de mercadotecnia y de operaciones, a trav\u00e9s de la gesti\u00f3n de nuevos proyectos empresariales orientados desde una visi\u00f3n epistemol\u00f3gica, aplicando conocimientos cient\u00edficos, t\u00e9cnicos y human\u00edsticos; con \u00e9tica y comprometidos con el desarrollo sustentable y tecnol\u00f3gico de la zona 4 de la\u00a0 Rep\u00fablica del Ecuador<\/li><\/ul><p>Perfil de ingreso:\u00a0\u00a0\u00a0<\/p><p>\u00a0\u00a0\u00a0\u00a0\u00a0\u00a0\u00a0\u00a0\u00a0 El aspirante a esta carrera deber\u00e1 caracterizarse por tener que:<\/p><ul><li>Actuar como ciudadano responsable y coherente con el desarrollo del pa\u00eds<\/li><li>Manejar sus emociones en la interrelaci\u00f3n social actual<\/li><li>Emprender de acuerdo con las necesidades y oportunidades de la zona 4<\/li><li>Aprender el desarrollo de responsabilidades empresariales<\/li><li>Comunicarse efectivamente con el entorno social, pol\u00edtico y econ\u00f3mico<\/li><li>Utilizar herramientas tecnol\u00f3gicas reflexiva y pragm\u00e1ticamente cuidando el medioambiente<\/li><li>Actuar como ciudadano responsable<\/li><li>Cuidar de su salud y bienestar personal<\/li><\/ul><p>Estas habilidades se eval\u00faan a trav\u00e9s del Sistema Nacional de Nivelaci\u00f3n y Admisi\u00f3n en el examen integrado Ser Bachiller o el mecanismo que a futuro se considere para el proceso.<\/p><p>Requisitos de ingreso:\u00a0\u00a0<\/p><ul><li>Poseer t\u00edtulo de bachiller o su equivalente, de conformidad con la Ley.<\/li><li>Haber cumplido los requisitos normados por el Sistema de Nivelaci\u00f3n y Admisi\u00f3n, el mismo que observar\u00e1 los principios de igualdad de oportunidades, m\u00e9rito y capacidad.<\/li><li>Cumplir con la entrega de documentaci\u00f3n personal y habilitante en Secretar\u00eda General<\/li><li>En casos especiales, certificados de reconocimiento y homologaci\u00f3n de estudios de otras IES de conformidad con el Art\u00edculo 63 y 64 del Reglamento de R\u00e9gimen Acad\u00e9mico.<\/li><\/ul><p>Requisitos de graduaci\u00f3n:\u00a0<\/p><ul><li>Haber aprobado la malla curricular incluyendo las pr\u00e1cticas preprofesionales y vinculaci\u00f3n con la colectividad.<\/li><li>Haber aprobado una modalidad de titulaci\u00f3n dentro de lo establecido en las normativas institucionales.<\/li><li>Acreditar suficiencia en la competencia comunicativa a nivel B1 \u2013 MCER. (revisar anexo de responsabilidad institucional)<\/li><\/ul><p>Modalidades de titulaci\u00f3n:\u00a0\u00a0<\/p><ul><li>Desarrollo de un trabajo de integraci\u00f3n curricular<\/li><\/ul><p>Campo Ocupacional\u00a0\u00a0\u00a0<\/p><ul><li>El profesional podr\u00e1 ejercer de manera individual o asociado en organizaciones de tama\u00f1o micro, peque\u00f1o, mediano o grande, p\u00fablicas o privadas, nacionales y\/o internacionales que se encuentren vinculadas al sector comercial y agroalimentario y de identidad al sistema de producci\u00f3n del sector y del pa\u00eds, tanto en la producci\u00f3n, transformaci\u00f3n y\/o comercializaci\u00f3n de bienes y servicios relacionados con toda actividad de negocio y empresarial. En adici\u00f3n, implementa estrategias que le permitan diagnosticar, planear, administrar, organizar y\/o dirigir Unidades de negocios, peque\u00f1as y medianas empresas, teniendo \u00e9nfasis en las actividades de gesti\u00f3n, administraci\u00f3n y comercializaci\u00f3n de bienes y servicios. As\u00ed, su vinculaci\u00f3n efectiva al campo laboral circunda en organizaciones urbanas o rurales, regionales, nacionales y transnacionales que operen en el pa\u00eds en todos los sectores empresariales, tanto a nivel local, regional o nacional, e inclusive podr\u00e1 crear su propia empresa vinculada con las actividades del sector.<\/li><\/ul><\/div>\n\t\t\t\t\t\t\t\t\t<div class=\"elementor-tab-title elementor-tab-mobile-title\" aria-selected=\"false\" data-tab=\"2\" role=\"tab\" tabindex=\"-1\" aria-controls=\"elementor-tab-content-1632\" aria-expanded=\"false\">Malla Curricular<\/div>\n\t\t\t\t\t<div id=\"elementor-tab-content-1632\" class=\"elementor-tab-content elementor-clearfix\" data-tab=\"2\" role=\"tabpanel\" aria-labelledby=\"elementor-tab-title-1632\" tabindex=\"0\" hidden=\"hidden\"><p><a href=\"https:\/\/carreras.uleam.edu.ec\/extension-el-carmen\/wp-content\/uploads\/sites\/79\/2023\/01\/MALLA-ADMINISTRACION.pdf\" target=\"_blank\" rel=\"noopener\"><img loading=\"lazy\" decoding=\"async\" class=\"alignnone wp-image-195 size-large\" src=\"https:\/\/carreras.uleam.edu.ec\/extension-el-carmen\/wp-content\/uploads\/sites\/79\/2023\/01\/malla-administracion-1024x724.png\" alt=\"\" width=\"1024\" height=\"724\" srcset=\"https:\/\/carreras.uleam.edu.ec\/extension-el-carmen\/wp-content\/uploads\/sites\/79\/2023\/01\/malla-administracion-1024x724.png 1024w, https:\/\/carreras.uleam.edu.ec\/extension-el-carmen\/wp-content\/uploads\/sites\/79\/2023\/01\/malla-administracion-300x212.png 300w, https:\/\/carreras.uleam.edu.ec\/extension-el-carmen\/wp-content\/uploads\/sites\/79\/2023\/01\/malla-administracion-768x543.png 768w, https:\/\/carreras.uleam.edu.ec\/extension-el-carmen\/wp-content\/uploads\/sites\/79\/2023\/01\/malla-administracion-1536x1086.png 1536w, https:\/\/carreras.uleam.edu.ec\/extension-el-carmen\/wp-content\/uploads\/sites\/79\/2023\/01\/malla-administracion-2048x1447.png 2048w\" sizes=\"auto, (max-width: 1024px) 100vw, 1024px\" \/><\/a><\/p><\/div>\n\t\t\t\t\t\t\t\t\t<div class=\"elementor-tab-title elementor-tab-mobile-title\" aria-selected=\"false\" data-tab=\"3\" role=\"tab\" tabindex=\"-1\" aria-controls=\"elementor-tab-content-1633\" aria-expanded=\"false\">Docentes<\/div>\n\t\t\t\t\t<div id=\"elementor-tab-content-1633\" class=\"elementor-tab-content elementor-clearfix\" data-tab=\"3\" role=\"tabpanel\" aria-labelledby=\"elementor-tab-title-1633\" tabindex=\"0\" hidden=\"hidden\"><ul><li>Ana Maribel Zambrano Vera. Mg.<\/li><li>Luis Andrey Aguilar Tapia Mg.<\/li><li>Anny Marllely Vasconez Arteaga Mg.<\/li><li>Marlon Paul Serrano Valdiviezo<\/li><li>Alexandra Auxiliadora Mendoza Vera<\/li><\/ul><\/div>\n\t\t\t\t\t\t\t\t\t<div class=\"elementor-tab-title elementor-tab-mobile-title\" aria-selected=\"false\" data-tab=\"4\" role=\"tab\" tabindex=\"-1\" aria-controls=\"elementor-tab-content-1634\" aria-expanded=\"false\">Datos Generales<\/div>\n\t\t\t\t\t<div id=\"elementor-tab-content-1634\" class=\"elementor-tab-content elementor-clearfix\" data-tab=\"4\" role=\"tabpanel\" aria-labelledby=\"elementor-tab-title-1634\" tabindex=\"0\" hidden=\"hidden\"><p style=\"text-align: center\">Lcdo. Richard Fernando Hurtado Guevara Mg.<\/p><p style=\"text-align: center\">COORDINADOR DE CARRERA<\/p><p style=\"text-align: center\"><a href=\"mailto:richard.hurtado@uleam.edu.ec\">richard.hurtado@uleam.edu.ec<\/a><\/p><hr \/><p style=\"text-align: center\">Ing. Ang\u00e9lica Hern\u00e1ndez Pati\u00f1o<\/p><p style=\"text-align: center\">SECRETARIA<\/p><p style=\"text-align: center\"><a href=\"mailto:ang\u00e9lica.hernandez@uleam.edu.ec\">ang\u00e9lica.hernandez@uleam.edu.ec<\/a><\/p><hr \/><p style=\"text-align: center\"><strong>HORARIOS DE ATENCI\u00d3N:<\/strong><\/p><p style=\"text-align: center\">08:00 a 13:00 &#8211; 14:00 a 17:00<\/p><\/div>\n\t\t\t\t\t\t\t\t\t<div class=\"elementor-tab-title elementor-tab-mobile-title\" aria-selected=\"false\" data-tab=\"5\" role=\"tab\" tabindex=\"-1\" aria-controls=\"elementor-tab-content-1635\" aria-expanded=\"false\">Gesti\u00f3n y Proceso Estudiantil<\/div>\n\t\t\t\t\t<div id=\"elementor-tab-content-1635\" class=\"elementor-tab-content elementor-clearfix\" data-tab=\"5\" role=\"tabpanel\" aria-labelledby=\"elementor-tab-title-1635\" tabindex=\"0\" hidden=\"hidden\"><div id=\"elementor-tab-content-1355\" class=\"elementor-tab-content elementor-clearfix elementor-active\" role=\"tabpanel\" data-tab=\"5\" aria-labelledby=\"elementor-tab-title-1355\"><p>\u00a0<\/p><ul><li>\u21d2\u00a0Pr\u00e1cticas Pre-profesionales<\/li><li>\u21d2 <a href=\"https:\/\/departamentos.uleam.edu.ec\/gestion-aseguramiento-calidad\/2019\/04\/08\/matricula\/\">Matr\u00edcula<\/a><\/li><li>\u21d2 <a href=\"https:\/\/departamentos.uleam.edu.ec\/gestion-aseguramiento-calidad\/reingreso-de-estudiantes\/\">Reingreso de estudiantes<\/a><\/li><li>\u21d2 <a href=\"https:\/\/departamentos.uleam.edu.ec\/gestion-aseguramiento-calidad\/homologacion-de-estudios-por-analisis-comparativo-de-contenidos\/\">Homologaci\u00f3n de Estudios por An\u00e1lisis Comparativo de Contenidos<\/a><\/li><\/ul><\/div><\/div>\n\t\t\t\t\t\t\t<\/div>\n\t\t<\/div>\n\t\t\t\t<\/div>\n\t\t\t\t<\/div>\n\t\t\t\t\t<\/div>\n\t\t<\/div>\n\t\t\t\t\t\t\t<\/div>\n\t\t<\/section>\n\t\t\t\t\t\t<\/div>\n\t\t\t\t\t<\/div>\n\t\t","protected":false},"excerpt":{"rendered":"<p>Descripci\u00f3n General de la Carrera Malla Curricular Docentes Datos Generales Gesti\u00f3n y Proceso Estudiantil Descripci\u00f3n General de la Carrera Nombre de la Carrera:\u00a0 \u00a0 \u00a0 \u00a0 \u00a0 \u00a0 \u00a0 \u00a0 \u00a0 \u00a0 \u00a0 Administraci\u00f3n de empresas T\u00edtulo que otorga:\u00a0 \u00a0 [&hellip;]<\/p>\n","protected":false},"author":7,"featured_media":0,"parent":0,"menu_order":0,"comment_status":"closed","ping_status":"closed","template":"","meta":{"_acf_changed":false,"footnotes":""},"class_list":["post-16","page","type-page","status-publish","hentry"],"acf":[],"_links":{"self":[{"href":"https:\/\/carreras.uleam.edu.ec\/extension-el-carmen\/wp-json\/wp\/v2\/pages\/16","targetHints":{"allow":["GET"]}}],"collection":[{"href":"https:\/\/carreras.uleam.edu.ec\/extension-el-carmen\/wp-json\/wp\/v2\/pages"}],"about":[{"href":"https:\/\/carreras.uleam.edu.ec\/extension-el-carmen\/wp-json\/wp\/v2\/types\/page"}],"author":[{"embeddable":true,"href":"https:\/\/carreras.uleam.edu.ec\/extension-el-carmen\/wp-json\/wp\/v2\/users\/7"}],"replies":[{"embeddable":true,"href":"https:\/\/carreras.uleam.edu.ec\/extension-el-carmen\/wp-json\/wp\/v2\/comments?post=16"}],"version-history":[{"count":36,"href":"https:\/\/carreras.uleam.edu.ec\/extension-el-carmen\/wp-json\/wp\/v2\/pages\/16\/revisions"}],"predecessor-version":[{"id":539,"href":"https:\/\/carreras.uleam.edu.ec\/extension-el-carmen\/wp-json\/wp\/v2\/pages\/16\/revisions\/539"}],"wp:attachment":[{"href":"https:\/\/carreras.uleam.edu.ec\/extension-el-carmen\/wp-json\/wp\/v2\/media?parent=16"}],"curies":[{"name":"wp","href":"https:\/\/api.w.org\/{rel}","templated":true}]}}