{"id":18,"date":"2022-09-09T01:58:26","date_gmt":"2022-09-09T01:58:26","guid":{"rendered":"https:\/\/carreras.uleam.edu.ec\/extension-el-carmen\/?page_id=18"},"modified":"2025-03-14T21:37:55","modified_gmt":"2025-03-14T21:37:55","slug":"carrera-de-lngenieria-en-software-extension-el-carmen","status":"publish","type":"page","link":"https:\/\/carreras.uleam.edu.ec\/extension-el-carmen\/carrera-de-lngenieria-en-software-extension-el-carmen\/","title":{"rendered":"Carrera Software"},"content":{"rendered":"\t\t<div data-elementor-type=\"wp-page\" data-elementor-id=\"18\" class=\"elementor elementor-18\" data-elementor-settings=\"[]\">\n\t\t\t\t\t\t\t<div class=\"elementor-section-wrap\">\n\t\t\t\t\t\t\t<section class=\"elementor-section elementor-top-section elementor-element elementor-element-486d606 elementor-section-boxed elementor-section-height-default elementor-section-height-default\" data-id=\"486d606\" data-element_type=\"section\">\n\t\t\t\t\t\t<div class=\"elementor-container elementor-column-gap-default\">\n\t\t\t\t\t<div class=\"elementor-column elementor-col-100 elementor-top-column elementor-element elementor-element-4c40e23\" data-id=\"4c40e23\" data-element_type=\"column\">\n\t\t\t<div class=\"elementor-widget-wrap elementor-element-populated\">\n\t\t\t\t\t\t\t\t<div class=\"elementor-element elementor-element-7087d6e elementor-tabs-view-horizontal elementor-widget elementor-widget-tabs\" data-id=\"7087d6e\" data-element_type=\"widget\" data-widget_type=\"tabs.default\">\n\t\t\t\t<div class=\"elementor-widget-container\">\n\t\t\t\t\t<div class=\"elementor-tabs\">\n\t\t\t<div class=\"elementor-tabs-wrapper\" role=\"tablist\" >\n\t\t\t\t\t\t\t\t\t<div id=\"elementor-tab-title-1171\" class=\"elementor-tab-title elementor-tab-desktop-title\" aria-selected=\"true\" data-tab=\"1\" role=\"tab\" tabindex=\"0\" aria-controls=\"elementor-tab-content-1171\" aria-expanded=\"false\">Descripci\u00f3n General de la Carrera<\/div>\n\t\t\t\t\t\t\t\t\t<div id=\"elementor-tab-title-1172\" class=\"elementor-tab-title elementor-tab-desktop-title\" aria-selected=\"false\" data-tab=\"2\" role=\"tab\" tabindex=\"-1\" aria-controls=\"elementor-tab-content-1172\" aria-expanded=\"false\">Malla Curricular<\/div>\n\t\t\t\t\t\t\t\t\t<div id=\"elementor-tab-title-1173\" class=\"elementor-tab-title elementor-tab-desktop-title\" aria-selected=\"false\" data-tab=\"3\" role=\"tab\" tabindex=\"-1\" aria-controls=\"elementor-tab-content-1173\" aria-expanded=\"false\">Docentes<\/div>\n\t\t\t\t\t\t\t\t\t<div id=\"elementor-tab-title-1174\" class=\"elementor-tab-title elementor-tab-desktop-title\" aria-selected=\"false\" data-tab=\"4\" role=\"tab\" tabindex=\"-1\" aria-controls=\"elementor-tab-content-1174\" aria-expanded=\"false\">Datos Generales<\/div>\n\t\t\t\t\t\t\t\t\t<div id=\"elementor-tab-title-1175\" class=\"elementor-tab-title elementor-tab-desktop-title\" aria-selected=\"false\" data-tab=\"5\" role=\"tab\" tabindex=\"-1\" aria-controls=\"elementor-tab-content-1175\" aria-expanded=\"false\">Gesti\u00f3n y Proceso Estudiantil<\/div>\n\t\t\t\t\t\t\t<\/div>\n\t\t\t<div class=\"elementor-tabs-content-wrapper\" role=\"tablist\" aria-orientation=\"vertical\">\n\t\t\t\t\t\t\t\t\t<div class=\"elementor-tab-title elementor-tab-mobile-title\" aria-selected=\"true\" data-tab=\"1\" role=\"tab\" tabindex=\"0\" aria-controls=\"elementor-tab-content-1171\" aria-expanded=\"false\">Descripci\u00f3n General de la Carrera<\/div>\n\t\t\t\t\t<div id=\"elementor-tab-content-1171\" class=\"elementor-tab-content elementor-clearfix\" data-tab=\"1\" role=\"tabpanel\" aria-labelledby=\"elementor-tab-title-1171\" tabindex=\"0\" hidden=\"false\"><p>Nombre de la Carrera:\u00a0 \u00a0 \u00a0 \u00a0 \u00a0 \u00a0 \u00a0 \u00a0 \u00a0 \u00a0 \u00a0Software<\/p><p>T\u00edtulo que otorga:\u00a0 \u00a0 \u00a0 \u00a0 \u00a0 \u00a0 \u00a0 \u00a0 \u00a0 \u00a0 \u00a0 \u00a0 \u00a0 \u00a0 \u00a0Ingeniero\/a de Software<\/p><p>Modalidad de aprendizaje:\u00a0 \u00a0 \u00a0 \u00a0 \u00a0 \u00a0 \u00a0 Presencial<\/p><p>N\u00famero de per\u00edodos ordinarios:\u00a0 \u00a0 \u00a08<\/p><p>Objetivo general:<\/p><ul><li>Formar Ingenieros de software que a partir del desarrollo de software, datos, redes y gesti\u00f3n de proyectos que contribuyan al desarrollo de las TIC, a la generaci\u00f3n de la riqueza nacional, al incremento de las exportaciones de alta, media y baja intensidad tecnol\u00f3gica al mejoramiento continuo-sist\u00e9mico de las organizaciones con \u00e9tica y responsabilidad social.<\/li><\/ul><p>Perfil de ingreso:<\/p><p>El aspirante a esta carrera deber\u00e1 caracterizarse por tener:<\/p><ul><li>Inter\u00e9s general por el manejo y uso de la computadora, dispositivos m\u00f3viles y dem\u00e1s dispositivos inform\u00e1ticos, as\u00ed como de su software.<\/li><li>Capacidad de an\u00e1lisis, s\u00edntesis y abstracci\u00f3n.<\/li><li>Predisposici\u00f3n para trabajar en actividades cient\u00edficas y acad\u00e9micas.<\/li><li>Habilidad para trabajar en grupo de manera cort\u00e9s y comprometida.<\/li><li>Actitud responsable con compromiso social para el mejoramiento de la calidad de vida de la poblaci\u00f3n.<\/li><\/ul><p>Requisitos de ingreso:\u00a0\u00a0<\/p><ul><li>Poseer t\u00edtulo de bachiller o su equivalente, de conformidad con la Ley<\/li><li>Haber cumplido los requisitos normados por el Sistema de Nivelaci\u00f3n y Admisi\u00f3n<\/li><li>Cumplir con la entrega de documentaci\u00f3n personal y habilitante en la secretar\u00eda general de la Universidad.<\/li><li>Para casos de movilidad interna o externa cumplir con los requisitos establecidos en el Art. 96 del Reglamento de R\u00e9gimen Acad\u00e9mico para cambios.<\/li><\/ul><p>Requisitos de graduaci\u00f3n:\u00a0<\/p><ul><li>Haber aprobado las asignaturas de las unidades b\u00e1sica y profesional del plan curricular de la carrera.<\/li><li>Acreditar nivel de suficiencia B1 en un idioma extranjero por medio del certificado emitido u homologado por el Instituto de idiomas de la Universidad en sus diferentes modalidades: Cursos complementarios o Convenio con Institutos acreditados<\/li><li>Aprobar el trabajo de integraci\u00f3n curricular de conformidad con lo establecido en el Reglamento Interno de R\u00e9gimen Acad\u00e9mico.<\/li><li>Acreditar el cumplimiento de los requisitos de titulaci\u00f3n establecidos en la LOES: pr\u00e1cticas laborales y de servicio comunitario seg\u00fan lo aprobado en el proyecto de carrera<\/li><\/ul><p>Modalidades de titulaci\u00f3n:<\/p><ul><li>Desarrollo de un trabajo de integraci\u00f3n curricular<\/li><li>Examen complexivo<\/li><\/ul><p>Campo Ocupacional\u00a0 \u00a0 \u00a0 \u00a0<\/p><ul><li>Gestor y administrador de bases de datos, datos y aplicaciones interconectadas;<\/li><li>Adaptador de aplicaciones a sistemas distribuidos;<\/li><li>Gestor de seguridad inform\u00e1tica.<\/li><\/ul><\/div>\n\t\t\t\t\t\t\t\t\t<div class=\"elementor-tab-title elementor-tab-mobile-title\" aria-selected=\"false\" data-tab=\"2\" role=\"tab\" tabindex=\"-1\" aria-controls=\"elementor-tab-content-1172\" aria-expanded=\"false\">Malla Curricular<\/div>\n\t\t\t\t\t<div id=\"elementor-tab-content-1172\" class=\"elementor-tab-content elementor-clearfix\" data-tab=\"2\" role=\"tabpanel\" aria-labelledby=\"elementor-tab-title-1172\" tabindex=\"0\" hidden=\"hidden\"><p><a href=\"https:\/\/carreras.uleam.edu.ec\/extension-el-carmen\/wp-content\/uploads\/sites\/79\/2023\/01\/MALLA-DE-SOFTWARE-2022-09..pdf\" target=\"_blank\" rel=\"noopener\"><img loading=\"lazy\" decoding=\"async\" class=\"alignnone wp-image-484 size-large\" src=\"https:\/\/carreras.uleam.edu.ec\/extension-el-carmen\/wp-content\/uploads\/sites\/79\/2023\/02\/malla-softwarwe-1024x724.png\" alt=\"\" width=\"1024\" height=\"724\" srcset=\"https:\/\/carreras.uleam.edu.ec\/extension-el-carmen\/wp-content\/uploads\/sites\/79\/2023\/02\/malla-softwarwe-1024x724.png 1024w, https:\/\/carreras.uleam.edu.ec\/extension-el-carmen\/wp-content\/uploads\/sites\/79\/2023\/02\/malla-softwarwe-300x212.png 300w, https:\/\/carreras.uleam.edu.ec\/extension-el-carmen\/wp-content\/uploads\/sites\/79\/2023\/02\/malla-softwarwe-768x543.png 768w, https:\/\/carreras.uleam.edu.ec\/extension-el-carmen\/wp-content\/uploads\/sites\/79\/2023\/02\/malla-softwarwe-1536x1086.png 1536w, https:\/\/carreras.uleam.edu.ec\/extension-el-carmen\/wp-content\/uploads\/sites\/79\/2023\/02\/malla-softwarwe-2048x1447.png 2048w\" sizes=\"auto, (max-width: 1024px) 100vw, 1024px\" \/><\/a><\/p><\/div>\n\t\t\t\t\t\t\t\t\t<div class=\"elementor-tab-title elementor-tab-mobile-title\" aria-selected=\"false\" data-tab=\"3\" role=\"tab\" tabindex=\"-1\" aria-controls=\"elementor-tab-content-1173\" aria-expanded=\"false\">Docentes<\/div>\n\t\t\t\t\t<div id=\"elementor-tab-content-1173\" class=\"elementor-tab-content elementor-clearfix\" data-tab=\"3\" role=\"tabpanel\" aria-labelledby=\"elementor-tab-title-1173\" tabindex=\"0\" hidden=\"hidden\"><ul><li>Ing. Ar\u00e9valo Hermida R\u00f3mulo Danilo, Mg<\/li><li>Ing. L\u00f3pez Rodr\u00edguez Carlos Vinicio, Mg<\/li><li>Ing. Mendoza Vera Alexandra Auxiliadora, Mg.<\/li><li>Ing. Mendoza Villamar Rocio Alexandra, Mg.<\/li><li>Ing. Minaya Macias Renelmo Wladimir, Mg.<\/li><li>Ing. Mora Marcillo Alex Bladimir, Mg.<\/li><li>Ing. Pozo Hern\u00e1ndez Clara Guadalupe, Mg<\/li><li>Ing. Quiroz Valencia Arturo Patricio, Mg<\/li><li>Ing. Reascos Pinchao Ra\u00fal Saed, Mg<\/li><li>Ing. Serrano Valdiviezo Marlon Paul, Mg<\/li><li>Ing. Sinchiguano Chiriboga C\u00e9sar Augusto, Mg.<\/li><li>Ing. Tapia Gaibor Christian Roberto, Mg<\/li><li>Ing. Zambrano Quiroz Mar\u00eda Soraida, Mg<\/li><\/ul><\/div>\n\t\t\t\t\t\t\t\t\t<div class=\"elementor-tab-title elementor-tab-mobile-title\" aria-selected=\"false\" data-tab=\"4\" role=\"tab\" tabindex=\"-1\" aria-controls=\"elementor-tab-content-1174\" aria-expanded=\"false\">Datos Generales<\/div>\n\t\t\t\t\t<div id=\"elementor-tab-content-1174\" class=\"elementor-tab-content elementor-clearfix\" data-tab=\"4\" role=\"tabpanel\" aria-labelledby=\"elementor-tab-title-1174\" tabindex=\"0\" hidden=\"hidden\"><ul><li style=\"text-align: center\">Ing. Alexandra Mendoza Vera<\/li><li style=\"text-align: center\">COORDINADORA DE CARRERA<\/li><li style=\"text-align: center\"><a href=\"mailto:alexandra.mendoza@uleam.edu.ec\">alexandra.mendoza@uleam.edu.ec<\/a><\/li><\/ul><hr \/><ul style=\"text-align: center\"><li>Cisne Mar\u00eda LLano V\u00e9lez<\/li><li>SECRETARIA<\/li><li><a href=\"mailto:cisne.llano@uleam.edu.ec\">cisne.llano@uleam.edu.ec<\/a><\/li><\/ul><hr \/><ul><li style=\"text-align: center\">HORARIOS DE ATENCI\u00d3N:<\/li><li style=\"text-align: center\">08:00 a 13:00 \u2013 14:00 a 17:00<\/li><\/ul><\/div>\n\t\t\t\t\t\t\t\t\t<div class=\"elementor-tab-title elementor-tab-mobile-title\" aria-selected=\"false\" data-tab=\"5\" role=\"tab\" tabindex=\"-1\" aria-controls=\"elementor-tab-content-1175\" aria-expanded=\"false\">Gesti\u00f3n y Proceso Estudiantil<\/div>\n\t\t\t\t\t<div id=\"elementor-tab-content-1175\" class=\"elementor-tab-content elementor-clearfix\" data-tab=\"5\" role=\"tabpanel\" aria-labelledby=\"elementor-tab-title-1175\" tabindex=\"0\" hidden=\"hidden\"><ul><li>\u21d2\u00a0Pr\u00e1cticas Pre-profesionales<\/li><li>\u21d2 <a href=\"https:\/\/departamentos.uleam.edu.ec\/gestion-aseguramiento-calidad\/2019\/04\/08\/matricula\/\">Matr\u00edcula<\/a><\/li><li>\u21d2 <a href=\"https:\/\/departamentos.uleam.edu.ec\/gestion-aseguramiento-calidad\/reingreso-de-estudiantes\/\">Reingreso de estudiantes<\/a><\/li><li>\u21d2 <a href=\"https:\/\/departamentos.uleam.edu.ec\/gestion-aseguramiento-calidad\/homologacion-de-estudios-por-analisis-comparativo-de-contenidos\/\">Homologaci\u00f3n de Estudios por An\u00e1lisis Comparativo de Contenidos<\/a><\/li><\/ul><\/div>\n\t\t\t\t\t\t\t<\/div>\n\t\t<\/div>\n\t\t\t\t<\/div>\n\t\t\t\t<\/div>\n\t\t\t\t\t<\/div>\n\t\t<\/div>\n\t\t\t\t\t\t\t<\/div>\n\t\t<\/section>\n\t\t\t\t\t\t<\/div>\n\t\t\t\t\t<\/div>\n\t\t","protected":false},"excerpt":{"rendered":"<p>Descripci\u00f3n General de la Carrera Malla Curricular Docentes Datos Generales Gesti\u00f3n y Proceso Estudiantil Descripci\u00f3n General de la Carrera Nombre de la Carrera:\u00a0 \u00a0 \u00a0 \u00a0 \u00a0 \u00a0 \u00a0 \u00a0 \u00a0 \u00a0 \u00a0Software T\u00edtulo que otorga:\u00a0 \u00a0 \u00a0 \u00a0 \u00a0 [&hellip;]<\/p>\n","protected":false},"author":7,"featured_media":0,"parent":0,"menu_order":0,"comment_status":"closed","ping_status":"closed","template":"","meta":{"_acf_changed":false,"footnotes":""},"class_list":["post-18","page","type-page","status-publish","hentry"],"acf":[],"_links":{"self":[{"href":"https:\/\/carreras.uleam.edu.ec\/extension-el-carmen\/wp-json\/wp\/v2\/pages\/18","targetHints":{"allow":["GET"]}}],"collection":[{"href":"https:\/\/carreras.uleam.edu.ec\/extension-el-carmen\/wp-json\/wp\/v2\/pages"}],"about":[{"href":"https:\/\/carreras.uleam.edu.ec\/extension-el-carmen\/wp-json\/wp\/v2\/types\/page"}],"author":[{"embeddable":true,"href":"https:\/\/carreras.uleam.edu.ec\/extension-el-carmen\/wp-json\/wp\/v2\/users\/7"}],"replies":[{"embeddable":true,"href":"https:\/\/carreras.uleam.edu.ec\/extension-el-carmen\/wp-json\/wp\/v2\/comments?post=18"}],"version-history":[{"count":42,"href":"https:\/\/carreras.uleam.edu.ec\/extension-el-carmen\/wp-json\/wp\/v2\/pages\/18\/revisions"}],"predecessor-version":[{"id":550,"href":"https:\/\/carreras.uleam.edu.ec\/extension-el-carmen\/wp-json\/wp\/v2\/pages\/18\/revisions\/550"}],"wp:attachment":[{"href":"https:\/\/carreras.uleam.edu.ec\/extension-el-carmen\/wp-json\/wp\/v2\/media?parent=18"}],"curies":[{"name":"wp","href":"https:\/\/api.w.org\/{rel}","templated":true}]}}