{"id":9,"date":"2022-09-09T02:00:57","date_gmt":"2022-09-09T02:00:57","guid":{"rendered":"https:\/\/carreras.uleam.edu.ec\/extension-pedernales\/?page_id=9"},"modified":"2025-03-14T21:28:14","modified_gmt":"2025-03-14T21:28:14","slug":"carrera-de-arquitectura-extension-pedernales","status":"publish","type":"page","link":"https:\/\/carreras.uleam.edu.ec\/extension-pedernales\/carrera-de-arquitectura-extension-pedernales\/","title":{"rendered":"Carrera Arquitectura"},"content":{"rendered":"\t\t<div data-elementor-type=\"wp-page\" data-elementor-id=\"9\" class=\"elementor elementor-9\" data-elementor-settings=\"[]\">\n\t\t\t\t\t\t\t<div class=\"elementor-section-wrap\">\n\t\t\t\t\t\t\t<section class=\"elementor-section elementor-top-section elementor-element elementor-element-3f44f50 elementor-section-boxed elementor-section-height-default elementor-section-height-default\" data-id=\"3f44f50\" data-element_type=\"section\">\n\t\t\t\t\t\t<div class=\"elementor-container elementor-column-gap-default\">\n\t\t\t\t\t<div class=\"elementor-column elementor-col-100 elementor-top-column elementor-element elementor-element-906c1e5\" data-id=\"906c1e5\" data-element_type=\"column\">\n\t\t\t<div class=\"elementor-widget-wrap elementor-element-populated\">\n\t\t\t\t\t\t\t\t<div class=\"elementor-element elementor-element-b18a0a3 elementor-tabs-view-horizontal elementor-widget elementor-widget-tabs\" data-id=\"b18a0a3\" data-element_type=\"widget\" data-widget_type=\"tabs.default\">\n\t\t\t\t<div class=\"elementor-widget-container\">\n\t\t\t\t\t<div class=\"elementor-tabs\">\n\t\t\t<div class=\"elementor-tabs-wrapper\" role=\"tablist\" >\n\t\t\t\t\t\t\t\t\t<div id=\"elementor-tab-title-1861\" class=\"elementor-tab-title elementor-tab-desktop-title\" aria-selected=\"true\" data-tab=\"1\" role=\"tab\" tabindex=\"0\" aria-controls=\"elementor-tab-content-1861\" aria-expanded=\"false\">Descripci\u00f3n General de la Carrera<\/div>\n\t\t\t\t\t\t\t\t\t<div id=\"elementor-tab-title-1862\" class=\"elementor-tab-title elementor-tab-desktop-title\" aria-selected=\"false\" data-tab=\"2\" role=\"tab\" tabindex=\"-1\" aria-controls=\"elementor-tab-content-1862\" aria-expanded=\"false\">Malla Curricular<\/div>\n\t\t\t\t\t\t\t\t\t<div id=\"elementor-tab-title-1863\" class=\"elementor-tab-title elementor-tab-desktop-title\" aria-selected=\"false\" data-tab=\"3\" role=\"tab\" tabindex=\"-1\" aria-controls=\"elementor-tab-content-1863\" aria-expanded=\"false\">Docentes<\/div>\n\t\t\t\t\t\t\t\t\t<div id=\"elementor-tab-title-1864\" class=\"elementor-tab-title elementor-tab-desktop-title\" aria-selected=\"false\" data-tab=\"4\" role=\"tab\" tabindex=\"-1\" aria-controls=\"elementor-tab-content-1864\" aria-expanded=\"false\">Datos Generales<\/div>\n\t\t\t\t\t\t\t\t\t<div id=\"elementor-tab-title-1865\" class=\"elementor-tab-title elementor-tab-desktop-title\" aria-selected=\"false\" data-tab=\"5\" role=\"tab\" tabindex=\"-1\" aria-controls=\"elementor-tab-content-1865\" aria-expanded=\"false\">Gesti\u00f3n y Proceso Estudiantil<\/div>\n\t\t\t\t\t\t\t<\/div>\n\t\t\t<div class=\"elementor-tabs-content-wrapper\" role=\"tablist\" aria-orientation=\"vertical\">\n\t\t\t\t\t\t\t\t\t<div class=\"elementor-tab-title elementor-tab-mobile-title\" aria-selected=\"true\" data-tab=\"1\" role=\"tab\" tabindex=\"0\" aria-controls=\"elementor-tab-content-1861\" aria-expanded=\"false\">Descripci\u00f3n General de la Carrera<\/div>\n\t\t\t\t\t<div id=\"elementor-tab-content-1861\" class=\"elementor-tab-content elementor-clearfix\" data-tab=\"1\" role=\"tabpanel\" aria-labelledby=\"elementor-tab-title-1861\" tabindex=\"0\" hidden=\"false\"><p>NOMBRE DE LA CARRERA:\u00a0 \u00a0 \u00a0 \u00a0 \u00a0 \u00a0 \u00a0 \u00a0ARQUITECTURA<\/p><p>RESOLUCI\u00d3N:\u00a0 \u00a0 \u00a0 \u00a0 \u00a0 \u00a0 \u00a0 \u00a0 \u00a0 \u00a0 \u00a0 \u00a0 \u00a0 \u00a0 \u00a0 \u00a0 \u00a0 \u00a0 \u00a0RPC-SO-18-No.375-2020<\/p><p>\u00a0TITULO QUE OTORGA:\u00a0 \u00a0 \u00a0 \u00a0 \u00a0 \u00a0 \u00a0 \u00a0 \u00a0 \u00a0 \u00a0 Arquitecto\/a<\/p><p>\u00a0MODALIDAD DE APRENDIZAJE:\u00a0 \u00a0 \u00a0Presencial<\/p><p>LUGAR DE CLASES:\u00a0 \u00a0 \u00a0 \u00a0 \u00a0 \u00a0 \u00a0 \u00a0 \u00a0 \u00a0 \u00a0 \u00a0 \u00a0 \u00a0 Uleam Extensi\u00f3n Pedernales<\/p><p>\u00a0DURACI\u00d3N:\u00a0 \u00a0 \u00a0 \u00a0 \u00a0 \u00a0 \u00a0 \u00a0 \u00a0 \u00a0 \u00a0 \u00a0 \u00a0 \u00a0 \u00a0 \u00a0 \u00a0 \u00a0 \u00a0 \u00a0 \u00a010 semestres (5 a\u00f1os)<\/p><p>OBJETIVO GENERAL:<\/p><p style=\"padding-left: 40px\">Formar arquitectos competentes, innovadores y emprendedores con valores \u00e9ticos, sensibilidad humana y comprometidos con la profesi\u00f3n, mediante el desarrollo de conocimientos, habilidades y destrezas fundamentadas en la investigaci\u00f3n sobre delimitaci\u00f3n, ordenamiento y armonizaci\u00f3n de la espacialidad territorial que contribuyan al mantenimiento y fortalecimiento de la identidad cultural y al mejoramiento de las condiciones de vida de la poblaci\u00f3n presente y futura aplicando criterios de sostenibilidad y sustentabilidad bajo un enfoque bioc\u00e9ntrico para resolver problemas y necesidades espaciales territoriales que coadyuven a la consecuci\u00f3n del Plan Nacional de Desarrollo 2017 \u2013 2021 Toda una Vida con \u00e9nfasis en h\u00e1bitat, transferencia tecnol\u00f3gica, nuevos materiales, preservaci\u00f3n del patrimonio y el ambiente.<\/p><p>PERFIL DE INGRESO:<\/p><ol><li>Capacidad de lectura comprensiva<\/li><li>Capacidad de razonamiento l\u00f3gico<\/li><li>Capacidad de expresi\u00f3n oral y escrita<\/li><li>Capacidad de an\u00e1lisis y s\u00edntesis<\/li><li>Capacidad para generar nuevas ideas<\/li><li>Capacidad cr\u00edtica y autocr\u00edtica<\/li><li>Vocaci\u00f3n art\u00edstica y aptitud de expresi\u00f3n conceptual y gr\u00e1fica<\/li><li>Habilidades interpersonales y sensibilidad social<\/li><li>Actitud de respeto y compromiso con los valores humanos, sociales, culturales, patrimoniales y urbanos<\/li><li>Apreciaci\u00f3n y respeto por la diversidad y la multiculturalidad<\/li><li>Compromiso y respeto con el ambiente<\/li><li>Habilidad en el manejo de las Tic\u2019s<\/li><li>Capacidad de integrar y liderar grupos de trabajo interdisciplinario.<\/li><\/ol><p>\u00a0REQUISITO DE INGRESO:<\/p><ol start=\"14\"><li>Poseer t\u00edtulo de bachiller o su equivalente, de conformidad con la Ley.<\/li><li>Haber cumplido los requisitos normados por el Sistema de Nivelaci\u00f3n y Admisi\u00f3n.<\/li><li>Para casos de movilidad interna o externa cumplir con los requisitos establecidos en el art. 96 del Reglamento de R\u00e9gimen Acad\u00e9mico para cambios.<\/li><li>Copia de c\u00e9dula o Pasaporte vigente.<\/li><\/ol><p>REQUISITO DE GRADUACI\u00d3N:<\/p><ol start=\"18\"><li>Haber aprobado las asignaturas de las unidades b\u00e1sicas y profesional del plan curricular de la carrera.<\/li><li>Acreditar nivel de suficiencia MERL-B2 en un idioma extranjero de acuerdo a los niveles de capacidad tomando como referencia el Marco Com\u00fan Europeo para lenguas (articulo 80) por medio del certificado emitido u homologado por el Instituto de Idiomas de la Universidad en sus diferentes modalidades: Cursos complementarios o Convenio con Institutos Acreditados.<\/li><li>Aprobar el trabajo de integraci\u00f3n curricular de conformidad con lo establecido en el Reglamento Interno de R\u00e9gimen Acad\u00e9mico.<\/li><li>Acreditar el cumplimiento de los requisitos de titulaci\u00f3n establecidos en la LOES: pr\u00e1cticas laborales y de servicio comunitario seg\u00fan lo aprobado en el proyecto de carrera.<\/li><\/ol><p>MODALIDAD DE TITULACI\u00d3N:<\/p><p style=\"padding-left: 40px\">1.- Examen de grado de car\u00e1cter complexivo<\/p><p style=\"padding-left: 40px\">2.- Proyecto de investigaci\u00f3n<\/p><p style=\"padding-left: 40px\">3.- Proyectos integradores<\/p><p style=\"padding-left: 40px\">4.-Ensayos acad\u00e9micos.\u00a0<\/p><p>CAMPO OCUPACIONAL:<\/p><p>La carrera de Arquitectura tiene un equilibrio perfecto entre creatividad y t\u00e9cnica que el profesional luego aplica en diferentes \u00e1reas, entre las cuales se encuentran:<\/p><ul><li>Sector p\u00fablico y privado: director de planificaci\u00f3n, director de proyectos, comisario de construcciones, supervisor, fiscalizador, dise\u00f1ador de proyectos urbano &#8211; arquitectonicos.<\/li><li>Obra p\u00fablica y privada: proyectista de obra, contratista de obra, fiscalizador de obra, residente de obra.<\/li><li>Restaurador<\/li><li>Promotor inmobiliario<\/li><li>Consultor \/ asesor<\/li><li>Gerente de proyectos arquitect\u00f3nicos<\/li><li>Perito evaluador<\/li><li>Decoraci\u00f3n e interiorismo<\/li><li>Docencia e investigaci\u00f3n<\/li><li>Analista y gestor de calidad<\/li><li>Emprendimiento<\/li><li>Arte<\/li><\/ul><p>HORARIO DE CLASES: Vespertino<\/p><\/div>\n\t\t\t\t\t\t\t\t\t<div class=\"elementor-tab-title elementor-tab-mobile-title\" aria-selected=\"false\" data-tab=\"2\" role=\"tab\" tabindex=\"-1\" aria-controls=\"elementor-tab-content-1862\" aria-expanded=\"false\">Malla Curricular<\/div>\n\t\t\t\t\t<div id=\"elementor-tab-content-1862\" class=\"elementor-tab-content elementor-clearfix\" data-tab=\"2\" role=\"tabpanel\" aria-labelledby=\"elementor-tab-title-1862\" tabindex=\"0\" hidden=\"hidden\"><p><a href=\"https:\/\/carreras.uleam.edu.ec\/extension-pedernales\/wp-content\/uploads\/sites\/80\/2023\/01\/Malla-redisenada-arquitectura-2022-1.pdf\" target=\"_blank\" rel=\"noopener\"><img loading=\"lazy\" decoding=\"async\" class=\"alignnone wp-image-293 size-large\" src=\"https:\/\/carreras.uleam.edu.ec\/extension-pedernales\/wp-content\/uploads\/sites\/80\/2023\/01\/malla-arquitectura-pedernales-1024x527.png\" alt=\"\" width=\"1024\" height=\"527\" srcset=\"https:\/\/carreras.uleam.edu.ec\/extension-pedernales\/wp-content\/uploads\/sites\/80\/2023\/01\/malla-arquitectura-pedernales-1024x527.png 1024w, https:\/\/carreras.uleam.edu.ec\/extension-pedernales\/wp-content\/uploads\/sites\/80\/2023\/01\/malla-arquitectura-pedernales-300x154.png 300w, https:\/\/carreras.uleam.edu.ec\/extension-pedernales\/wp-content\/uploads\/sites\/80\/2023\/01\/malla-arquitectura-pedernales-768x395.png 768w, https:\/\/carreras.uleam.edu.ec\/extension-pedernales\/wp-content\/uploads\/sites\/80\/2023\/01\/malla-arquitectura-pedernales-1536x791.png 1536w, https:\/\/carreras.uleam.edu.ec\/extension-pedernales\/wp-content\/uploads\/sites\/80\/2023\/01\/malla-arquitectura-pedernales-2048x1054.png 2048w\" sizes=\"auto, (max-width: 1024px) 100vw, 1024px\" \/><\/a><\/p><\/div>\n\t\t\t\t\t\t\t\t\t<div class=\"elementor-tab-title elementor-tab-mobile-title\" aria-selected=\"false\" data-tab=\"3\" role=\"tab\" tabindex=\"-1\" aria-controls=\"elementor-tab-content-1863\" aria-expanded=\"false\">Docentes<\/div>\n\t\t\t\t\t<div id=\"elementor-tab-content-1863\" class=\"elementor-tab-content elementor-clearfix\" data-tab=\"3\" role=\"tabpanel\" aria-labelledby=\"elementor-tab-title-1863\" tabindex=\"0\" hidden=\"hidden\"><p>\u00a0<\/p><ul><li>Baque Sol\u00eds Byron Sim\u00f3n, Mg.<\/li><li>Delgado \u00c1lvarez Luis Ignacio, Mg.<\/li><li>Mera Bravo Eliana Pilar, Mg.<\/li><li>Mora Alban Vania Estefan\u00eda, Mg.<\/li><li>Panchana Vera Rosa Elena, Mg.<\/li><li>Pinargote Pico Luis \u00c1ngel, Mg.<\/li><li>Zamora S\u00e1nchez Diego Javier, Mg.<\/li><\/ul><\/div>\n\t\t\t\t\t\t\t\t\t<div class=\"elementor-tab-title elementor-tab-mobile-title\" aria-selected=\"false\" data-tab=\"4\" role=\"tab\" tabindex=\"-1\" aria-controls=\"elementor-tab-content-1864\" aria-expanded=\"false\">Datos Generales<\/div>\n\t\t\t\t\t<div id=\"elementor-tab-content-1864\" class=\"elementor-tab-content elementor-clearfix\" data-tab=\"4\" role=\"tabpanel\" aria-labelledby=\"elementor-tab-title-1864\" tabindex=\"0\" hidden=\"hidden\"><ul><li style=\"text-align: center\">Arq. Byron Sim\u00f3n Baque Sol\u00eds, Mg.<\/li><li style=\"text-align: center\">COORDINADOR DE CARRERA<\/li><li style=\"text-align: center\"><a href=\"mailto:byron.baque@uleam.edu.ec\">byron.baque@uleam.edu.ec<\/a><\/li><\/ul><hr \/><ul><li style=\"text-align: center\">Lic. Andrea Carolina Saldarriaga Olmedo<\/li><li style=\"text-align: center\">SECRETARIA<\/li><li style=\"text-align: center\"><p><u><a href=\"mailto:andrea.saldarriaga@uleam.edu.ec\">andrea.saldarriaga@uleam.edu.ec<\/a><\/u>\u00a0<\/p><\/li><\/ul><hr \/><ul><li style=\"text-align: center\">HORARIO DE ATENCI\u00d3N:<\/li><li style=\"text-align: center\">\u00a0Lunes a Viernes<\/li><li style=\"text-align: center\">12:00 a 20:00<\/li><\/ul><\/div>\n\t\t\t\t\t\t\t\t\t<div class=\"elementor-tab-title elementor-tab-mobile-title\" aria-selected=\"false\" data-tab=\"5\" role=\"tab\" tabindex=\"-1\" aria-controls=\"elementor-tab-content-1865\" aria-expanded=\"false\">Gesti\u00f3n y Proceso Estudiantil<\/div>\n\t\t\t\t\t<div id=\"elementor-tab-content-1865\" class=\"elementor-tab-content elementor-clearfix\" data-tab=\"5\" role=\"tabpanel\" aria-labelledby=\"elementor-tab-title-1865\" tabindex=\"0\" hidden=\"hidden\"><ul><li>\u21d2\u00a0Pr\u00e1cticas Pre-profesionales<\/li><li>\u21d2 <a href=\"https:\/\/departamentos.uleam.edu.ec\/gestion-aseguramiento-calidad\/2019\/04\/08\/matricula\/\">Matr\u00edcula<\/a><\/li><li>\u21d2 <a href=\"https:\/\/departamentos.uleam.edu.ec\/gestion-aseguramiento-calidad\/reingreso-de-estudiantes\/\">Reingreso de estudiantes<\/a><\/li><li>\u21d2 <a href=\"https:\/\/departamentos.uleam.edu.ec\/gestion-aseguramiento-calidad\/homologacion-de-estudios-por-analisis-comparativo-de-contenidos\/\">Homologaci\u00f3n de Estudios por An\u00e1lisis Comparativo de Contenidos<\/a><\/li><\/ul><\/div>\n\t\t\t\t\t\t\t<\/div>\n\t\t<\/div>\n\t\t\t\t<\/div>\n\t\t\t\t<\/div>\n\t\t\t\t\t<\/div>\n\t\t<\/div>\n\t\t\t\t\t\t\t<\/div>\n\t\t<\/section>\n\t\t\t\t\t\t<\/div>\n\t\t\t\t\t<\/div>\n\t\t","protected":false},"excerpt":{"rendered":"<p>Descripci\u00f3n General de la Carrera Malla Curricular Docentes Datos Generales Gesti\u00f3n y Proceso Estudiantil Descripci\u00f3n General de la Carrera NOMBRE DE LA CARRERA:\u00a0 \u00a0 \u00a0 \u00a0 \u00a0 \u00a0 \u00a0 \u00a0ARQUITECTURA RESOLUCI\u00d3N:\u00a0 \u00a0 \u00a0 \u00a0 \u00a0 \u00a0 \u00a0 \u00a0 \u00a0 \u00a0 [&hellip;]<\/p>\n","protected":false},"author":7,"featured_media":0,"parent":0,"menu_order":0,"comment_status":"closed","ping_status":"closed","template":"","meta":{"_acf_changed":false,"footnotes":""},"class_list":["post-9","page","type-page","status-publish","hentry"],"acf":[],"_links":{"self":[{"href":"https:\/\/carreras.uleam.edu.ec\/extension-pedernales\/wp-json\/wp\/v2\/pages\/9","targetHints":{"allow":["GET"]}}],"collection":[{"href":"https:\/\/carreras.uleam.edu.ec\/extension-pedernales\/wp-json\/wp\/v2\/pages"}],"about":[{"href":"https:\/\/carreras.uleam.edu.ec\/extension-pedernales\/wp-json\/wp\/v2\/types\/page"}],"author":[{"embeddable":true,"href":"https:\/\/carreras.uleam.edu.ec\/extension-pedernales\/wp-json\/wp\/v2\/users\/7"}],"replies":[{"embeddable":true,"href":"https:\/\/carreras.uleam.edu.ec\/extension-pedernales\/wp-json\/wp\/v2\/comments?post=9"}],"version-history":[{"count":26,"href":"https:\/\/carreras.uleam.edu.ec\/extension-pedernales\/wp-json\/wp\/v2\/pages\/9\/revisions"}],"predecessor-version":[{"id":434,"href":"https:\/\/carreras.uleam.edu.ec\/extension-pedernales\/wp-json\/wp\/v2\/pages\/9\/revisions\/434"}],"wp:attachment":[{"href":"https:\/\/carreras.uleam.edu.ec\/extension-pedernales\/wp-json\/wp\/v2\/media?parent=9"}],"curies":[{"name":"wp","href":"https:\/\/api.w.org\/{rel}","templated":true}]}}