{"id":9,"date":"2022-09-09T01:21:08","date_gmt":"2022-09-09T01:21:08","guid":{"rendered":"https:\/\/carreras.uleam.edu.ec\/facultad-ciencias-de-la-vida-y-tecnologicas\/?page_id=9"},"modified":"2025-03-14T21:01:54","modified_gmt":"2025-03-14T21:01:54","slug":"carrera-de-ingenieria-ambiental","status":"publish","type":"page","link":"https:\/\/carreras.uleam.edu.ec\/facultad-ciencias-de-la-vida-y-tecnologicas\/carrera-de-ingenieria-ambiental\/","title":{"rendered":"Carrera Ingenier\u00eda Ambiental"},"content":{"rendered":"\t\t<div data-elementor-type=\"wp-page\" data-elementor-id=\"9\" class=\"elementor elementor-9\" data-elementor-settings=\"[]\">\n\t\t\t\t\t\t\t<div class=\"elementor-section-wrap\">\n\t\t\t\t\t\t\t<section class=\"elementor-section elementor-top-section elementor-element elementor-element-bc2ef6e elementor-section-boxed elementor-section-height-default elementor-section-height-default\" data-id=\"bc2ef6e\" data-element_type=\"section\">\n\t\t\t\t\t\t<div class=\"elementor-container elementor-column-gap-default\">\n\t\t\t\t\t<div class=\"elementor-column elementor-col-100 elementor-top-column elementor-element elementor-element-351d175\" data-id=\"351d175\" data-element_type=\"column\">\n\t\t\t<div class=\"elementor-widget-wrap elementor-element-populated\">\n\t\t\t\t\t\t\t\t<div class=\"elementor-element elementor-element-f39890f elementor-tabs-view-horizontal elementor-widget elementor-widget-tabs\" data-id=\"f39890f\" data-element_type=\"widget\" data-widget_type=\"tabs.default\">\n\t\t\t\t<div class=\"elementor-widget-container\">\n\t\t\t\t\t<div class=\"elementor-tabs\">\n\t\t\t<div class=\"elementor-tabs-wrapper\" role=\"tablist\" >\n\t\t\t\t\t\t\t\t\t<div id=\"elementor-tab-title-2551\" class=\"elementor-tab-title elementor-tab-desktop-title\" aria-selected=\"true\" data-tab=\"1\" role=\"tab\" tabindex=\"0\" aria-controls=\"elementor-tab-content-2551\" aria-expanded=\"false\">Descripci\u00f3n General de la Carrera<\/div>\n\t\t\t\t\t\t\t\t\t<div id=\"elementor-tab-title-2552\" class=\"elementor-tab-title elementor-tab-desktop-title\" aria-selected=\"false\" data-tab=\"2\" role=\"tab\" tabindex=\"-1\" aria-controls=\"elementor-tab-content-2552\" aria-expanded=\"false\">Malla Curricular<\/div>\n\t\t\t\t\t\t\t\t\t<div id=\"elementor-tab-title-2553\" class=\"elementor-tab-title elementor-tab-desktop-title\" aria-selected=\"false\" data-tab=\"3\" role=\"tab\" tabindex=\"-1\" aria-controls=\"elementor-tab-content-2553\" aria-expanded=\"false\">Docentes<\/div>\n\t\t\t\t\t\t\t\t\t<div id=\"elementor-tab-title-2554\" class=\"elementor-tab-title elementor-tab-desktop-title\" aria-selected=\"false\" data-tab=\"4\" role=\"tab\" tabindex=\"-1\" aria-controls=\"elementor-tab-content-2554\" aria-expanded=\"false\">Datos Generales<\/div>\n\t\t\t\t\t\t\t\t\t<div id=\"elementor-tab-title-2555\" class=\"elementor-tab-title elementor-tab-desktop-title\" aria-selected=\"false\" data-tab=\"5\" role=\"tab\" tabindex=\"-1\" aria-controls=\"elementor-tab-content-2555\" aria-expanded=\"false\">Gesti\u00f3n y Proceso Estudiantil<\/div>\n\t\t\t\t\t\t\t<\/div>\n\t\t\t<div class=\"elementor-tabs-content-wrapper\" role=\"tablist\" aria-orientation=\"vertical\">\n\t\t\t\t\t\t\t\t\t<div class=\"elementor-tab-title elementor-tab-mobile-title\" aria-selected=\"true\" data-tab=\"1\" role=\"tab\" tabindex=\"0\" aria-controls=\"elementor-tab-content-2551\" aria-expanded=\"false\">Descripci\u00f3n General de la Carrera<\/div>\n\t\t\t\t\t<div id=\"elementor-tab-content-2551\" class=\"elementor-tab-content elementor-clearfix\" data-tab=\"1\" role=\"tabpanel\" aria-labelledby=\"elementor-tab-title-2551\" tabindex=\"0\" hidden=\"false\"><p>Nombre de la carrera:\u00a0 \u00a0 \u00a0 \u00a0 \u00a0 \u00a0 \u00a0 \u00a0 \u00a0 \u00a0 Ingenier\u00eda ambiental<\/p><p>Titulaci\u00f3n:\u00a0 \u00a0 \u00a0 \u00a0 \u00a0 \u00a0 \u00a0 \u00a0 \u00a0 \u00a0 \u00a0 \u00a0 \u00a0 \u00a0 \u00a0 \u00a0 \u00a0 \u00a0 \u00a0 \u00a0 Ingeniero\/a ambiental<\/p><p>Modalidad de aprendizaje:\u00a0 \u00a0 \u00a0 \u00a0 \u00a0 \u00a0 Presencial<\/p><p>N\u00famero de periodos ordinarios:\u00a0 9 periodos\u00a0<\/p><p>Objetivo general:<\/p><ul><li>Formar profesionales en Ingenier\u00eda Ambiental capaces de identificar los problemas ambientales, mediante planificaci\u00f3n, evaluaci\u00f3n, dise\u00f1o y aplicaci\u00f3n de medidas orientadas a contribuir con la conservaci\u00f3n de un ambiente sano, la preservaci\u00f3n de la biodiversidad, el uso sustentable de los recursos y el uso de tecnolog\u00edas limpias, en el marco del desarrollo socio-econ\u00f3mico y el cambio de la matriz productiva del pa\u00eds, con responsabilidad, \u00e9tica y trabajo en equipo, y que aporten al desarrollo de medios de vida sustentables en consecuci\u00f3n con el plan de buen vivir.<\/li><\/ul><p>Perfil de ingreso:<\/p><p>El aspirante a la carrera Ingenier\u00eda Ambiental deber\u00e1 poseer las siguientes<\/p><p>competencias garantizadas desde el bachillerato:<\/p><ul><li>Pensar rigurosamente<\/li><li>Razonar num\u00e9ricamente<\/li><li>Emprender<\/li><li>Aprender por el resto de su vida<\/li><li>Utilizar herramientas tecnol\u00f3gicas reflexiva y pragm\u00e1ticamente<\/li><li>Comprender su realidad natural<\/li><\/ul><p>Estas habilidades se eval\u00faan a trav\u00e9s del Sistema Nacional de Nivelaci\u00f3n y Admisi\u00f3n\u00a0en el examen integrado Ser Bachiller o el mecanismo que a futuro se considere para\u00a0el proceso.<\/p><p>Requisitos de ingreso:<\/p><ul><li>Poseer t\u00edtulo de bachiller o su equivalente debidamente reconocido por el Ministerio de Educaci\u00f3n.<\/li><li>Haber cumplido los requisitos normados por el Sistema de Nivelaci\u00f3n y Admisi\u00f3n, el mismo que observar\u00e1 los principios de igualdad de oportunidades, m\u00e9rito y capacidad.<\/li><li>Cumplir con la entrega de documentaci\u00f3n personal y habilitante en Secretar\u00eda Genera.<\/li><li>En casos especiales, certificados de reconocimiento y homologaci\u00f3n de estudios de otras IES de conformidad con el Art\u00edculo 63 y 64 del Reglamento de R\u00e9gimen Acad\u00e9mico.<\/li><\/ul><p>Requisitos de graduaci\u00f3n:<\/p><ul><li>Haber aprobado la malla curricular incluyendo las pr\u00e1cticas preprofesionales y vinculaci\u00f3n con la colectividad.<\/li><li>Haber aprobado una modalidad de titulaci\u00f3n dentro de lo establecido en las normativas institucionales.<\/li><li>Acreditar suficiencia en la competencia comunicativa a nivel B2 \u2013 MCER a trav\u00e9s de los cursos de proficiencia organizados a trav\u00e9s del Centro de Idiomas de la Universidad<\/li><\/ul><p>Modalidades de titulaci\u00f3n:<\/p><ul><li>Examen de car\u00e1cter complexivo.<\/li><li>Proyectos de investigaci\u00f3n.<\/li><li>Ensayos o art\u00edculos acad\u00e9micos.<\/li><li>Proyectos t\u00e9cnicos.<\/li><\/ul><p>Campo ocupacional:<\/p><ul><li>La profesi\u00f3n se caracteriza por generar procesos y gestiones que permitan evaluar, prevenir, mitigar y remediar los procesos antropog\u00e9nicos que afectan y\/o impactan al ambiente.<br \/>En ese contexto el Ingeniero Ambiental se desempe\u00f1a en labores tales como:<br \/>Consultor Ambiental<br \/>\u2022 Asesor Ambiental. Para realizar labores de asesor\u00eda ambiental estableciendo el an\u00e1lisis de la situaci\u00f3n actual determinando<br \/>una l\u00ednea base que le permita efectuar un diagn\u00f3stico del estado de desarrollo del proceso.<br \/>\u2022 Auditor ambiental. Realizar\u00e1 procesos de auditor\u00eda para lo cual determinar\u00e1 el cumplimiento de todas las propuestas para manejo ambiental de todo proyecto, obra o actividad. Adem\u00e1s propone medidas mitigaci\u00f3n para los no cumplimientos.<br \/>\u2022 Licenciamiento Ambiental de proyectos socioecon\u00f3micos. El ingeniero ambiental realizar\u00e1 Evaluaciones de Impacto\u00a0 Ambiental mediante el desarrollo de procedimientos t\u00e9cnicos-administrativos que sirven para identificar, cuantificar y categorizar los impactos ambientales que producir\u00e1 un proyecto en su entorno para proponer medidas de manejo para los impactos identificados.<br \/>\u2022 Gesti\u00f3n Ambiental de los procesos productivos p\u00fablicos y privados. Dise\u00f1ar\u00e1 y evaluar\u00e1 sistemas de gesti\u00f3n ambiental para conseguir un equilibrio adecuado del desarrollo econ\u00f3mico, crecimiento de la poblaci\u00f3n, uso racional de los recursos y protecci\u00f3n y conservaci\u00f3n del ambiente.<br \/>Ingeniero Ambiental. Realizar\u00e1 el seguimiento del sistema de gesti\u00f3n ambiental de empresas y los correspondientes monitoreos de la calidad ambiental. En las diferentes entidades del sector p\u00fablico supervisar\u00e1 el cumplimiento de la normativa ambiental vigente en el pa\u00eds.<br \/>Investigador. Realiza investigaci\u00f3n b\u00e1sica y aplicada dirigida a mejorar procesos que resulten en el manejo sustentable de recursos, uso de energ\u00edas limpias y renovables y desarrollo de t\u00e9cnicas de remediaci\u00f3n ambiental.<\/li><\/ul><p>Sector y puestos laborales, donde puede desempe\u00f1arse el profesional que grad\u00faa la carrera.<br \/>Los profesionales de la ingenier\u00eda ambiental pueden desempe\u00f1arse en los siguientes sectores:<\/p><p style=\"padding-left: 40px\">\u2022 Industrias p\u00fablicas y privadas.<br \/>\u2022 Profesional independiente.<br \/>\u2022 Centros de investigaci\u00f3n p\u00fablicos y privados.<br \/>\u2022 Instituciones de protecci\u00f3n de recursos naturales.<br \/>\u2022 Proyectos de infraestructura.<br \/>\u2022 Instituciones educativas.<\/p><\/div>\n\t\t\t\t\t\t\t\t\t<div class=\"elementor-tab-title elementor-tab-mobile-title\" aria-selected=\"false\" data-tab=\"2\" role=\"tab\" tabindex=\"-1\" aria-controls=\"elementor-tab-content-2552\" aria-expanded=\"false\">Malla Curricular<\/div>\n\t\t\t\t\t<div id=\"elementor-tab-content-2552\" class=\"elementor-tab-content elementor-clearfix\" data-tab=\"2\" role=\"tabpanel\" aria-labelledby=\"elementor-tab-title-2552\" tabindex=\"0\" hidden=\"hidden\"><p><a href=\"https:\/\/carreras.uleam.edu.ec\/facultad-ciencias-de-la-vida-y-tecnologicas\/wp-content\/uploads\/sites\/73\/2023\/01\/2.-Malla-Nueve-periodos-AMBIENTE-AGOSTO-2022.pdf\" target=\"_blank\" rel=\"noopener\"><img loading=\"lazy\" decoding=\"async\" class=\"alignnone wp-image-238 size-large\" src=\"https:\/\/carreras.uleam.edu.ec\/facultad-ciencias-de-la-vida-y-tecnologicas\/wp-content\/uploads\/sites\/73\/2023\/01\/MALLA-AMBIENTAL-1024x626.png\" alt=\"\" width=\"1024\" height=\"626\" srcset=\"https:\/\/carreras.uleam.edu.ec\/facultad-ciencias-de-la-vida-y-tecnologicas\/wp-content\/uploads\/sites\/73\/2023\/01\/MALLA-AMBIENTAL-1024x626.png 1024w, https:\/\/carreras.uleam.edu.ec\/facultad-ciencias-de-la-vida-y-tecnologicas\/wp-content\/uploads\/sites\/73\/2023\/01\/MALLA-AMBIENTAL-300x183.png 300w, https:\/\/carreras.uleam.edu.ec\/facultad-ciencias-de-la-vida-y-tecnologicas\/wp-content\/uploads\/sites\/73\/2023\/01\/MALLA-AMBIENTAL-768x470.png 768w, https:\/\/carreras.uleam.edu.ec\/facultad-ciencias-de-la-vida-y-tecnologicas\/wp-content\/uploads\/sites\/73\/2023\/01\/MALLA-AMBIENTAL-1536x939.png 1536w, https:\/\/carreras.uleam.edu.ec\/facultad-ciencias-de-la-vida-y-tecnologicas\/wp-content\/uploads\/sites\/73\/2023\/01\/MALLA-AMBIENTAL-2048x1252.png 2048w\" sizes=\"auto, (max-width: 1024px) 100vw, 1024px\" \/><\/a><\/p><\/div>\n\t\t\t\t\t\t\t\t\t<div class=\"elementor-tab-title elementor-tab-mobile-title\" aria-selected=\"false\" data-tab=\"3\" role=\"tab\" tabindex=\"-1\" aria-controls=\"elementor-tab-content-2553\" aria-expanded=\"false\">Docentes<\/div>\n\t\t\t\t\t<div id=\"elementor-tab-content-2553\" class=\"elementor-tab-content elementor-clearfix\" data-tab=\"3\" role=\"tabpanel\" aria-labelledby=\"elementor-tab-title-2553\" tabindex=\"0\" hidden=\"hidden\"><ul><li>Blgo. V\u00edctor Ezequiel Alc\u00edvar Rosado, Mg.<\/li><li>Ing. Oscar Eduardo Alc\u00edvar Murillo, Mg.<\/li><li>Ing. Xavier Enrique Anchundia Muentes, Mg.<\/li><li>A.S. Geovanny Oswaldo Arauz Barcia, Mg.<\/li><li>Ing. Celio Danilo Bravo Moreira, Mg.<\/li><li>Blgo. Ricardo Javier Castillo Ruperti, Mg.<\/li><li>Blgo. Carlos An\u00edbal Chinga Panta, Mg.<\/li><li>Dr. Esteban Chirino Miranda, Ph.D<\/li><li>Dr. Andr\u00e9s Enrique De la Monta\u00f1a. Ph.D<\/li><li>Dra. Dayanara Mar\u00eda Mac\u00edas Mayorga, Ph.D<\/li><li>Ing. Luis Humberto Mac\u00edas Zambrano. Mg.<\/li><li>Dr. Gregorio Evaristo Mendoza Garc\u00eda, Ph.D<\/li><li>Blgo. David Jesod Mero del Valle, Mg.<\/li><li>Ing. \u00c1ngel Vicente P\u00e9rez Bravo, Mg.<\/li><li>Ing. Br\u00edgida Beatriz Rodr\u00edguez Guerrero, Mg.<\/li><li>Blgo. Abrah\u00e1n Isaac Vel\u00e1squez Ferr\u00edn, Mg.<\/li><\/ul><\/div>\n\t\t\t\t\t\t\t\t\t<div class=\"elementor-tab-title elementor-tab-mobile-title\" aria-selected=\"false\" data-tab=\"4\" role=\"tab\" tabindex=\"-1\" aria-controls=\"elementor-tab-content-2554\" aria-expanded=\"false\">Datos Generales<\/div>\n\t\t\t\t\t<div id=\"elementor-tab-content-2554\" class=\"elementor-tab-content elementor-clearfix\" data-tab=\"4\" role=\"tabpanel\" aria-labelledby=\"elementor-tab-title-2554\" tabindex=\"0\" hidden=\"hidden\"><ul><li style=\"text-align: center\">Mirabella del Jes\u00fas Lucas Ormaza, Mgtr.<\/li><li style=\"text-align: center\">DIRECTOR DE CARRERA<\/li><li style=\"text-align: center\"><a href=\"mailto:mirabella.lucas@uleam.edu.ec\">mirabella.lucas@uleam.edu.ec<\/a><\/li><\/ul><hr \/><ul><li class=\"Default\" style=\"text-align: center\">V\u00edctor Daniel Quimi Murillo<\/li><li style=\"text-align: center\">SECRETARIO<\/li><li class=\"Default\" style=\"text-align: center\"><span style=\"font-size: 11.0pt;color: #0462c1\">victor.quimi@uleam.edu.ec<\/span><\/li><\/ul><hr \/><ul><li style=\"text-align: center\">HORARIO DE ATENCI\u00d3N:<\/li><li style=\"text-align: center\">DE 08:00 A 17:00\u00a0<\/li><li style=\"text-align: center\">Lunes \u2013 Viernes<\/li><\/ul><\/div>\n\t\t\t\t\t\t\t\t\t<div class=\"elementor-tab-title elementor-tab-mobile-title\" aria-selected=\"false\" data-tab=\"5\" role=\"tab\" tabindex=\"-1\" aria-controls=\"elementor-tab-content-2555\" aria-expanded=\"false\">Gesti\u00f3n y Proceso Estudiantil<\/div>\n\t\t\t\t\t<div id=\"elementor-tab-content-2555\" class=\"elementor-tab-content elementor-clearfix\" data-tab=\"5\" role=\"tabpanel\" aria-labelledby=\"elementor-tab-title-2555\" tabindex=\"0\" hidden=\"hidden\"><ul><li>\u21d2\u00a0Pr\u00e1cticas Pre-profesionales<\/li><li>\u21d2 <a href=\"https:\/\/departamentos.uleam.edu.ec\/gestion-aseguramiento-calidad\/2019\/04\/08\/matricula\/\">Matr\u00edcula<\/a><\/li><li>\u21d2 <a href=\"https:\/\/departamentos.uleam.edu.ec\/gestion-aseguramiento-calidad\/reingreso-de-estudiantes\/\">Reingreso de estudiantes<\/a><\/li><li>\u21d2 <a href=\"https:\/\/departamentos.uleam.edu.ec\/gestion-aseguramiento-calidad\/homologacion-de-estudios-por-analisis-comparativo-de-contenidos\/\">Homologaci\u00f3n de Estudios por An\u00e1lisis Comparativo de Contenidos<\/a><\/li><\/ul><\/div>\n\t\t\t\t\t\t\t<\/div>\n\t\t<\/div>\n\t\t\t\t<\/div>\n\t\t\t\t<\/div>\n\t\t\t\t\t<\/div>\n\t\t<\/div>\n\t\t\t\t\t\t\t<\/div>\n\t\t<\/section>\n\t\t\t\t\t\t<\/div>\n\t\t\t\t\t<\/div>\n\t\t","protected":false},"excerpt":{"rendered":"<p>Descripci\u00f3n General de la Carrera Malla Curricular Docentes Datos Generales Gesti\u00f3n y Proceso Estudiantil Descripci\u00f3n General de la Carrera Nombre de la carrera:\u00a0 \u00a0 \u00a0 \u00a0 \u00a0 \u00a0 \u00a0 \u00a0 \u00a0 \u00a0 Ingenier\u00eda ambiental Titulaci\u00f3n:\u00a0 \u00a0 \u00a0 \u00a0 \u00a0 \u00a0 [&hellip;]<\/p>\n","protected":false},"author":7,"featured_media":0,"parent":0,"menu_order":0,"comment_status":"closed","ping_status":"closed","template":"","meta":{"_acf_changed":false,"footnotes":""},"class_list":["post-9","page","type-page","status-publish","hentry"],"acf":[],"_links":{"self":[{"href":"https:\/\/carreras.uleam.edu.ec\/facultad-ciencias-de-la-vida-y-tecnologicas\/wp-json\/wp\/v2\/pages\/9","targetHints":{"allow":["GET"]}}],"collection":[{"href":"https:\/\/carreras.uleam.edu.ec\/facultad-ciencias-de-la-vida-y-tecnologicas\/wp-json\/wp\/v2\/pages"}],"about":[{"href":"https:\/\/carreras.uleam.edu.ec\/facultad-ciencias-de-la-vida-y-tecnologicas\/wp-json\/wp\/v2\/types\/page"}],"author":[{"embeddable":true,"href":"https:\/\/carreras.uleam.edu.ec\/facultad-ciencias-de-la-vida-y-tecnologicas\/wp-json\/wp\/v2\/users\/7"}],"replies":[{"embeddable":true,"href":"https:\/\/carreras.uleam.edu.ec\/facultad-ciencias-de-la-vida-y-tecnologicas\/wp-json\/wp\/v2\/comments?post=9"}],"version-history":[{"count":25,"href":"https:\/\/carreras.uleam.edu.ec\/facultad-ciencias-de-la-vida-y-tecnologicas\/wp-json\/wp\/v2\/pages\/9\/revisions"}],"predecessor-version":[{"id":426,"href":"https:\/\/carreras.uleam.edu.ec\/facultad-ciencias-de-la-vida-y-tecnologicas\/wp-json\/wp\/v2\/pages\/9\/revisions\/426"}],"wp:attachment":[{"href":"https:\/\/carreras.uleam.edu.ec\/facultad-ciencias-de-la-vida-y-tecnologicas\/wp-json\/wp\/v2\/media?parent=9"}],"curies":[{"name":"wp","href":"https:\/\/api.w.org\/{rel}","templated":true}]}}