{"id":564,"date":"2025-07-21T20:33:44","date_gmt":"2025-07-21T20:33:44","guid":{"rendered":"https:\/\/carreras.uleam.edu.ec\/facultad-ciencias-sociales-derecho-y-bienestar\/?page_id=564"},"modified":"2025-07-22T15:30:51","modified_gmt":"2025-07-22T15:30:51","slug":"silabos-economia","status":"publish","type":"page","link":"https:\/\/carreras.uleam.edu.ec\/facultad-ciencias-sociales-derecho-y-bienestar\/silabos-economia\/","title":{"rendered":"S\u00edlabos Econom\u00eda 2025-1"},"content":{"rendered":"\t\t<div data-elementor-type=\"wp-page\" data-elementor-id=\"564\" class=\"elementor elementor-564\" data-elementor-settings=\"[]\">\n\t\t\t\t\t\t\t<div class=\"elementor-section-wrap\">\n\t\t\t\t\t\t\t<section class=\"elementor-section elementor-top-section elementor-element elementor-element-8bc2b4f elementor-section-boxed elementor-section-height-default elementor-section-height-default\" data-id=\"8bc2b4f\" data-element_type=\"section\">\n\t\t\t\t\t\t<div class=\"elementor-container elementor-column-gap-default\">\n\t\t\t\t\t<div class=\"elementor-column elementor-col-100 elementor-top-column elementor-element elementor-element-217b5ec9\" data-id=\"217b5ec9\" data-element_type=\"column\">\n\t\t\t<div class=\"elementor-widget-wrap elementor-element-populated\">\n\t\t\t\t\t\t\t\t<div class=\"elementor-element elementor-element-3f3366fd elementor-widget elementor-widget-text-editor\" data-id=\"3f3366fd\" data-element_type=\"widget\" data-widget_type=\"text-editor.default\">\n\t\t\t\t<div class=\"elementor-widget-container\">\n\t\t\t\t\t\t\t\t<ul>\n<li>\u21d2 <a href=\"https:\/\/carreras.uleam.edu.ec\/facultad-ciencias-sociales-derecho-y-bienestar\/wp-content\/uploads\/sites\/72\/2025\/07\/FLUJO-ELABORACION-MEJORAMIENTO-Y-SEGUIMIENTO-SILABO-v2-copia.vsdx_-1.pdf\">FLUJO-ELABORACI\u00d3N-MEJORAMIENTO-Y-SEGUIMIENTO-S\u00cdLABO\u00a0<\/a><\/li>\n<li>\u21d2 <a href=\"https:\/\/carreras.uleam.edu.ec\/facultad-ciencias-sociales-derecho-y-bienestar\/wp-content\/uploads\/sites\/72\/2025\/07\/Manual-Elaboracion-mejoramiento-y-seguimiento-al-Silabo-PAA-03-V2-2-1.pdf\">MANUAL-ELABORACI\u00d3N-MEJORAMIENTO-Y-SEGUIMIENTO-AL-SILABO-PAA-03-V2-2<\/a><\/li>\n<\/ul>\n<hr \/>\n<ul>\n<li>ALDO V\u00c1SQUEZ<\/li>\n<li style=\"list-style-type: none\">\n<ul>\n<li><a href=\"https:\/\/carreras.uleam.edu.ec\/facultad-ciencias-sociales-derecho-y-bienestar\/wp-content\/uploads\/sites\/72\/2025\/07\/CALCULO_DIFERENCIAL_ECONOMIA_1-A-2025-1.pdf\">C\u00c1LCULO_DIFERENCIAL_ECONOM\u00cdA_(1 A) 2025-1<\/a><\/li>\n<li><a href=\"https:\/\/carreras.uleam.edu.ec\/facultad-ciencias-sociales-derecho-y-bienestar\/wp-content\/uploads\/sites\/72\/2025\/07\/CALCULO_INTEGRAL_ECONOMIA_2-B-2025-1.pdf\">CALCULO_INTEGRAL_ECONOM\u00cdA_(2 B) 2025-1<\/a><\/li>\n<\/ul>\n<\/li>\n<li>CARLOS MOYA\n<ul>\n<li><a href=\"https:\/\/carreras.uleam.edu.ec\/facultad-ciencias-sociales-derecho-y-bienestar\/wp-content\/uploads\/sites\/72\/2025\/07\/GESTION_DE_PROYECTOS-7-A-B_2025-1.pdf\">GESTI\u00d3N_DE_PROYECTOS (7 A, B)_2025 1<\/a><\/li>\n<li><a href=\"https:\/\/carreras.uleam.edu.ec\/facultad-ciencias-sociales-derecho-y-bienestar\/wp-content\/uploads\/sites\/72\/2025\/07\/MICREOECONOMIA_DEL_BIENESTAR-4-A-B-2025-1.pdf\">MICREOECONOM\u00cdA_DEL_BIENESTAR (4 A, B) 2025 1<\/a><\/li>\n<\/ul>\n<\/li>\n<li>CARLOS MU\u00d1OZ\n<ul>\n<li><a href=\"https:\/\/carreras.uleam.edu.ec\/facultad-ciencias-sociales-derecho-y-bienestar\/wp-content\/uploads\/sites\/72\/2025\/07\/FORMULACION-EVALUACION-DE-PROYECTOS-6-A-2025-1.pdf\">FORMULACI\u00d3N EVALUACI\u00d3N DE PROYECTOS (6 A) 2025-1<\/a><\/li>\n<li><a href=\"https:\/\/carreras.uleam.edu.ec\/facultad-ciencias-sociales-derecho-y-bienestar\/wp-content\/uploads\/sites\/72\/2025\/07\/MATEMATICA-FINACIERA-2-A-2025-1.pdf\">MATEM\u00c1TICA FINANCIERA (2 A) 2025-1<\/a>\u00a0<\/li>\n<\/ul>\n<\/li>\n<li>CARLOS VERA\n<ul>\n<li><a href=\"https:\/\/carreras.uleam.edu.ec\/facultad-ciencias-sociales-derecho-y-bienestar\/wp-content\/uploads\/sites\/72\/2025\/07\/CUENTAS-NACIONALES-8-A-B-2025-1.pdf\">CUENTAS NACIONALES (8 A, B) 2025-1<\/a><\/li>\n<li><a href=\"https:\/\/carreras.uleam.edu.ec\/facultad-ciencias-sociales-derecho-y-bienestar\/wp-content\/uploads\/sites\/72\/2025\/07\/FUNDAMENTOS-DE-LA-ECONOMIA-1-A-2025-1.pdf\">FUNDAMENTOS DE LA ECONOM\u00cdA (1 A) 2025-1<\/a><\/li>\n<li><a href=\"https:\/\/carreras.uleam.edu.ec\/facultad-ciencias-sociales-derecho-y-bienestar\/wp-content\/uploads\/sites\/72\/2025\/07\/INVESTIGACION-OPERATIVA-6-C-2025-1.pdf\">INVESTIGACI\u00d3N OPERATIVA (6 C) 2025-1<\/a><\/li>\n<\/ul>\n<\/li>\n<li>CLAUDIA ZAMBRANO\n<ul>\n<li><a href=\"https:\/\/carreras.uleam.edu.ec\/facultad-ciencias-sociales-derecho-y-bienestar\/wp-content\/uploads\/sites\/72\/2025\/07\/GEOGRAFIA-ECONOMICA-6-A-B-2025-1.pdf\">GEOGRAF\u00cdA ECON\u00d3MICA (6 A, B) 2025-1<\/a><\/li>\n<li><a href=\"https:\/\/carreras.uleam.edu.ec\/facultad-ciencias-sociales-derecho-y-bienestar\/wp-content\/uploads\/sites\/72\/2025\/07\/METODOLOGIA-DE-LA-INVESTIGACION-1-A-2025-1.pdf\">METODOLOG\u00cdA DE LA INVESTIGACI\u00d3N (1 A) 2025-1<\/a><\/li>\n<\/ul>\n<\/li>\n<li>FERNANDO ANZULES\n<ul>\n<li><a href=\"https:\/\/carreras.uleam.edu.ec\/facultad-ciencias-sociales-derecho-y-bienestar\/wp-content\/uploads\/sites\/72\/2025\/07\/MICROECONOMIA-COMPETENCIA-IMPERFECTA-3-B-2025-1.pdf\">MICROECONOM\u00cdA COMPETENCIA IMPERFECTA (3 B) 2025-1<\/a><\/li>\n<li><a href=\"https:\/\/carreras.uleam.edu.ec\/facultad-ciencias-sociales-derecho-y-bienestar\/wp-content\/uploads\/sites\/72\/2025\/07\/TEORIA-MICROECONOMICA-2-A-2025-1.pdf\">TEOR\u00cdA MICROECON\u00d3MICA (2 A) 2025-1<\/a><\/li>\n<\/ul>\n<\/li>\n<li>FRANK VALENCIA\n<ul>\n<li><a href=\"https:\/\/carreras.uleam.edu.ec\/facultad-ciencias-sociales-derecho-y-bienestar\/wp-content\/uploads\/sites\/72\/2025\/07\/DESARROLLO-LOCAL-INNOVACION-Y-EMPRENDIMIENTO-7-A-B-2025-1.pdf\">DESARROLLO LOCAL, INNOVACI\u00d3N Y EMPRENDIMIENTO (7 A, B) 2025-1<\/a><\/li>\n<li><a href=\"https:\/\/carreras.uleam.edu.ec\/facultad-ciencias-sociales-derecho-y-bienestar\/wp-content\/uploads\/sites\/72\/2025\/07\/FINANZAS-PUBLICAS-6-A-B-2025-1.pdf\">FINANZAS PUBLICAS (6 A, B) 2025-1<\/a><\/li>\n<\/ul>\n<\/li>\n<li>GABRIELA ESPINAL\n<ul>\n<li><a href=\"https:\/\/carreras.uleam.edu.ec\/facultad-ciencias-sociales-derecho-y-bienestar\/wp-content\/uploads\/sites\/72\/2025\/07\/ANALISIS_DE_DATOS-8-B-2025-1.pdf\">AN\u00c1LISIS_DE_DATOS (8 B) 2025-1<\/a><\/li>\n<li><a href=\"https:\/\/carreras.uleam.edu.ec\/facultad-ciencias-sociales-derecho-y-bienestar\/wp-content\/uploads\/sites\/72\/2025\/07\/MICROECONOMIA-3-A-2025-1.pdf\">MICROECONOM\u00cdA (3 A) 2025-1<\/a><\/li>\n<\/ul>\n<\/li>\n<li>JAVIER SOL\u00cdS\n<ul>\n<li><a href=\"https:\/\/carreras.uleam.edu.ec\/facultad-ciencias-sociales-derecho-y-bienestar\/wp-content\/uploads\/sites\/72\/2025\/07\/ANALISIS_FINANCIERO-5-A-2025_1.pdf\">AN\u00c1LISIS_FINANCIERO (5 A) 2025_1<\/a><\/li>\n<li><a href=\"https:\/\/carreras.uleam.edu.ec\/facultad-ciencias-sociales-derecho-y-bienestar\/wp-content\/uploads\/sites\/72\/2025\/07\/ESTADISTICA_DESCRIPTIVA-3-A-2025_1.pdf\">ESTAD\u00cdSTICA_DESCRIPTIVA (3 A) 2025_1<\/a><\/li>\n<li><a href=\"https:\/\/carreras.uleam.edu.ec\/facultad-ciencias-sociales-derecho-y-bienestar\/wp-content\/uploads\/sites\/72\/2025\/07\/METODOLOGIA_DE_LA_INVESTIGACION-1-B-2025_1.pdf\">METODOLOG\u00cdA_DE_LA_INVESTIGACI\u00d3N (1 B) 2025_1<\/a><\/li>\n<li><a href=\"https:\/\/carreras.uleam.edu.ec\/facultad-ciencias-sociales-derecho-y-bienestar\/wp-content\/uploads\/sites\/72\/2025\/07\/PLANIFICACION_ESTRATEGICA-7-A-2025_1.pdf\">PLANIFICACI\u00d3N_ESTRAT\u00c9GICA (7 A) 2025_1<\/a><\/li>\n<\/ul>\n<\/li>\n<li>JUAN CARLOS ANCHUNDIA\n<ul>\n<li><a href=\"https:\/\/carreras.uleam.edu.ec\/facultad-ciencias-sociales-derecho-y-bienestar\/wp-content\/uploads\/sites\/72\/2025\/07\/INVESTIGACION-ECOMONICA-5-A-2025-1.pdf\">INVESTIGACI\u00d3N ECON\u00d3MICA (5 A) 2025-1<\/a><\/li>\n<li><a href=\"https:\/\/carreras.uleam.edu.ec\/facultad-ciencias-sociales-derecho-y-bienestar\/wp-content\/uploads\/sites\/72\/2025\/07\/PLANIFICACION-ESTRATEGICA-7-B-2025-1.pdf\">PLANIFICACI\u00d3N ESTRAT\u00c9GICA (7 B) 2025-1<\/a><\/li>\n<\/ul>\n<\/li>\n<li>LISSETTE VALENCIA\n<ul>\n<li><a href=\"https:\/\/carreras.uleam.edu.ec\/facultad-ciencias-sociales-derecho-y-bienestar\/wp-content\/uploads\/sites\/72\/2025\/07\/CONTABILIDAD-DE-COSTOS-2-A-B-2025-1.pdf\">CONTABILIDAD DE COSTOS (2 A, B) 2025 1<\/a><\/li>\n<li><a href=\"https:\/\/carreras.uleam.edu.ec\/facultad-ciencias-sociales-derecho-y-bienestar\/wp-content\/uploads\/sites\/72\/2025\/07\/CONTABILIDAD-GENERAL-1-A-B-2025-1.pdf\">CONTABILIDAD GENERAL (1 A, B) 2025 1<\/a><\/li>\n<\/ul>\n<\/li>\n<li>MAURO BAIL\u00d3N\n<ul>\n<li><a href=\"https:\/\/carreras.uleam.edu.ec\/facultad-ciencias-sociales-derecho-y-bienestar\/wp-content\/uploads\/sites\/72\/2025\/07\/ECONOMIA-EMPRESARIAL-6-B-2025-1.pdf\">ECONOM\u00cdA EMPRESARIAL (6 B) 2025-1<\/a><\/li>\n<li><a href=\"https:\/\/carreras.uleam.edu.ec\/facultad-ciencias-sociales-derecho-y-bienestar\/wp-content\/uploads\/sites\/72\/2025\/07\/GERENCIA-PUBLICA-6-A-2025-1.pdf\">GERENCIA P\u00daBLICA (6 A) 2025-1<\/a><\/li>\n<li><a href=\"https:\/\/carreras.uleam.edu.ec\/facultad-ciencias-sociales-derecho-y-bienestar\/wp-content\/uploads\/sites\/72\/2025\/07\/POLITICA-ECONOMICA-5-B-2025-1.pdf\">POL\u00cdTICA ECON\u00d3MICA (5 B) 2025-1<\/a><\/li>\n<li><a href=\"https:\/\/carreras.uleam.edu.ec\/facultad-ciencias-sociales-derecho-y-bienestar\/wp-content\/uploads\/sites\/72\/2025\/07\/POLITICAS-PUBLICAS-5-A-2025-1.pdf\">POL\u00cdTICAS P\u00daBLICAS (5 A) 2025-1<\/a><\/li>\n<li><a href=\"https:\/\/carreras.uleam.edu.ec\/facultad-ciencias-sociales-derecho-y-bienestar\/wp-content\/uploads\/sites\/72\/2025\/07\/RMAL-7-A-2025-1.pdf\">RMAL (7 A) 2025-1<\/a><\/li>\n<\/ul>\n<\/li>\n<li>MERCEDES DAVALOS\n<ul>\n<li><a href=\"https:\/\/carreras.uleam.edu.ec\/facultad-ciencias-sociales-derecho-y-bienestar\/wp-content\/uploads\/sites\/72\/2025\/07\/ECONOMIA-AMBIENTAL-8-A-2025-1.pdf\">ECONOM\u00cdA AMBIENTAL (8 A) 2025-1<\/a><\/li>\n<li><a href=\"https:\/\/carreras.uleam.edu.ec\/facultad-ciencias-sociales-derecho-y-bienestar\/wp-content\/uploads\/sites\/72\/2025\/07\/MATEMATICA-FINANCIERA-2-B-2025-1.pdf\">MATEM\u00c1TICA FINANCIERA (2 B) 2025-1<\/a><\/li>\n<li><a href=\"https:\/\/carreras.uleam.edu.ec\/facultad-ciencias-sociales-derecho-y-bienestar\/wp-content\/uploads\/sites\/72\/2025\/07\/PRESUPUESTO-Y-PLANIFICACION-PUBLICA-4-A-B-2025-1.pdf\">PRESUPUESTO Y PLANIFICACI\u00d3N PUBLICA (4 A, B) 2025-1<\/a><\/li>\n<\/ul>\n<\/li>\n<li>MIGUEL TOMALA\n<ul>\n<li><a href=\"https:\/\/carreras.uleam.edu.ec\/facultad-ciencias-sociales-derecho-y-bienestar\/wp-content\/uploads\/sites\/72\/2025\/07\/FUNDAMENTOS-DE-ECONOMETRIA-6-A-B-2025-1.pdf\">FUNDAMENTOS DE ECONOMETR\u00cdA (6 A, B) 2025-1<\/a><\/li>\n<li><a href=\"https:\/\/carreras.uleam.edu.ec\/facultad-ciencias-sociales-derecho-y-bienestar\/wp-content\/uploads\/sites\/72\/2025\/07\/MODELOS-ECONOMETRICOS-7-A-B-2025-1.pdf\">MODELOS ECONOM\u00c9TRICOS (7 A, B) 2025-1<\/a><\/li>\n<\/ul>\n<\/li>\n<li>PATRICIO CUESTA\n<ul>\n<li><a href=\"https:\/\/carreras.uleam.edu.ec\/facultad-ciencias-sociales-derecho-y-bienestar\/wp-content\/uploads\/sites\/72\/2025\/07\/ANALISIS-DE-DATOS-ECONOMETRICOS-8-A-2025-1.pdf\">AN\u00c1LISIS DE DATOS ECONOM\u00c9TRICOS (8 A) 2025-1<\/a><\/li>\n<li><a href=\"https:\/\/carreras.uleam.edu.ec\/facultad-ciencias-sociales-derecho-y-bienestar\/wp-content\/uploads\/sites\/72\/2025\/07\/ESTADISTICA-INFERENCIAL-4-A-B-2025-1.pdf\">ESTAD\u00cdSTICA INFERENCIAL (4 A, B) 2025-1<\/a><\/li>\n<\/ul>\n<\/li>\n<li>PATRICIO MACHUCA\n<ul>\n<li><a href=\"https:\/\/carreras.uleam.edu.ec\/facultad-ciencias-sociales-derecho-y-bienestar\/wp-content\/uploads\/sites\/72\/2025\/07\/ECONOMIA-ECUATORIANA-5-A-2025-1.pdf\">ECONOM\u00cdA ECUATORIANA (5 A) 2025-1<\/a><\/li>\n<li><a href=\"https:\/\/carreras.uleam.edu.ec\/facultad-ciencias-sociales-derecho-y-bienestar\/wp-content\/uploads\/sites\/72\/2025\/07\/ECONOMIA-SECTORIAL-8-A-B-2025-1.pdf\">ECONOM\u00cdA SECTORIAL (8 A, B) 2025-1<\/a><\/li>\n<li><a href=\"https:\/\/carreras.uleam.edu.ec\/facultad-ciencias-sociales-derecho-y-bienestar\/wp-content\/uploads\/sites\/72\/2025\/07\/HISTORIA-DEL-PENSAMIENTO-ECONOMICO-3-A-2025-1.pdf\">HISTORIA DEL PENSAMIENTO ECON\u00d3MICO (3 A) 2025-1<\/a><\/li>\n<li><a href=\"https:\/\/carreras.uleam.edu.ec\/facultad-ciencias-sociales-derecho-y-bienestar\/wp-content\/uploads\/sites\/72\/2025\/07\/TEORIA-MICROECONOMICA-2-C-2025-1.pdf\">TEOR\u00cdA MICROECON\u00d3MICA (2 C) 2025-1<\/a><\/li>\n<\/ul>\n<\/li>\n<li>ROBERT PILOZO\n<ul>\n<li><a href=\"https:\/\/carreras.uleam.edu.ec\/facultad-ciencias-sociales-derecho-y-bienestar\/wp-content\/uploads\/sites\/72\/2025\/07\/CALCULO-INTEGRAL-2-A-C-2025-1.pdf\">C\u00c1LCULO INTEGRAL (2 A, C) 2025-1<\/a><\/li>\n<li><a href=\"https:\/\/carreras.uleam.edu.ec\/facultad-ciencias-sociales-derecho-y-bienestar\/wp-content\/uploads\/sites\/72\/2025\/07\/MACROECONOMIA-TEORIA-DE-LOS-CICLOS-Y-POLITICA-ECONOMICA-3-A-2025-1.pdf\">MACROECONOM\u00cdA TEOR\u00cdA DE LOS CICLOS Y POL\u00cdTICA ECON\u00d3MICA (3 A) 2025-1<\/a><\/li>\n<li><a href=\"https:\/\/carreras.uleam.edu.ec\/facultad-ciencias-sociales-derecho-y-bienestar\/wp-content\/uploads\/sites\/72\/2025\/07\/TEORIA-MICROECONOMICA-2-B-2025-1.pdf\">TEOR\u00cdA MICROECON\u00d3MICA (2 B) 2025-1<\/a><\/li>\n<\/ul>\n<\/li>\n<li>VIRGINIA RODR\u00cdGUEZ\n<ul>\n<li><a href=\"https:\/\/carreras.uleam.edu.ec\/facultad-ciencias-sociales-derecho-y-bienestar\/wp-content\/uploads\/sites\/72\/2025\/07\/ECONOMIA-AMBIENTAL-8-B-2025-1.pdf\">ECONOM\u00cdA AMBIENTAL (8 B) 2025-1<\/a><\/li>\n<\/ul>\n<\/li>\n<li>WASHINGTON ZAMBRANO\n<ul>\n<li><a href=\"https:\/\/carreras.uleam.edu.ec\/facultad-ciencias-sociales-derecho-y-bienestar\/wp-content\/uploads\/sites\/72\/2025\/07\/CATEDRA-INTEGRADORA-8-A-B.pdf\">C\u00c1TEDRA INTEGRADORA (8 A, B) 2025-1<\/a><\/li>\n<li><a href=\"https:\/\/carreras.uleam.edu.ec\/facultad-ciencias-sociales-derecho-y-bienestar\/wp-content\/uploads\/sites\/72\/2025\/07\/DERECHO-CONSTITUCIONAL-3-A-C-2025-1.pdf\">DERECHO CONSTITUCIONAL (3 A, C) 2025-1<\/a><\/li>\n<li><a href=\"https:\/\/carreras.uleam.edu.ec\/facultad-ciencias-sociales-derecho-y-bienestar\/wp-content\/uploads\/sites\/72\/2025\/07\/ETICA-PROFESIONAL-4-A-B-2025-1.pdf\">\u00c9TICA PROFESIONAL (4 A, B) 2025-1<\/a><\/li>\n<li><a href=\"https:\/\/carreras.uleam.edu.ec\/facultad-ciencias-sociales-derecho-y-bienestar\/wp-content\/uploads\/sites\/72\/2025\/07\/REALIDAD-ECONOMICA-TERRITORIAL-5-B-2025-1.pdf\">REALIDAD ECON\u00d3MICA TERRITORIAL (5 B) 2025-1<\/a><\/li>\n<\/ul>\n<\/li>\n<li>WILFRIDO FIGUEROA\n<ul>\n<li><a href=\"https:\/\/carreras.uleam.edu.ec\/facultad-ciencias-sociales-derecho-y-bienestar\/wp-content\/uploads\/sites\/72\/2025\/07\/MACROECONOMIA-5-A-2025-1.pdf\">MACROECONOM\u00cdA (5 A) 2025-1<\/a><\/li>\n<li><a href=\"https:\/\/carreras.uleam.edu.ec\/facultad-ciencias-sociales-derecho-y-bienestar\/wp-content\/uploads\/sites\/72\/2025\/07\/TEORIA-DEL-CRECIMIENTO-4-A-B-2025-1.pdf\">TEOR\u00cdA DEL CRECIMIENTO (4 A, B) 2025-1<\/a><\/li>\n<\/ul>\n<\/li>\n<\/ul>\n<!-- wp:paragraph -->\n<p>\u00a0<\/p>\n<!-- \/wp:paragraph -->\t\t\t\t\t\t<\/div>\n\t\t\t\t<\/div>\n\t\t\t\t\t<\/div>\n\t\t<\/div>\n\t\t\t\t\t\t\t<\/div>\n\t\t<\/section>\n\t\t\t\t\t\t<\/div>\n\t\t\t\t\t<\/div>\n\t\t","protected":false},"excerpt":{"rendered":"<p>\u21d2 FLUJO-ELABORACI\u00d3N-MEJORAMIENTO-Y-SEGUIMIENTO-S\u00cdLABO\u00a0 \u21d2 MANUAL-ELABORACI\u00d3N-MEJORAMIENTO-Y-SEGUIMIENTO-AL-SILABO-PAA-03-V2-2 ALDO V\u00c1SQUEZ C\u00c1LCULO_DIFERENCIAL_ECONOM\u00cdA_(1 A) 2025-1 CALCULO_INTEGRAL_ECONOM\u00cdA_(2 B) 2025-1 CARLOS MOYA GESTI\u00d3N_DE_PROYECTOS (7 A, B)_2025 1 MICREOECONOM\u00cdA_DEL_BIENESTAR (4 A, B) 2025 1 CARLOS MU\u00d1OZ FORMULACI\u00d3N EVALUACI\u00d3N DE PROYECTOS (6 A) 2025-1 MATEM\u00c1TICA FINANCIERA (2 A) 2025-1\u00a0 CARLOS [&hellip;]<\/p>\n","protected":false},"author":70,"featured_media":0,"parent":0,"menu_order":0,"comment_status":"closed","ping_status":"closed","template":"","meta":{"_acf_changed":false,"footnotes":""},"class_list":["post-564","page","type-page","status-publish","hentry"],"acf":[],"_links":{"self":[{"href":"https:\/\/carreras.uleam.edu.ec\/facultad-ciencias-sociales-derecho-y-bienestar\/wp-json\/wp\/v2\/pages\/564","targetHints":{"allow":["GET"]}}],"collection":[{"href":"https:\/\/carreras.uleam.edu.ec\/facultad-ciencias-sociales-derecho-y-bienestar\/wp-json\/wp\/v2\/pages"}],"about":[{"href":"https:\/\/carreras.uleam.edu.ec\/facultad-ciencias-sociales-derecho-y-bienestar\/wp-json\/wp\/v2\/types\/page"}],"author":[{"embeddable":true,"href":"https:\/\/carreras.uleam.edu.ec\/facultad-ciencias-sociales-derecho-y-bienestar\/wp-json\/wp\/v2\/users\/70"}],"replies":[{"embeddable":true,"href":"https:\/\/carreras.uleam.edu.ec\/facultad-ciencias-sociales-derecho-y-bienestar\/wp-json\/wp\/v2\/comments?post=564"}],"version-history":[{"count":18,"href":"https:\/\/carreras.uleam.edu.ec\/facultad-ciencias-sociales-derecho-y-bienestar\/wp-json\/wp\/v2\/pages\/564\/revisions"}],"predecessor-version":[{"id":643,"href":"https:\/\/carreras.uleam.edu.ec\/facultad-ciencias-sociales-derecho-y-bienestar\/wp-json\/wp\/v2\/pages\/564\/revisions\/643"}],"wp:attachment":[{"href":"https:\/\/carreras.uleam.edu.ec\/facultad-ciencias-sociales-derecho-y-bienestar\/wp-json\/wp\/v2\/media?parent=564"}],"curies":[{"name":"wp","href":"https:\/\/api.w.org\/{rel}","templated":true}]}}