{"id":1364,"date":"2024-07-16T17:19:36","date_gmt":"2024-07-16T22:19:36","guid":{"rendered":"https:\/\/carreras.uleam.edu.ec\/facultad-de-educacion-turismo-artes-y-humanidades\/?page_id=1364"},"modified":"2025-07-16T15:40:42","modified_gmt":"2025-07-16T20:40:42","slug":"carrera-educacion-basica-bilingue","status":"publish","type":"page","link":"https:\/\/carreras.uleam.edu.ec\/facultad-de-educacion-turismo-artes-y-humanidades\/carrera-educacion-basica-bilingue\/","title":{"rendered":"Carrera Educaci\u00f3n B\u00e1sica Bilingue"},"content":{"rendered":"\t\t<div data-elementor-type=\"wp-page\" data-elementor-id=\"1364\" class=\"elementor elementor-1364\" data-elementor-settings=\"[]\">\n\t\t\t\t\t\t\t<div class=\"elementor-section-wrap\">\n\t\t\t\t\t\t\t<section class=\"elementor-section elementor-top-section elementor-element elementor-element-932cba6 elementor-section-boxed elementor-section-height-default elementor-section-height-default\" data-id=\"932cba6\" data-element_type=\"section\">\n\t\t\t\t\t\t<div class=\"elementor-container elementor-column-gap-default\">\n\t\t\t\t\t<div class=\"elementor-column elementor-col-100 elementor-top-column elementor-element elementor-element-b296ed4\" data-id=\"b296ed4\" data-element_type=\"column\">\n\t\t\t<div class=\"elementor-widget-wrap elementor-element-populated\">\n\t\t\t\t\t\t\t\t<div class=\"elementor-element elementor-element-ca9f8fa elementor-tabs-view-horizontal elementor-widget elementor-widget-tabs\" data-id=\"ca9f8fa\" data-element_type=\"widget\" data-widget_type=\"tabs.default\">\n\t\t\t\t<div class=\"elementor-widget-container\">\n\t\t\t\t\t<div class=\"elementor-tabs\">\n\t\t\t<div class=\"elementor-tabs-wrapper\" role=\"tablist\" >\n\t\t\t\t\t\t\t\t\t<div id=\"elementor-tab-title-2121\" class=\"elementor-tab-title elementor-tab-desktop-title\" aria-selected=\"true\" data-tab=\"1\" role=\"tab\" tabindex=\"0\" aria-controls=\"elementor-tab-content-2121\" aria-expanded=\"false\">Misi\u00f3n y Visi\u00f3n<\/div>\n\t\t\t\t\t\t\t\t\t<div id=\"elementor-tab-title-2122\" class=\"elementor-tab-title elementor-tab-desktop-title\" aria-selected=\"false\" data-tab=\"2\" role=\"tab\" tabindex=\"-1\" aria-controls=\"elementor-tab-content-2122\" aria-expanded=\"false\">Descripci\u00f3n General de la Carrera<\/div>\n\t\t\t\t\t\t\t\t\t<div id=\"elementor-tab-title-2123\" class=\"elementor-tab-title elementor-tab-desktop-title\" aria-selected=\"false\" data-tab=\"3\" role=\"tab\" tabindex=\"-1\" aria-controls=\"elementor-tab-content-2123\" aria-expanded=\"false\">Malla Curricular<\/div>\n\t\t\t\t\t\t\t\t\t<div id=\"elementor-tab-title-2124\" class=\"elementor-tab-title elementor-tab-desktop-title\" aria-selected=\"false\" data-tab=\"4\" role=\"tab\" tabindex=\"-1\" aria-controls=\"elementor-tab-content-2124\" aria-expanded=\"false\">Docentes<\/div>\n\t\t\t\t\t\t\t\t\t<div id=\"elementor-tab-title-2125\" class=\"elementor-tab-title elementor-tab-desktop-title\" aria-selected=\"false\" data-tab=\"5\" role=\"tab\" tabindex=\"-1\" aria-controls=\"elementor-tab-content-2125\" aria-expanded=\"false\">Datos Generales<\/div>\n\t\t\t\t\t\t\t\t\t<div id=\"elementor-tab-title-2126\" class=\"elementor-tab-title elementor-tab-desktop-title\" aria-selected=\"false\" data-tab=\"6\" role=\"tab\" tabindex=\"-1\" aria-controls=\"elementor-tab-content-2126\" aria-expanded=\"false\">Gesti\u00f3n y Proceso Estudiantil<\/div>\n\t\t\t\t\t\t\t<\/div>\n\t\t\t<div class=\"elementor-tabs-content-wrapper\" role=\"tablist\" aria-orientation=\"vertical\">\n\t\t\t\t\t\t\t\t\t<div class=\"elementor-tab-title elementor-tab-mobile-title\" aria-selected=\"true\" data-tab=\"1\" role=\"tab\" tabindex=\"0\" aria-controls=\"elementor-tab-content-2121\" aria-expanded=\"false\">Misi\u00f3n y Visi\u00f3n<\/div>\n\t\t\t\t\t<div id=\"elementor-tab-content-2121\" class=\"elementor-tab-content elementor-clearfix\" data-tab=\"1\" role=\"tabpanel\" aria-labelledby=\"elementor-tab-title-2121\" tabindex=\"0\" hidden=\"false\"><p style=\"text-align: justify\">MISI\u00d3N<\/p><p style=\"text-align: justify\">Formar profesionales en docencia para la Educaci\u00f3n B\u00e1sica, desde el enfoque socio humanista, con pensamiento cr\u00edtico, reflexivo y creativo que, a partir de la investigaci\u00f3n y vinculaci\u00f3n, aporta con soluciones a los problemas y necesidades de los educandos<\/p><p style=\"text-align: justify\">\u00a0VISI\u00d3N<\/p><p style=\"text-align: justify\">Ser una carrera l\u00edder en la formaci\u00f3n de profesionales en docencia para la Educaci\u00f3n B\u00e1sica que contribuya a la innovaci\u00f3n e inclusi\u00f3n educativa, a partir de la investigaci\u00f3n y la vinculaci\u00f3n.<\/p><\/div>\n\t\t\t\t\t\t\t\t\t<div class=\"elementor-tab-title elementor-tab-mobile-title\" aria-selected=\"false\" data-tab=\"2\" role=\"tab\" tabindex=\"-1\" aria-controls=\"elementor-tab-content-2122\" aria-expanded=\"false\">Descripci\u00f3n General de la Carrera<\/div>\n\t\t\t\t\t<div id=\"elementor-tab-content-2122\" class=\"elementor-tab-content elementor-clearfix\" data-tab=\"2\" role=\"tabpanel\" aria-labelledby=\"elementor-tab-title-2122\" tabindex=\"0\" hidden=\"hidden\"><p>Carrera:\u00a0 \u00a0 \u00a0 \u00a0 \u00a0 \u00a0 \u00a0 \u00a0 \u00a0 \u00a0 \u00a0 \u00a0 \u00a0 \u00a0 \u00a0 \u00a0 \u00a0 \u00a0 \u00a0 \u00a0 \u00a0 \u00a0 Educaci\u00f3n B\u00e1sica Biling\u00fce<br \/>T\u00edtulo que otorga:\u00a0 \u00a0 \u00a0 \u00a0 \u00a0 \u00a0 \u00a0 \u00a0 \u00a0 \u00a0 \u00a0 \u00a0 \u00a0\u00a0 Licenciado en Ciencias de la Educaci\u00f3n B\u00e1sica Biling\u00fce<br \/>Modalidad de aprendizaje:\u00a0 \u00a0 \u00a0 \u00a0 \u00a0\u00a0 Presencial<br \/>N\u00famero de per\u00edodos ordinarios: Ocho (8) per\u00edodos acad\u00e9micos<\/p><p>Perfil de ingreso:<\/p><ul><li><strong>\u00a0<\/strong>Poseer t\u00edtulo de bachiller o su equivalente, de conformidad con la Ley; y ,b) Haber cumplido los requisitos normados por el Sistema de Nivelaci\u00f3n y Admisi\u00f3n, el mismo que observar\u00e1 los principios de igualdad de oportunidades, m\u00e9rito y capacidad<\/li><\/ul><p>Requisitos de ingreso:<\/p><p>Los requisitos de ingreso ser\u00e1n los contemplados en el Art\u00edculo 13 del Reglamento de R\u00e9gimen Acad\u00e9mico cuyo texto dice:<\/p><p style=\"padding-left: 40px\">\u00a0<em>Ingreso a tercer nivel.- Para el ingreso al tercer nivel, se requiere poseer t\u00edtulo de bachiller o su equivalente, de conformidad con la Ley\u2026 <\/em><\/p><p style=\"padding-left: 40px\"><em>En el caso de las IES p\u00fablicas, haber cumplido los requisitos normados por el Sistema de Nivelaci\u00f3n y Admisi\u00f3n que observar\u00e1 los principios de igualdad de oportunidades, libertad de elecci\u00f3n de carrera y de m\u00e9ritos.<\/em><\/p><p style=\"padding-left: 40px\"><em>Las IES aceptar\u00e1n los t\u00edtulos de bachiller obtenidos en el extranjero, reconocidos o equiparados por el Ministerio de Educaci\u00f3n. Para tal efecto, las IES podr\u00e1n implementar plazos especiales para la presentaci\u00f3n de la documentaci\u00f3n, que contemplen el tiempo que el Ministerio de Educaci\u00f3n requiere para el reconocimiento o equiparaci\u00f3n de estos estudios.<\/em><\/p><p>Los mismos que se encuentran en concordancia con el Art\u00edculo 82 de la LOES.<\/p><p>Requisitos de titulaci\u00f3n:\u00a0<\/p><ul><li>Haber aprobado las asignaturas del plan curricular de la carrera.<\/li><li>Acreditar competencia comunicativa a nivel B2 de conformidad con el Marco Com\u00fan Europeo de Referencia para las lenguas.<\/li><li>Aprobar las pr\u00e1cticas preprofesionales laborales y comunitarios establecidos en el proyecto de carrera.<\/li><li>Aprobar el trabajo de integraci\u00f3n curricular de conformidad con lo establecido en el Reglamento Interno de R\u00e9gimen Acad\u00e9mico.<\/li><\/ul><p>Modalidades de titulaci\u00f3n:<strong>\u00a0<\/strong><\/p><ul><li>Sistematizaci\u00f3n de experiencias pr\u00e1cticas de investigaci\u00f3n y\/o intervenci\u00f3n.<\/li><\/ul><p>Perfil de egreso:<\/p><ol><li><strong>[Conocimiento pedag\u00f3gico y psicol\u00f3gico<\/strong>] Aplicar los principios pedag\u00f3gicos y psicol\u00f3gicos que orientan el dise\u00f1o y ejecuci\u00f3n de modelos educativos para la organizaci\u00f3n del proceso de ense\u00f1anza y aprendizaje; demostrar el dominio de las habilidades blandas adquiridas en la formaci\u00f3n profesional.<\/li><\/ol><ol start=\"2\"><li><strong>[Actuaci\u00f3n profesional docente]<\/strong> Aplicar los fundamentos legales, pedag\u00f3gicos, did\u00e1cticos, psicol\u00f3gicos, epistemol\u00f3gicos y socio antropol\u00f3gicos en los diversos contextos educativos; participar activamente en congresos y redes internacionales en el que se demuestre competencias b\u00e1sicas y espec\u00edficas del profesional.<\/li><\/ol><ol start=\"3\"><li><strong>[Competencia comunicativa<\/strong>] Emplear asertivamente las habilidades comunicativas en lengua nativa y en el idioma ingl\u00e9s, tanto en el contexto educativo, como en el trabajo comunitario.<\/li><\/ol><ol start=\"4\"><li><strong>[Competencia investigativa]<\/strong> Utilizar bibliotecas virtuales de alto impacto que permiten el desarrollo de la investigaci\u00f3n para el aprendizaje y desarrollo integral del profesional biling\u00fce; participar en congresos nacionales e internacionales que promueven la investigaci\u00f3n.<\/li><\/ol><ol start=\"5\"><li><strong>[Competencia recursiva y tecnol\u00f3gica]<\/strong> Integrar en el proceso educativo el uso de las TIC y recursos convencionales, para la planificaci\u00f3n, innovaci\u00f3n, creatividad y el desarrollo de los ambientes de aprendizaje y su evaluaci\u00f3n.<strong> <br \/><\/strong><\/li><\/ol><ol start=\"6\"><li><strong>[<\/strong><strong>Dise\u00f1o curricular, evaluaci\u00f3n e integraci\u00f3n de las TIC]<\/strong> Dise\u00f1ar el curr\u00edculo escolar con un enfoque en el conocimiento del idioma ingl\u00e9s como lengua extranjera, mediante la creaci\u00f3n de ambientes de aprendizaje que integren recursos tecnol\u00f3gicos que faciliten procesos de ense\u00f1anza y aprendizaje inclusivos y contextualizados y la evaluaci\u00f3n efectiva del estudiantado.<strong> <br \/><\/strong><\/li><\/ol><ol start=\"7\"><li><strong>[Desarrollo curricular, did\u00e1ctica y aprendizaje]<\/strong> Desarrollar el proceso educativo para diagnosticar, motivar, asesorar, evaluar y reorientar a los sujetos educativos en su proceso personal de desarrollo, socializaci\u00f3n y conocimiento del idioma ingl\u00e9s como lengua extranjera.<\/li><\/ol><ol start=\"8\"><li><strong>[Acci\u00f3n tutorial e inclusiva]<\/strong> Implementar acciones tutoriales y educativas en los contextos escolares, familiares y comunitarios con enfoque de igualdad y no discriminaci\u00f3n.<\/li><\/ol><ol start=\"9\"><li><strong>[Integraci\u00f3n familiar y comunitaria] <\/strong>Construir el aprendizaje de forma cooperativa y colaborativa, a partir de los contextos de los sujetos educativos, la familia, la comunidad en funci\u00f3n de los continuos cambios en el desarrollo cient\u00edfico, social, cultural y tecnol\u00f3gico.<\/li><\/ol><\/div>\n\t\t\t\t\t\t\t\t\t<div class=\"elementor-tab-title elementor-tab-mobile-title\" aria-selected=\"false\" data-tab=\"3\" role=\"tab\" tabindex=\"-1\" aria-controls=\"elementor-tab-content-2123\" aria-expanded=\"false\">Malla Curricular<\/div>\n\t\t\t\t\t<div id=\"elementor-tab-content-2123\" class=\"elementor-tab-content elementor-clearfix\" data-tab=\"3\" role=\"tabpanel\" aria-labelledby=\"elementor-tab-title-2123\" tabindex=\"0\" hidden=\"hidden\"><p><a href=\"https:\/\/carreras.uleam.edu.ec\/facultad-de-educacion-turismo-artes-y-humanidades\/wp-content\/uploads\/sites\/75\/2025\/02\/Anexo-7_Malla-EBB.pdf\" target=\"_blank\" rel=\"noopener\"><img loading=\"lazy\" decoding=\"async\" class=\"alignnone wp-image-1765 size-large\" src=\"https:\/\/carreras.uleam.edu.ec\/facultad-de-educacion-turismo-artes-y-humanidades\/wp-content\/uploads\/sites\/75\/2025\/02\/MALLA-BASICA-BILINGUE-1024x723.png\" alt=\"\" width=\"1024\" height=\"723\" srcset=\"https:\/\/carreras.uleam.edu.ec\/facultad-de-educacion-turismo-artes-y-humanidades\/wp-content\/uploads\/sites\/75\/2025\/02\/MALLA-BASICA-BILINGUE-1024x723.png 1024w, https:\/\/carreras.uleam.edu.ec\/facultad-de-educacion-turismo-artes-y-humanidades\/wp-content\/uploads\/sites\/75\/2025\/02\/MALLA-BASICA-BILINGUE-300x212.png 300w, https:\/\/carreras.uleam.edu.ec\/facultad-de-educacion-turismo-artes-y-humanidades\/wp-content\/uploads\/sites\/75\/2025\/02\/MALLA-BASICA-BILINGUE-768x543.png 768w, https:\/\/carreras.uleam.edu.ec\/facultad-de-educacion-turismo-artes-y-humanidades\/wp-content\/uploads\/sites\/75\/2025\/02\/MALLA-BASICA-BILINGUE-1536x1085.png 1536w, https:\/\/carreras.uleam.edu.ec\/facultad-de-educacion-turismo-artes-y-humanidades\/wp-content\/uploads\/sites\/75\/2025\/02\/MALLA-BASICA-BILINGUE-2048x1447.png 2048w\" sizes=\"auto, (max-width: 1024px) 100vw, 1024px\" \/><\/a><\/p><\/div>\n\t\t\t\t\t\t\t\t\t<div class=\"elementor-tab-title elementor-tab-mobile-title\" aria-selected=\"false\" data-tab=\"4\" role=\"tab\" tabindex=\"-1\" aria-controls=\"elementor-tab-content-2124\" aria-expanded=\"false\">Docentes<\/div>\n\t\t\t\t\t<div id=\"elementor-tab-content-2124\" class=\"elementor-tab-content elementor-clearfix\" data-tab=\"4\" role=\"tabpanel\" aria-labelledby=\"elementor-tab-title-2124\" tabindex=\"0\" hidden=\"hidden\"><p>Dr. Francisco Mendoza Moreira, Ph.D<br \/>Dr. Edison Gracia Panta, Ph.D<br \/>Lic. Guillermo Andrade Ortega, Mgtr.<br \/>Lic. Liliana Rodr\u00edguez Mera, Mgtr.<\/p><\/div>\n\t\t\t\t\t\t\t\t\t<div class=\"elementor-tab-title elementor-tab-mobile-title\" aria-selected=\"false\" data-tab=\"5\" role=\"tab\" tabindex=\"-1\" aria-controls=\"elementor-tab-content-2125\" aria-expanded=\"false\">Datos Generales<\/div>\n\t\t\t\t\t<div id=\"elementor-tab-content-2125\" class=\"elementor-tab-content elementor-clearfix\" data-tab=\"5\" role=\"tabpanel\" aria-labelledby=\"elementor-tab-title-2125\" tabindex=\"0\" hidden=\"hidden\"><ul><li style=\"text-align: center\">Dra. Diana Zambrano Ch\u00e1vez, Mgtr.<\/li><li style=\"text-align: center\">DIRECTORA DE CARRERA<\/li><li><p style=\"text-align: center\"><a href=\"mailto:diana.zambrano@uleam.edu.ec\">diana.zambrano@uleam.edu.ec<\/a><\/p><\/li><\/ul><hr \/><ul style=\"text-align: center\"><li>Octaviana Monserrate Guti\u00e9rrez Cede\u00f1o<\/li><li>SECRETARIA DE CARRERA<\/li><li><a href=\"mailto:octaviana.gutierrez@uleam.edu.ec\">octaviana.gutierrez@uleam.edu.ec<\/a><\/li><\/ul><hr \/><ul><li style=\"text-align: center\">HORARIO DE ATENCI\u00d3N<\/li><li style=\"text-align: center\">DE LUNES A VIERNES\u00a0<\/li><li style=\"text-align: center\">08:00 a 13:00 y de 14:00 a 17:00<\/li><\/ul><\/div>\n\t\t\t\t\t\t\t\t\t<div class=\"elementor-tab-title elementor-tab-mobile-title\" aria-selected=\"false\" data-tab=\"6\" role=\"tab\" tabindex=\"-1\" aria-controls=\"elementor-tab-content-2126\" aria-expanded=\"false\">Gesti\u00f3n y Proceso Estudiantil<\/div>\n\t\t\t\t\t<div id=\"elementor-tab-content-2126\" class=\"elementor-tab-content elementor-clearfix\" data-tab=\"6\" role=\"tabpanel\" aria-labelledby=\"elementor-tab-title-2126\" tabindex=\"0\" hidden=\"hidden\"><ul><li>\u21d2 <a href=\"https:\/\/uleam-my.sharepoint.com\/:f:\/g\/personal\/diana_zambrano_uleam_edu_ec\/EssITlUdZPdGoymbI9dkzzYBI_xDF5q0GhlwBStPbJFAkQ?e=L9jm37\" target=\"_blank\" rel=\"noopener\">S\u00cdLABOS (PRIMER NIVEL) 2025-1<\/a><\/li><li>\u21d2\u00a0Pr\u00e1cticas Pre-profesionales<\/li><li>\u21d2\u00a0Comisiones<\/li><li>\u21d2 Informes de comisiones<\/li><li>\u21d2\u00a0Convenios<\/li><li>\u00a0<\/li><\/ul><\/div>\n\t\t\t\t\t\t\t<\/div>\n\t\t<\/div>\n\t\t\t\t<\/div>\n\t\t\t\t<\/div>\n\t\t\t\t\t<\/div>\n\t\t<\/div>\n\t\t\t\t\t\t\t<\/div>\n\t\t<\/section>\n\t\t\t\t\t\t<\/div>\n\t\t\t\t\t<\/div>\n\t\t","protected":false},"excerpt":{"rendered":"<p>Misi\u00f3n y Visi\u00f3n Descripci\u00f3n General de la Carrera Malla Curricular Docentes Datos Generales Gesti\u00f3n y Proceso Estudiantil Misi\u00f3n y Visi\u00f3n MISI\u00d3N Formar profesionales en docencia para la Educaci\u00f3n B\u00e1sica, desde el enfoque socio humanista, con pensamiento cr\u00edtico, reflexivo y creativo [&hellip;]<\/p>\n","protected":false},"author":7,"featured_media":0,"parent":0,"menu_order":0,"comment_status":"closed","ping_status":"closed","template":"","meta":{"_acf_changed":false,"footnotes":""},"class_list":["post-1364","page","type-page","status-publish","hentry"],"acf":[],"_links":{"self":[{"href":"https:\/\/carreras.uleam.edu.ec\/facultad-de-educacion-turismo-artes-y-humanidades\/wp-json\/wp\/v2\/pages\/1364","targetHints":{"allow":["GET"]}}],"collection":[{"href":"https:\/\/carreras.uleam.edu.ec\/facultad-de-educacion-turismo-artes-y-humanidades\/wp-json\/wp\/v2\/pages"}],"about":[{"href":"https:\/\/carreras.uleam.edu.ec\/facultad-de-educacion-turismo-artes-y-humanidades\/wp-json\/wp\/v2\/types\/page"}],"author":[{"embeddable":true,"href":"https:\/\/carreras.uleam.edu.ec\/facultad-de-educacion-turismo-artes-y-humanidades\/wp-json\/wp\/v2\/users\/7"}],"replies":[{"embeddable":true,"href":"https:\/\/carreras.uleam.edu.ec\/facultad-de-educacion-turismo-artes-y-humanidades\/wp-json\/wp\/v2\/comments?post=1364"}],"version-history":[{"count":21,"href":"https:\/\/carreras.uleam.edu.ec\/facultad-de-educacion-turismo-artes-y-humanidades\/wp-json\/wp\/v2\/pages\/1364\/revisions"}],"predecessor-version":[{"id":1956,"href":"https:\/\/carreras.uleam.edu.ec\/facultad-de-educacion-turismo-artes-y-humanidades\/wp-json\/wp\/v2\/pages\/1364\/revisions\/1956"}],"wp:attachment":[{"href":"https:\/\/carreras.uleam.edu.ec\/facultad-de-educacion-turismo-artes-y-humanidades\/wp-json\/wp\/v2\/media?parent=1364"}],"curies":[{"name":"wp","href":"https:\/\/api.w.org\/{rel}","templated":true}]}}