{"id":1365,"date":"2024-07-16T17:25:28","date_gmt":"2024-07-16T22:25:28","guid":{"rendered":"https:\/\/carreras.uleam.edu.ec\/facultad-de-educacion-turismo-artes-y-humanidades\/?page_id=1365"},"modified":"2025-05-05T12:14:36","modified_gmt":"2025-05-05T17:14:36","slug":"carrera-arqueologia","status":"publish","type":"page","link":"https:\/\/carreras.uleam.edu.ec\/facultad-de-educacion-turismo-artes-y-humanidades\/carrera-arqueologia\/","title":{"rendered":"Carrera Arqueolog\u00eda"},"content":{"rendered":"\t\t<div data-elementor-type=\"wp-page\" data-elementor-id=\"1365\" class=\"elementor elementor-1365\" data-elementor-settings=\"[]\">\n\t\t\t\t\t\t\t<div class=\"elementor-section-wrap\">\n\t\t\t\t\t\t\t<section class=\"elementor-section elementor-top-section elementor-element elementor-element-289ad02 elementor-section-boxed elementor-section-height-default elementor-section-height-default\" data-id=\"289ad02\" data-element_type=\"section\">\n\t\t\t\t\t\t<div class=\"elementor-container elementor-column-gap-default\">\n\t\t\t\t\t<div class=\"elementor-column elementor-col-100 elementor-top-column elementor-element elementor-element-8ce6f2f\" data-id=\"8ce6f2f\" data-element_type=\"column\">\n\t\t\t<div class=\"elementor-widget-wrap elementor-element-populated\">\n\t\t\t\t\t\t\t\t<div class=\"elementor-element elementor-element-b77444e elementor-tabs-view-horizontal elementor-widget elementor-widget-tabs\" data-id=\"b77444e\" data-element_type=\"widget\" data-widget_type=\"tabs.default\">\n\t\t\t\t<div class=\"elementor-widget-container\">\n\t\t\t\t\t<div class=\"elementor-tabs\">\n\t\t\t<div class=\"elementor-tabs-wrapper\" role=\"tablist\" >\n\t\t\t\t\t\t\t\t\t<div id=\"elementor-tab-title-1921\" class=\"elementor-tab-title elementor-tab-desktop-title\" aria-selected=\"true\" data-tab=\"1\" role=\"tab\" tabindex=\"0\" aria-controls=\"elementor-tab-content-1921\" aria-expanded=\"false\">Bienvenida<\/div>\n\t\t\t\t\t\t\t\t\t<div id=\"elementor-tab-title-1922\" class=\"elementor-tab-title elementor-tab-desktop-title\" aria-selected=\"false\" data-tab=\"2\" role=\"tab\" tabindex=\"-1\" aria-controls=\"elementor-tab-content-1922\" aria-expanded=\"false\">Misi\u00f3n y Visi\u00f3n <\/div>\n\t\t\t\t\t\t\t\t\t<div id=\"elementor-tab-title-1923\" class=\"elementor-tab-title elementor-tab-desktop-title\" aria-selected=\"false\" data-tab=\"3\" role=\"tab\" tabindex=\"-1\" aria-controls=\"elementor-tab-content-1923\" aria-expanded=\"false\">Descripci\u00f3n General de la Carrera<\/div>\n\t\t\t\t\t\t\t\t\t<div id=\"elementor-tab-title-1924\" class=\"elementor-tab-title elementor-tab-desktop-title\" aria-selected=\"false\" data-tab=\"4\" role=\"tab\" tabindex=\"-1\" aria-controls=\"elementor-tab-content-1924\" aria-expanded=\"false\">Malla Curricular<\/div>\n\t\t\t\t\t\t\t\t\t<div id=\"elementor-tab-title-1925\" class=\"elementor-tab-title elementor-tab-desktop-title\" aria-selected=\"false\" data-tab=\"5\" role=\"tab\" tabindex=\"-1\" aria-controls=\"elementor-tab-content-1925\" aria-expanded=\"false\">Docentes<\/div>\n\t\t\t\t\t\t\t\t\t<div id=\"elementor-tab-title-1926\" class=\"elementor-tab-title elementor-tab-desktop-title\" aria-selected=\"false\" data-tab=\"6\" role=\"tab\" tabindex=\"-1\" aria-controls=\"elementor-tab-content-1926\" aria-expanded=\"false\">Datos Generales<\/div>\n\t\t\t\t\t\t\t\t\t<div id=\"elementor-tab-title-1927\" class=\"elementor-tab-title elementor-tab-desktop-title\" aria-selected=\"false\" data-tab=\"7\" role=\"tab\" tabindex=\"-1\" aria-controls=\"elementor-tab-content-1927\" aria-expanded=\"false\">Gesti\u00f3n y Proceso Estudiantil<\/div>\n\t\t\t\t\t\t\t<\/div>\n\t\t\t<div class=\"elementor-tabs-content-wrapper\" role=\"tablist\" aria-orientation=\"vertical\">\n\t\t\t\t\t\t\t\t\t<div class=\"elementor-tab-title elementor-tab-mobile-title\" aria-selected=\"true\" data-tab=\"1\" role=\"tab\" tabindex=\"0\" aria-controls=\"elementor-tab-content-1921\" aria-expanded=\"false\">Bienvenida<\/div>\n\t\t\t\t\t<div id=\"elementor-tab-content-1921\" class=\"elementor-tab-content elementor-clearfix\" data-tab=\"1\" role=\"tabpanel\" aria-labelledby=\"elementor-tab-title-1921\" tabindex=\"0\" hidden=\"false\"><p><iframe loading=\"lazy\" title=\"BIENVENIDA ARTES\" width=\"500\" height=\"281\" src=\"https:\/\/www.youtube.com\/embed\/2ki5Ui1lc7w?feature=oembed\" frameborder=\"0\" allow=\"accelerometer; autoplay; clipboard-write; encrypted-media; gyroscope; picture-in-picture; web-share\" referrerpolicy=\"strict-origin-when-cross-origin\" allowfullscreen><\/iframe><\/p><p><img loading=\"lazy\" decoding=\"async\" class=\"alignnone wp-image-1710 size-large\" src=\"https:\/\/carreras.uleam.edu.ec\/facultad-de-educacion-turismo-artes-y-humanidades\/wp-content\/uploads\/sites\/75\/2025\/01\/BIENVENIDA-ARQUEOLOGIA-1024x576.png\" alt=\"\" width=\"1024\" height=\"576\" srcset=\"https:\/\/carreras.uleam.edu.ec\/facultad-de-educacion-turismo-artes-y-humanidades\/wp-content\/uploads\/sites\/75\/2025\/01\/BIENVENIDA-ARQUEOLOGIA-1024x576.png 1024w, https:\/\/carreras.uleam.edu.ec\/facultad-de-educacion-turismo-artes-y-humanidades\/wp-content\/uploads\/sites\/75\/2025\/01\/BIENVENIDA-ARQUEOLOGIA-300x169.png 300w, https:\/\/carreras.uleam.edu.ec\/facultad-de-educacion-turismo-artes-y-humanidades\/wp-content\/uploads\/sites\/75\/2025\/01\/BIENVENIDA-ARQUEOLOGIA-768x432.png 768w, https:\/\/carreras.uleam.edu.ec\/facultad-de-educacion-turismo-artes-y-humanidades\/wp-content\/uploads\/sites\/75\/2025\/01\/BIENVENIDA-ARQUEOLOGIA-1536x864.png 1536w, https:\/\/carreras.uleam.edu.ec\/facultad-de-educacion-turismo-artes-y-humanidades\/wp-content\/uploads\/sites\/75\/2025\/01\/BIENVENIDA-ARQUEOLOGIA-2048x1152.png 2048w\" sizes=\"auto, (max-width: 1024px) 100vw, 1024px\" \/><\/p><\/div>\n\t\t\t\t\t\t\t\t\t<div class=\"elementor-tab-title elementor-tab-mobile-title\" aria-selected=\"false\" data-tab=\"2\" role=\"tab\" tabindex=\"-1\" aria-controls=\"elementor-tab-content-1922\" aria-expanded=\"false\">Misi\u00f3n y Visi\u00f3n <\/div>\n\t\t\t\t\t<div id=\"elementor-tab-content-1922\" class=\"elementor-tab-content elementor-clearfix\" data-tab=\"2\" role=\"tabpanel\" aria-labelledby=\"elementor-tab-title-1922\" tabindex=\"0\" hidden=\"hidden\"><p>Misi\u00f3n<\/p><p>La carrera de arqueolog\u00eda forma profesionales integrales al servicio de la comunidad, promotores de la interculturalidad y el bienestar humano, integrando al Estado, la sociedad y la universidad en la resoluci\u00f3n de problem\u00e1ticas socioculturales, desde el respeto a los derechos humanos, el ambiente y la identidad cultural.<\/p><p>Visi\u00f3n<\/p><p>La carrera de arqueolog\u00eda produce conocimiento cient\u00edfico relevante y pertinente desde la trans y la interdisciplinariedad, articulando la interculturalidad como eje transversal de la recuperaci\u00f3n de los saberes ancestrales y del dise\u00f1o de las pol\u00edticas culturales, formara profesionales altamente capacitados para desenvolverse en los m\u00faltiples escenarios del que hacer arqueol\u00f3gico contempor\u00e1neo, atendiendo las necesidades sociales, acad\u00e9micas y cient\u00edficas del contexto social.<\/p><p>Objetivos:<\/p><p><em>Investigaci\u00f3n:<\/em><\/p><p>Desarrollar investigaciones especializadas en el \u00e1mbito arqueol\u00f3gico atendiendo a las necesidades de las comunidades cient\u00edficas y colectividades que visibilicen la riqueza sociocultural de la regi\u00f3n y el pa\u00eds.<\/p><p><em>Vinculaci\u00f3n: <\/em><\/p><p>Atender las necesidades sociales, educativas y cient\u00edficas de las comunidades del Ecuador desde servicios especializados y la promoci\u00f3n de la riqueza cultural de nuestro pa\u00eds.<\/p><p><em>Acad\u00e9mico: <\/em><\/p><p>Integrar la formaci\u00f3n especializada de alto nivel en arqueolog\u00eda con procesos de investigaci\u00f3n y vinculaci\u00f3n garantizando un aprendizaje significativo y el impacto positivo en las comunidades en intervenci\u00f3n.<\/p><p><em>A la comunidad y el buen vivir<\/em><\/p><p>Promover la interculturalidad y la plurinacionalidad como el eje de la identidad y el patrimonio constitutivo de la riqueza cultural en el Ecuador.<\/p><\/div>\n\t\t\t\t\t\t\t\t\t<div class=\"elementor-tab-title elementor-tab-mobile-title\" aria-selected=\"false\" data-tab=\"3\" role=\"tab\" tabindex=\"-1\" aria-controls=\"elementor-tab-content-1923\" aria-expanded=\"false\">Descripci\u00f3n General de la Carrera<\/div>\n\t\t\t\t\t<div id=\"elementor-tab-content-1923\" class=\"elementor-tab-content elementor-clearfix\" data-tab=\"3\" role=\"tabpanel\" aria-labelledby=\"elementor-tab-title-1923\" tabindex=\"0\" hidden=\"hidden\"><ul><li>Nombre de la carrera:\u00a0\u00a0\u00a0\u00a0 \u00a0\u00a0 \u00a0\u00a0\u00a0\u00a0\u00a0\u00a0\u00a0\u00a0\u00a0\u00a0\u00a0\u00a0\u00a0\u00a0\u00a0\u00a0 Arqueolog\u00eda<br \/>Titulaci\u00f3n:\u00a0 \u00a0\u00a0 \u00a0\u00a0\u00a0\u00a0\u00a0\u00a0\u00a0\u00a0\u00a0\u00a0\u00a0\u00a0\u00a0\u00a0\u00a0\u00a0\u00a0\u00a0\u00a0\u00a0\u00a0\u00a0\u00a0\u00a0\u00a0\u00a0\u00a0\u00a0\u00a0\u00a0\u00a0\u00a0\u00a0\u00a0\u00a0\u00a0\u00a0\u00a0\u00a0 Licenciado en Arqueolog\u00eda<\/li><li>N\u00famero de per\u00edodos acad\u00e9micos:\u00a0\u00a0 8<\/li><li>Modalidad de estudio\/aprendizaje:\u00a0 PRESENCIAL<\/li><\/ul><p><span style=\"text-decoration: underline\">Objetivo general<\/span><\/p><p style=\"text-align: justify\">Formar profesionales con los conocimientos, habilidades y competencias necesarias para que se desempe\u00f1en eficazmente en la arqueolog\u00eda y el patrimonio cultural.<\/p><p style=\"text-align: justify\"><span style=\"text-decoration: underline\">Perfil de ingreso:<\/span><\/p><p style=\"text-align: justify\">Los requisitos de ingreso ser\u00e1n los contemplados en el Art\u00edculo 13 del Reglamento de R\u00e9gimen Acad\u00e9mico, cuyo texto dice:<br \/>Ingreso a tercer nivel. Para el ingreso al tercer nivel, se requiere poseer t\u00edtulo de bachiller o su equivalente, de conformidad con la Ley\u2026<br \/>En el caso de las IES p\u00fablicas, haber cumplido los requisitos normados por el Sistema de Nivelaci\u00f3n y Admisi\u00f3n, que observar\u00e1 los principios de igualdad de oportunidades, libertad de elecci\u00f3n de carrera y de m\u00e9ritos.<\/p><p><span style=\"text-decoration: underline\">Requisitos de ingreso:<\/span><\/p><p style=\"text-align: justify\">Los requisitos de ingreso ser\u00e1n los contemplados en el Art\u00edculo 13 del Reglamento de R\u00e9gimen Acad\u00e9mico, cuyo texto dice:<br \/>Ingreso a tercer nivel. Para el ingreso al tercer nivel, se requiere poseer t\u00edtulo de bachiller o su equivalente, de conformidad con la Ley\u2026<br \/>En el caso de las IES p\u00fablicas, haber cumplido los requisitos normados por el Sistema de Nivelaci\u00f3n y Admisi\u00f3n, que observar\u00e1 los principios de igualdad de oportunidades, libertad de elecci\u00f3n de carrera y de m\u00e9ritos.<br \/>Las IES aceptar\u00e1n los t\u00edtulos de bachiller obtenidos en el extranjero, reconocidos o equiparados por el Ministerio de Educaci\u00f3n. Para tal efecto, las IES podr\u00e1n implementar plazos especiales para la presentaci\u00f3n de la documentaci\u00f3n, que contemplen el tiempo que el Ministerio de Educaci\u00f3n requiere para el reconocimiento o equiparaci\u00f3n de estos estudios. Los mismos que se encuentran en concordancia con el Art\u00edculo 82 de la LOES<\/p><p style=\"text-align: justify\"><span style=\"text-decoration: underline\">Requisitos de titulaci\u00f3n:<\/span><\/p><p style=\"text-align: justify\">Aprobar el plan de estudios establecido por la carrera. Cumplir con las horas de vinculaci\u00f3n con la sociedad y pr\u00e1cticas o pasant\u00edas preprofesionales. Aprobar una de las modalidades de titulaci\u00f3n, sea examen de grado o proyecto de investigaci\u00f3n Aprobar la suficiencia en el idioma ingl\u00e9s equivalente al B1 del Marco Com\u00fan Europeo de referencia para las lenguas. Los estudiantes deber\u00e1n demostrar en esta Facultad la aprobaci\u00f3n del n\u00famero de niveles equivalentes al B1 antes de matricularse en el \u00faltimo periodo de la carrera.<\/p><p style=\"text-align: justify\"><span style=\"text-decoration: underline\">Perfil de egreso:<\/span><\/p><p style=\"text-align: justify\"><em>\u00bfQu\u00e9 resultados de aprendizaje y competencias profesionales son necesarias para el futuro desempe\u00f1o profesional?<\/em><\/p><p style=\"text-align: justify\">-Investigaci\u00f3n arqueol\u00f3gica: El arque\u00f3logo puede realizar investigaciones arqueol\u00f3gicas en sitios como asentamientos, necr\u00f3polis, fortificaciones, entre otros. Para ello, debe planificar, coordinar, registrar, dirigir excavaciones. El arque\u00f3logo puede contribuir a la protecci\u00f3n del patrimonio cultural mediante la documentaci\u00f3n y registro de sitios arqueol\u00f3gicos, la elaboraci\u00f3n de planes de gesti\u00f3n, conservaci\u00f3n y la promoci\u00f3n de la educaci\u00f3n y conciencia p\u00fablica sobre la importancia del patrimonio cultural. Los graduados deber\u00edan tener habilidades para comunicar sus hallazgos y resultados de investigaci\u00f3n a diferentes audiencias, incluyendo a la comunidad cient\u00edfica, al p\u00fablico general y los responsables de tomar decisiones sobre patrimonio cultural.<\/p><p style=\"text-align: justify\"><em>\u00bfQu\u00e9 resultados de aprendizaje relacionados con el manejo de m\u00e9todos, metodolog\u00edas, modelos, protocolos, procesos y procedimientos de car\u00e1cter profesional e investigativo se garantizar\u00e1n en la implementaci\u00f3n de la carrera?<\/em><\/p><p style=\"text-align: justify\">En la implementaci\u00f3n de la carrera universitaria de arqueolog\u00eda, se garantizar\u00e1n los siguientes resultados de aprendizaje relacionados con el manejo de m\u00e9todos, metodolog\u00edas, modelos, protocolos, procesos y procedimientos de car\u00e1cter profesional e investigativo:<\/p><ul><li style=\"text-align: justify\">&#8211; Conocimiento en Prospecci\u00f3n arqueol\u00f3gica: b\u00fasqueda sistem\u00e1tica de sitios arqueol\u00f3gicos, con base en el estudio de las condiciones geomorfol\u00f3gicas y ecol\u00f3gicas del \u00e1rea de estudio.<\/li><li style=\"text-align: justify\">&#8211; Conocimientos en excavaci\u00f3n arqueol\u00f3gica: recuperaci\u00f3n sistem\u00e1tica de datos arqueol\u00f3gicos a trav\u00e9s de la excavaci\u00f3n de sitios arqueol\u00f3gicos consider\u00e1ndola o las posibles filiaciones culturales del sitio o los sitios investigados, el tipo de actividad realizada en el interior y la posible conexi\u00f3n con otras \u00e1reas de actividad humana de la zona.<\/li><li style=\"text-align: justify\">&#8211; Conocimiento en an\u00e1lisis de materiales: metodolog\u00eda que se utiliza para analizar los materiales arqueol\u00f3gicos recuperados durante la excavaci\u00f3n, como cer\u00e1mica, huesos, piedra, metal, entre otros. El an\u00e1lisis de materiales puede incluir t\u00e9cnicas como la dataci\u00f3n por radiocarbono, la espectroscop\u00eda y la microscop\u00eda. -Conocimiento en an\u00e1lisis espacial: metodolog\u00eda que se utiliza para analizar la distribuci\u00f3n espacial de los sitios arqueol\u00f3gicos en una regi\u00f3n.<\/li><\/ul><p style=\"text-align: justify\"><em>\u00bfC\u00f3mo contribuye el futuro profesional al mejoramiento de la calidad de vida, el medio ambiente, el desarrollo productivo y la preservaci\u00f3n, difusi\u00f3n y enriquecimiento de las culturas y saberes?<\/em><\/p><p style=\"text-align: justify\">Mejora la calidad de vida, el medio ambiente, el desarrollo productivo y la preservaci\u00f3n, difusi\u00f3n y enriquecimiento de las culturas y saberes. Algunas de estas formas son:<\/p><ul><li style=\"text-align: justify\">&#8211; Investigaci\u00f3n y conservaci\u00f3n del patrimonio cultural: contribuir a la investigaci\u00f3n, preservaci\u00f3n, difusi\u00f3n y enriquecimiento de las culturas y saberes mediante el estudio y conservaci\u00f3n del patrimonio cultural, como los sitios arqueol\u00f3gicos, y los elementos que los conforman.<\/li><li style=\"text-align: justify\">&#8211; Educaci\u00f3n y conciencia social: contribuir al mejoramiento de la calidad de vida, el medio ambiente, el desarrollo productivo y la preservaci\u00f3n cultural mediante la educaci\u00f3n y la creaci\u00f3n de conciencia social sobre la identidad nacional.<\/li><li style=\"text-align: justify\">&#8211; Gesti\u00f3n del patrimonio cultural: contribuir a la gesti\u00f3n del patrimonio cultural mediante la planificaci\u00f3n y ejecuci\u00f3n de proyectos de conservaci\u00f3n y musealizaci\u00f3n de sitios arqueol\u00f3gicos y sus elementos.<\/li><li style=\"text-align: justify\">&#8211; Cooperaci\u00f3n internacional: contribuir al enriquecimiento de las culturas y saberes mediante la cooperaci\u00f3n internacional en proyectos de investigaci\u00f3n arqueol\u00f3gica, intercambio de experiencias y conocimientos, y colaboraci\u00f3n con comunidades locales.<\/li><li style=\"text-align: justify\">&#8211; An\u00e1lisis de impacto ambiental: contribuir al mejoramiento del medio ambiente mediante el an\u00e1lisis de impacto ambiental en proyectos de construcci\u00f3n e infraestructura que puedan afectar a sitios arqueol\u00f3gicos o espacios naturales.<\/li><\/ul><p style=\"text-align: justify\"><em>\u00bfCu\u00e1les son los valores y los principios, en el marco de un enfoque de derechos, igualdad e interculturalidad, pensamiento universal, cr\u00edtico y creativo, que se promover\u00e1n en la formaci\u00f3n profesional que ofrece la carrera?<\/em><\/p><p style=\"text-align: justify\">En la formaci\u00f3n profesional que ofrece la carrera universitaria de Arqueolog\u00eda, se promover\u00e1n los siguientes valores y principios en el marco de un enfoque de derechos, igualdad e interculturalidad y pensamiento universal, cr\u00edtico y creativo:<\/p><ul><li style=\"text-align: justify\">&#8211; Respeto a los derechos humanos: se debe promover el respeto a los derechos humanos y la dignidad de las personas, incluyendo los derechos de las comunidades locales y los pueblos originarios.<\/li><li style=\"text-align: justify\">&#8211; Igualdad y no discriminaci\u00f3n: se debe promover la igualdad y no discriminaci\u00f3n en todas las \u00e1reas de la formaci\u00f3n profesional, incluyendo la selecci\u00f3n de estudiantes, la ense\u00f1anza y la investigaci\u00f3n.<\/li><li style=\"text-align: justify\">&#8211; Interculturalidad: se debe promover el di\u00e1logo intercultural y el respeto a la diversidad cultural, valorando las diferentes formas de conocimiento y saberes locales.<\/li><li style=\"text-align: justify\">&#8211; Pensamiento cr\u00edtico y creativo: se debe promover el pensamiento cr\u00edtico y creativo en la investigaci\u00f3n y la pr\u00e1ctica arqueol\u00f3gica, fomentando la reflexi\u00f3n sobre los procesos hist\u00f3ricos, culturales y sociales que subyacen en los objetos y sitios arqueol\u00f3gicos.<\/li><li style=\"text-align: justify\">&#8211; Sostenibilidad: se debe promover la sostenibilidad en la investigaci\u00f3n y la pr\u00e1ctica arqueol\u00f3gica, teniendo en cuenta los impactos ambientales y sociales de las actividades arqueol\u00f3gicas.<\/li><li style=\"text-align: justify\">&#8211; Responsabilidad social: se debe promover la responsabilidad social en la investigaci\u00f3n y la pr\u00e1ctica arqueol\u00f3gica, fomentando el compromiso con las comunidades locales y los pueblos originarios, y trabajando para mejorar su calidad de vida.<\/li><li style=\"text-align: justify\">&#8211; \u00c9tica profesional: se debe promover una \u00e9tica profesional rigurosa, basada en el respeto a los valores y principios mencionados anteriormente, as\u00ed como en el cumplimiento de los est\u00e1ndares \u00e9ticos internacionales en la investigaci\u00f3n y la pr\u00e1ctica arqueol\u00f3gica.<\/li><\/ul><p style=\"text-align: justify\"><span style=\"text-decoration: underline\">Modalidades de titulaci\u00f3n:<\/span><\/p><p style=\"text-align: justify\">Desarrollo de un trabajo de integraci\u00f3n curricular<\/p><\/div>\n\t\t\t\t\t\t\t\t\t<div class=\"elementor-tab-title elementor-tab-mobile-title\" aria-selected=\"false\" data-tab=\"4\" role=\"tab\" tabindex=\"-1\" aria-controls=\"elementor-tab-content-1924\" aria-expanded=\"false\">Malla Curricular<\/div>\n\t\t\t\t\t<div id=\"elementor-tab-content-1924\" class=\"elementor-tab-content elementor-clearfix\" data-tab=\"4\" role=\"tabpanel\" aria-labelledby=\"elementor-tab-title-1924\" tabindex=\"0\" hidden=\"hidden\"><p><a href=\"https:\/\/carreras.uleam.edu.ec\/facultad-de-educacion-turismo-artes-y-humanidades\/wp-content\/uploads\/sites\/75\/2024\/10\/MALLA-CURRICULAR-ARQUEOLOGIA-FINAL.xlsx\" target=\"_blank\" rel=\"noopener\"><img loading=\"lazy\" decoding=\"async\" class=\"alignnone wp-image-1496 size-large\" src=\"https:\/\/carreras.uleam.edu.ec\/facultad-de-educacion-turismo-artes-y-humanidades\/wp-content\/uploads\/sites\/75\/2024\/10\/malla-arqueologia-2024-1024x704.png\" alt=\"\" width=\"1024\" height=\"704\" srcset=\"https:\/\/carreras.uleam.edu.ec\/facultad-de-educacion-turismo-artes-y-humanidades\/wp-content\/uploads\/sites\/75\/2024\/10\/malla-arqueologia-2024-1024x704.png 1024w, https:\/\/carreras.uleam.edu.ec\/facultad-de-educacion-turismo-artes-y-humanidades\/wp-content\/uploads\/sites\/75\/2024\/10\/malla-arqueologia-2024-300x206.png 300w, https:\/\/carreras.uleam.edu.ec\/facultad-de-educacion-turismo-artes-y-humanidades\/wp-content\/uploads\/sites\/75\/2024\/10\/malla-arqueologia-2024-768x528.png 768w, https:\/\/carreras.uleam.edu.ec\/facultad-de-educacion-turismo-artes-y-humanidades\/wp-content\/uploads\/sites\/75\/2024\/10\/malla-arqueologia-2024-1536x1056.png 1536w, https:\/\/carreras.uleam.edu.ec\/facultad-de-educacion-turismo-artes-y-humanidades\/wp-content\/uploads\/sites\/75\/2024\/10\/malla-arqueologia-2024-2048x1408.png 2048w\" sizes=\"auto, (max-width: 1024px) 100vw, 1024px\" \/><\/a><\/p><\/div>\n\t\t\t\t\t\t\t\t\t<div class=\"elementor-tab-title elementor-tab-mobile-title\" aria-selected=\"false\" data-tab=\"5\" role=\"tab\" tabindex=\"-1\" aria-controls=\"elementor-tab-content-1925\" aria-expanded=\"false\">Docentes<\/div>\n\t\t\t\t\t<div id=\"elementor-tab-content-1925\" class=\"elementor-tab-content elementor-clearfix\" data-tab=\"5\" role=\"tabpanel\" aria-labelledby=\"elementor-tab-title-1925\" tabindex=\"0\" hidden=\"hidden\"><p>NOMINA DE CATEDR\u00c1TICOS PER\u00cdODO ACAD\u00c9MICO 2024-1<\/p><\/div>\n\t\t\t\t\t\t\t\t\t<div class=\"elementor-tab-title elementor-tab-mobile-title\" aria-selected=\"false\" data-tab=\"6\" role=\"tab\" tabindex=\"-1\" aria-controls=\"elementor-tab-content-1926\" aria-expanded=\"false\">Datos Generales<\/div>\n\t\t\t\t\t<div id=\"elementor-tab-content-1926\" class=\"elementor-tab-content elementor-clearfix\" data-tab=\"6\" role=\"tabpanel\" aria-labelledby=\"elementor-tab-title-1926\" tabindex=\"0\" hidden=\"hidden\"><ul><li style=\"text-align: center\">Arq. Erick Bojorque Pazmi\u00f1o, Mg.<\/li><li style=\"text-align: center\">DIRECTOR DE CARRERA<\/li><li style=\"text-align: center\"><p><a href=\"mailto:jorge.bojorque@uleam.edu.ec\">jorge.bojorque@uleam.edu.ec<\/a><\/p><\/li><\/ul><hr \/><ul><li style=\"text-align: center\">HORARIO DE ATENCI\u00d3N:<\/li><li style=\"text-align: center\">DE 08:00 A 17:00\u00a0<\/li><li style=\"text-align: center\">Lunes \u2013 Viernes<\/li><\/ul><\/div>\n\t\t\t\t\t\t\t\t\t<div class=\"elementor-tab-title elementor-tab-mobile-title\" aria-selected=\"false\" data-tab=\"7\" role=\"tab\" tabindex=\"-1\" aria-controls=\"elementor-tab-content-1927\" aria-expanded=\"false\">Gesti\u00f3n y Proceso Estudiantil<\/div>\n\t\t\t\t\t<div id=\"elementor-tab-content-1927\" class=\"elementor-tab-content elementor-clearfix\" data-tab=\"7\" role=\"tabpanel\" aria-labelledby=\"elementor-tab-title-1927\" tabindex=\"0\" hidden=\"hidden\"><ul><li>\u21d2 <a href=\"https:\/\/carreras.uleam.edu.ec\/facultad-de-educacion-turismo-artes-y-humanidades\/wp-content\/uploads\/sites\/75\/2024\/10\/CATALOGO-ARTES-Y-HUMANIDADES-1.pdf\" target=\"_blank\" rel=\"noopener\">Cat\u00e1logo<\/a><\/li><li>\u21d2<a href=\"https:\/\/carreras.uleam.edu.ec\/facultad-de-educacion-turismo-artes-y-humanidades\/wp-content\/uploads\/sites\/75\/2025\/01\/SENESCYT-SDIC-DIC-2024-0316-O.pdf\" target=\"_blank\" rel=\"noopener\"> Red Acad\u00e9mica de Investigaci\u00f3n<\/a><\/li><li>\u21d2\u00a0Pr\u00e1cticas Pre-profesionales<\/li><li>\u21d2\u00a0Comisiones<\/li><li>\u21d2 Informes de comisiones<\/li><li>\u21d2\u00a0Convenios<\/li><li>\u21d2\u00a0<a href=\"https:\/\/departamentos.uleam.edu.ec\/gestion-aseguramiento-calidad\/2019\/04\/08\/matricula\/\">Matr\u00edcula<\/a><\/li><li>\u21d2\u00a0<a href=\"https:\/\/departamentos.uleam.edu.ec\/gestion-aseguramiento-calidad\/reingreso-de-estudiantes\/\">Reingreso de estudiantes<\/a><\/li><li>\u21d2\u00a0<a href=\"https:\/\/departamentos.uleam.edu.ec\/gestion-aseguramiento-calidad\/homologacion-de-estudios-por-analisis-comparativo-de-contenidos\/\">Homologaci\u00f3n de Estudios por An\u00e1lisis Comparativo de Contenidos<\/a><\/li><\/ul><\/div>\n\t\t\t\t\t\t\t<\/div>\n\t\t<\/div>\n\t\t\t\t<\/div>\n\t\t\t\t<\/div>\n\t\t\t\t\t<\/div>\n\t\t<\/div>\n\t\t\t\t\t\t\t<\/div>\n\t\t<\/section>\n\t\t\t\t<section class=\"elementor-section elementor-top-section elementor-element elementor-element-dd18c17 elementor-section-boxed elementor-section-height-default elementor-section-height-default\" data-id=\"dd18c17\" data-element_type=\"section\">\n\t\t\t\t\t\t<div class=\"elementor-container elementor-column-gap-default\">\n\t\t\t\t\t<div class=\"elementor-column elementor-col-100 elementor-top-column elementor-element elementor-element-c9f34cf\" data-id=\"c9f34cf\" data-element_type=\"column\">\n\t\t\t<div class=\"elementor-widget-wrap elementor-element-populated\">\n\t\t\t\t\t\t\t\t<div class=\"elementor-element elementor-element-abe3a0e elementor-widget elementor-widget-image-gallery\" data-id=\"abe3a0e\" data-element_type=\"widget\" data-widget_type=\"image-gallery.default\">\n\t\t\t\t<div class=\"elementor-widget-container\">\n\t\t\t\t\t<div class=\"elementor-image-gallery\">\n\t\t\t\n\t\t<style type=\"text\/css\">\n\t\t\t#gallery-1 {\n\t\t\t\tmargin: auto;\n\t\t\t}\n\t\t\t#gallery-1 .gallery-item {\n\t\t\t\tfloat: left;\n\t\t\t\tmargin-top: 10px;\n\t\t\t\ttext-align: center;\n\t\t\t\twidth: 25%;\n\t\t\t}\n\t\t\t#gallery-1 img {\n\t\t\t\tborder: 2px solid #cfcfcf;\n\t\t\t}\n\t\t\t#gallery-1 .gallery-caption {\n\t\t\t\tmargin-left: 0;\n\t\t\t}\n\t\t\t\/* see gallery_shortcode() in wp-includes\/media.php *\/\n\t\t<\/style>\n\t\t<div id='gallery-1' class='gallery galleryid-1365 gallery-columns-4 gallery-size-thumbnail'><dl class='gallery-item'>\n\t\t\t<dt class='gallery-icon landscape'>\n\t\t\t\t<a data-elementor-open-lightbox=\"yes\" data-elementor-lightbox-slideshow=\"abe3a0e\" data-elementor-lightbox-title=\"FLYERS ARTES Y HUMANIDADES\" href='https:\/\/carreras.uleam.edu.ec\/facultad-de-educacion-turismo-artes-y-humanidades\/wp-content\/uploads\/sites\/75\/2025\/02\/FLYERS-ARTES-Y-HUMANIDADES.png'><img loading=\"lazy\" decoding=\"async\" width=\"150\" height=\"150\" src=\"https:\/\/carreras.uleam.edu.ec\/facultad-de-educacion-turismo-artes-y-humanidades\/wp-content\/uploads\/sites\/75\/2025\/02\/FLYERS-ARTES-Y-HUMANIDADES-150x150.png\" class=\"attachment-thumbnail size-thumbnail\" alt=\"\" srcset=\"https:\/\/carreras.uleam.edu.ec\/facultad-de-educacion-turismo-artes-y-humanidades\/wp-content\/uploads\/sites\/75\/2025\/02\/FLYERS-ARTES-Y-HUMANIDADES-150x150.png 150w, https:\/\/carreras.uleam.edu.ec\/facultad-de-educacion-turismo-artes-y-humanidades\/wp-content\/uploads\/sites\/75\/2025\/02\/FLYERS-ARTES-Y-HUMANIDADES-300x300.png 300w, https:\/\/carreras.uleam.edu.ec\/facultad-de-educacion-turismo-artes-y-humanidades\/wp-content\/uploads\/sites\/75\/2025\/02\/FLYERS-ARTES-Y-HUMANIDADES-1024x1024.png 1024w, https:\/\/carreras.uleam.edu.ec\/facultad-de-educacion-turismo-artes-y-humanidades\/wp-content\/uploads\/sites\/75\/2025\/02\/FLYERS-ARTES-Y-HUMANIDADES-768x768.png 768w, https:\/\/carreras.uleam.edu.ec\/facultad-de-educacion-turismo-artes-y-humanidades\/wp-content\/uploads\/sites\/75\/2025\/02\/FLYERS-ARTES-Y-HUMANIDADES-1536x1536.png 1536w, https:\/\/carreras.uleam.edu.ec\/facultad-de-educacion-turismo-artes-y-humanidades\/wp-content\/uploads\/sites\/75\/2025\/02\/FLYERS-ARTES-Y-HUMANIDADES-2048x2048.png 2048w, https:\/\/carreras.uleam.edu.ec\/facultad-de-educacion-turismo-artes-y-humanidades\/wp-content\/uploads\/sites\/75\/2025\/02\/FLYERS-ARTES-Y-HUMANIDADES-100x100.png 100w\" sizes=\"auto, (max-width: 150px) 100vw, 150px\" \/><\/a>\n\t\t\t<\/dt><\/dl><dl class='gallery-item'>\n\t\t\t<dt class='gallery-icon landscape'>\n\t\t\t\t<a data-elementor-open-lightbox=\"yes\" data-elementor-lightbox-slideshow=\"abe3a0e\" data-elementor-lightbox-title=\"3\" href='https:\/\/carreras.uleam.edu.ec\/facultad-de-educacion-turismo-artes-y-humanidades\/wp-content\/uploads\/sites\/75\/2025\/02\/3.png'><img loading=\"lazy\" decoding=\"async\" width=\"150\" height=\"150\" src=\"https:\/\/carreras.uleam.edu.ec\/facultad-de-educacion-turismo-artes-y-humanidades\/wp-content\/uploads\/sites\/75\/2025\/02\/3-150x150.png\" class=\"attachment-thumbnail size-thumbnail\" alt=\"\" srcset=\"https:\/\/carreras.uleam.edu.ec\/facultad-de-educacion-turismo-artes-y-humanidades\/wp-content\/uploads\/sites\/75\/2025\/02\/3-150x150.png 150w, https:\/\/carreras.uleam.edu.ec\/facultad-de-educacion-turismo-artes-y-humanidades\/wp-content\/uploads\/sites\/75\/2025\/02\/3-300x300.png 300w, https:\/\/carreras.uleam.edu.ec\/facultad-de-educacion-turismo-artes-y-humanidades\/wp-content\/uploads\/sites\/75\/2025\/02\/3-1024x1024.png 1024w, https:\/\/carreras.uleam.edu.ec\/facultad-de-educacion-turismo-artes-y-humanidades\/wp-content\/uploads\/sites\/75\/2025\/02\/3-768x768.png 768w, https:\/\/carreras.uleam.edu.ec\/facultad-de-educacion-turismo-artes-y-humanidades\/wp-content\/uploads\/sites\/75\/2025\/02\/3-1536x1536.png 1536w, https:\/\/carreras.uleam.edu.ec\/facultad-de-educacion-turismo-artes-y-humanidades\/wp-content\/uploads\/sites\/75\/2025\/02\/3-2048x2048.png 2048w, https:\/\/carreras.uleam.edu.ec\/facultad-de-educacion-turismo-artes-y-humanidades\/wp-content\/uploads\/sites\/75\/2025\/02\/3-100x100.png 100w\" sizes=\"auto, (max-width: 150px) 100vw, 150px\" \/><\/a>\n\t\t\t<\/dt><\/dl><dl class='gallery-item'>\n\t\t\t<dt class='gallery-icon landscape'>\n\t\t\t\t<a data-elementor-open-lightbox=\"yes\" data-elementor-lightbox-slideshow=\"abe3a0e\" data-elementor-lightbox-title=\"2\" href='https:\/\/carreras.uleam.edu.ec\/facultad-de-educacion-turismo-artes-y-humanidades\/wp-content\/uploads\/sites\/75\/2025\/02\/2.png'><img loading=\"lazy\" decoding=\"async\" width=\"150\" height=\"150\" src=\"https:\/\/carreras.uleam.edu.ec\/facultad-de-educacion-turismo-artes-y-humanidades\/wp-content\/uploads\/sites\/75\/2025\/02\/2-150x150.png\" class=\"attachment-thumbnail size-thumbnail\" alt=\"\" srcset=\"https:\/\/carreras.uleam.edu.ec\/facultad-de-educacion-turismo-artes-y-humanidades\/wp-content\/uploads\/sites\/75\/2025\/02\/2-150x150.png 150w, https:\/\/carreras.uleam.edu.ec\/facultad-de-educacion-turismo-artes-y-humanidades\/wp-content\/uploads\/sites\/75\/2025\/02\/2-300x300.png 300w, https:\/\/carreras.uleam.edu.ec\/facultad-de-educacion-turismo-artes-y-humanidades\/wp-content\/uploads\/sites\/75\/2025\/02\/2-1024x1024.png 1024w, https:\/\/carreras.uleam.edu.ec\/facultad-de-educacion-turismo-artes-y-humanidades\/wp-content\/uploads\/sites\/75\/2025\/02\/2-768x768.png 768w, https:\/\/carreras.uleam.edu.ec\/facultad-de-educacion-turismo-artes-y-humanidades\/wp-content\/uploads\/sites\/75\/2025\/02\/2-1536x1536.png 1536w, https:\/\/carreras.uleam.edu.ec\/facultad-de-educacion-turismo-artes-y-humanidades\/wp-content\/uploads\/sites\/75\/2025\/02\/2-2048x2048.png 2048w, https:\/\/carreras.uleam.edu.ec\/facultad-de-educacion-turismo-artes-y-humanidades\/wp-content\/uploads\/sites\/75\/2025\/02\/2-100x100.png 100w\" sizes=\"auto, (max-width: 150px) 100vw, 150px\" \/><\/a>\n\t\t\t<\/dt><\/dl><dl class='gallery-item'>\n\t\t\t<dt class='gallery-icon landscape'>\n\t\t\t\t<a data-elementor-open-lightbox=\"yes\" data-elementor-lightbox-slideshow=\"abe3a0e\" data-elementor-lightbox-title=\"ANUNCIO\" href='https:\/\/carreras.uleam.edu.ec\/facultad-de-educacion-turismo-artes-y-humanidades\/wp-content\/uploads\/sites\/75\/2025\/01\/ANUNCIO-4.png'><img loading=\"lazy\" decoding=\"async\" width=\"150\" height=\"150\" src=\"https:\/\/carreras.uleam.edu.ec\/facultad-de-educacion-turismo-artes-y-humanidades\/wp-content\/uploads\/sites\/75\/2025\/01\/ANUNCIO-4-150x150.png\" class=\"attachment-thumbnail size-thumbnail\" alt=\"\" srcset=\"https:\/\/carreras.uleam.edu.ec\/facultad-de-educacion-turismo-artes-y-humanidades\/wp-content\/uploads\/sites\/75\/2025\/01\/ANUNCIO-4-150x150.png 150w, https:\/\/carreras.uleam.edu.ec\/facultad-de-educacion-turismo-artes-y-humanidades\/wp-content\/uploads\/sites\/75\/2025\/01\/ANUNCIO-4-300x300.png 300w, https:\/\/carreras.uleam.edu.ec\/facultad-de-educacion-turismo-artes-y-humanidades\/wp-content\/uploads\/sites\/75\/2025\/01\/ANUNCIO-4-1024x1024.png 1024w, https:\/\/carreras.uleam.edu.ec\/facultad-de-educacion-turismo-artes-y-humanidades\/wp-content\/uploads\/sites\/75\/2025\/01\/ANUNCIO-4-768x768.png 768w, https:\/\/carreras.uleam.edu.ec\/facultad-de-educacion-turismo-artes-y-humanidades\/wp-content\/uploads\/sites\/75\/2025\/01\/ANUNCIO-4-1536x1536.png 1536w, https:\/\/carreras.uleam.edu.ec\/facultad-de-educacion-turismo-artes-y-humanidades\/wp-content\/uploads\/sites\/75\/2025\/01\/ANUNCIO-4-2048x2048.png 2048w, https:\/\/carreras.uleam.edu.ec\/facultad-de-educacion-turismo-artes-y-humanidades\/wp-content\/uploads\/sites\/75\/2025\/01\/ANUNCIO-4-100x100.png 100w\" sizes=\"auto, (max-width: 150px) 100vw, 150px\" \/><\/a>\n\t\t\t<\/dt><\/dl><br style=\"clear: both\" \/><dl class='gallery-item'>\n\t\t\t<dt class='gallery-icon landscape'>\n\t\t\t\t<a data-elementor-open-lightbox=\"yes\" data-elementor-lightbox-slideshow=\"abe3a0e\" data-elementor-lightbox-title=\"WhatsApp Image 2025-01-09 at 16.28.18\" href='https:\/\/carreras.uleam.edu.ec\/facultad-de-educacion-turismo-artes-y-humanidades\/wp-content\/uploads\/sites\/75\/2025\/01\/WhatsApp-Image-2025-01-09-at-16.28.18.jpeg'><img loading=\"lazy\" decoding=\"async\" width=\"150\" height=\"150\" src=\"https:\/\/carreras.uleam.edu.ec\/facultad-de-educacion-turismo-artes-y-humanidades\/wp-content\/uploads\/sites\/75\/2025\/01\/WhatsApp-Image-2025-01-09-at-16.28.18-150x150.jpeg\" class=\"attachment-thumbnail size-thumbnail\" alt=\"\" srcset=\"https:\/\/carreras.uleam.edu.ec\/facultad-de-educacion-turismo-artes-y-humanidades\/wp-content\/uploads\/sites\/75\/2025\/01\/WhatsApp-Image-2025-01-09-at-16.28.18-150x150.jpeg 150w, https:\/\/carreras.uleam.edu.ec\/facultad-de-educacion-turismo-artes-y-humanidades\/wp-content\/uploads\/sites\/75\/2025\/01\/WhatsApp-Image-2025-01-09-at-16.28.18-300x300.jpeg 300w, https:\/\/carreras.uleam.edu.ec\/facultad-de-educacion-turismo-artes-y-humanidades\/wp-content\/uploads\/sites\/75\/2025\/01\/WhatsApp-Image-2025-01-09-at-16.28.18-1024x1024.jpeg 1024w, https:\/\/carreras.uleam.edu.ec\/facultad-de-educacion-turismo-artes-y-humanidades\/wp-content\/uploads\/sites\/75\/2025\/01\/WhatsApp-Image-2025-01-09-at-16.28.18-768x768.jpeg 768w, https:\/\/carreras.uleam.edu.ec\/facultad-de-educacion-turismo-artes-y-humanidades\/wp-content\/uploads\/sites\/75\/2025\/01\/WhatsApp-Image-2025-01-09-at-16.28.18-100x100.jpeg 100w, https:\/\/carreras.uleam.edu.ec\/facultad-de-educacion-turismo-artes-y-humanidades\/wp-content\/uploads\/sites\/75\/2025\/01\/WhatsApp-Image-2025-01-09-at-16.28.18.jpeg 1280w\" sizes=\"auto, (max-width: 150px) 100vw, 150px\" \/><\/a>\n\t\t\t<\/dt><\/dl><dl class='gallery-item'>\n\t\t\t<dt class='gallery-icon portrait'>\n\t\t\t\t<a data-elementor-open-lightbox=\"yes\" data-elementor-lightbox-slideshow=\"abe3a0e\" data-elementor-lightbox-title=\"ARQUEOLOG\u00cdA\" href='https:\/\/carreras.uleam.edu.ec\/facultad-de-educacion-turismo-artes-y-humanidades\/wp-content\/uploads\/sites\/75\/2024\/10\/ARQUEOLOGIA-scaled.jpg'><img loading=\"lazy\" decoding=\"async\" width=\"150\" height=\"150\" src=\"https:\/\/carreras.uleam.edu.ec\/facultad-de-educacion-turismo-artes-y-humanidades\/wp-content\/uploads\/sites\/75\/2024\/10\/ARQUEOLOGIA-150x150.jpg\" class=\"attachment-thumbnail size-thumbnail\" alt=\"\" srcset=\"https:\/\/carreras.uleam.edu.ec\/facultad-de-educacion-turismo-artes-y-humanidades\/wp-content\/uploads\/sites\/75\/2024\/10\/ARQUEOLOGIA-150x150.jpg 150w, https:\/\/carreras.uleam.edu.ec\/facultad-de-educacion-turismo-artes-y-humanidades\/wp-content\/uploads\/sites\/75\/2024\/10\/ARQUEOLOGIA-100x100.jpg 100w\" sizes=\"auto, (max-width: 150px) 100vw, 150px\" \/><\/a>\n\t\t\t<\/dt><\/dl><dl class='gallery-item'>\n\t\t\t<dt class='gallery-icon landscape'>\n\t\t\t\t<a data-elementor-open-lightbox=\"yes\" data-elementor-lightbox-slideshow=\"abe3a0e\" data-elementor-lightbox-title=\"ADMISIONES 2025-1\" href='https:\/\/carreras.uleam.edu.ec\/facultad-de-educacion-turismo-artes-y-humanidades\/wp-content\/uploads\/sites\/75\/2024\/10\/ADMISIONES-2025-1-5.png'><img loading=\"lazy\" decoding=\"async\" width=\"150\" height=\"150\" src=\"https:\/\/carreras.uleam.edu.ec\/facultad-de-educacion-turismo-artes-y-humanidades\/wp-content\/uploads\/sites\/75\/2024\/10\/ADMISIONES-2025-1-5-150x150.png\" class=\"attachment-thumbnail size-thumbnail\" alt=\"\" srcset=\"https:\/\/carreras.uleam.edu.ec\/facultad-de-educacion-turismo-artes-y-humanidades\/wp-content\/uploads\/sites\/75\/2024\/10\/ADMISIONES-2025-1-5-150x150.png 150w, https:\/\/carreras.uleam.edu.ec\/facultad-de-educacion-turismo-artes-y-humanidades\/wp-content\/uploads\/sites\/75\/2024\/10\/ADMISIONES-2025-1-5-100x100.png 100w\" sizes=\"auto, (max-width: 150px) 100vw, 150px\" \/><\/a>\n\t\t\t<\/dt><\/dl>\n\t\t\t<br style='clear: both' \/>\n\t\t<\/div>\n\t\t<\/div>\n\t\t\t\t<\/div>\n\t\t\t\t<\/div>\n\t\t\t\t\t<\/div>\n\t\t<\/div>\n\t\t\t\t\t\t\t<\/div>\n\t\t<\/section>\n\t\t\t\t\t\t<\/div>\n\t\t\t\t\t<\/div>\n\t\t","protected":false},"excerpt":{"rendered":"<p>Bienvenida Misi\u00f3n y Visi\u00f3n Descripci\u00f3n General de la Carrera Malla Curricular Docentes Datos Generales Gesti\u00f3n y Proceso Estudiantil Bienvenida Misi\u00f3n y Visi\u00f3n Misi\u00f3n La carrera de arqueolog\u00eda forma profesionales integrales al servicio de la comunidad, promotores de la interculturalidad y [&hellip;]<\/p>\n","protected":false},"author":7,"featured_media":0,"parent":0,"menu_order":0,"comment_status":"closed","ping_status":"closed","template":"","meta":{"_acf_changed":false,"footnotes":""},"class_list":["post-1365","page","type-page","status-publish","hentry"],"acf":[],"_links":{"self":[{"href":"https:\/\/carreras.uleam.edu.ec\/facultad-de-educacion-turismo-artes-y-humanidades\/wp-json\/wp\/v2\/pages\/1365","targetHints":{"allow":["GET"]}}],"collection":[{"href":"https:\/\/carreras.uleam.edu.ec\/facultad-de-educacion-turismo-artes-y-humanidades\/wp-json\/wp\/v2\/pages"}],"about":[{"href":"https:\/\/carreras.uleam.edu.ec\/facultad-de-educacion-turismo-artes-y-humanidades\/wp-json\/wp\/v2\/types\/page"}],"author":[{"embeddable":true,"href":"https:\/\/carreras.uleam.edu.ec\/facultad-de-educacion-turismo-artes-y-humanidades\/wp-json\/wp\/v2\/users\/7"}],"replies":[{"embeddable":true,"href":"https:\/\/carreras.uleam.edu.ec\/facultad-de-educacion-turismo-artes-y-humanidades\/wp-json\/wp\/v2\/comments?post=1365"}],"version-history":[{"count":34,"href":"https:\/\/carreras.uleam.edu.ec\/facultad-de-educacion-turismo-artes-y-humanidades\/wp-json\/wp\/v2\/pages\/1365\/revisions"}],"predecessor-version":[{"id":1916,"href":"https:\/\/carreras.uleam.edu.ec\/facultad-de-educacion-turismo-artes-y-humanidades\/wp-json\/wp\/v2\/pages\/1365\/revisions\/1916"}],"wp:attachment":[{"href":"https:\/\/carreras.uleam.edu.ec\/facultad-de-educacion-turismo-artes-y-humanidades\/wp-json\/wp\/v2\/media?parent=1365"}],"curies":[{"name":"wp","href":"https:\/\/api.w.org\/{rel}","templated":true}]}}