{"id":1793,"date":"2025-02-17T10:56:36","date_gmt":"2025-02-17T15:56:36","guid":{"rendered":"https:\/\/carreras.uleam.edu.ec\/facultad-de-educacion-turismo-artes-y-humanidades\/?page_id=1793"},"modified":"2025-03-14T16:22:23","modified_gmt":"2025-03-14T21:22:23","slug":"carrera-entrenamiento-deportivo","status":"publish","type":"page","link":"https:\/\/carreras.uleam.edu.ec\/facultad-de-educacion-turismo-artes-y-humanidades\/carrera-entrenamiento-deportivo\/","title":{"rendered":"Carrera Entrenamiento Deportivo"},"content":{"rendered":"\t\t<div data-elementor-type=\"wp-page\" data-elementor-id=\"1793\" class=\"elementor elementor-1793\" data-elementor-settings=\"[]\">\n\t\t\t\t\t\t\t<div class=\"elementor-section-wrap\">\n\t\t\t\t\t\t\t<section class=\"elementor-section elementor-top-section elementor-element elementor-element-fa02356 elementor-section-boxed elementor-section-height-default elementor-section-height-default\" data-id=\"fa02356\" data-element_type=\"section\">\n\t\t\t\t\t\t<div class=\"elementor-container elementor-column-gap-default\">\n\t\t\t\t\t<div class=\"elementor-column elementor-col-100 elementor-top-column elementor-element elementor-element-934ca57\" data-id=\"934ca57\" data-element_type=\"column\">\n\t\t\t<div class=\"elementor-widget-wrap elementor-element-populated\">\n\t\t\t\t\t\t\t\t<div class=\"elementor-element elementor-element-25f1b15 elementor-tabs-view-horizontal elementor-widget elementor-widget-tabs\" data-id=\"25f1b15\" data-element_type=\"widget\" data-widget_type=\"tabs.default\">\n\t\t\t\t<div class=\"elementor-widget-container\">\n\t\t\t\t\t<div class=\"elementor-tabs\">\n\t\t\t<div class=\"elementor-tabs-wrapper\" role=\"tablist\" >\n\t\t\t\t\t\t\t\t\t<div id=\"elementor-tab-title-3971\" class=\"elementor-tab-title elementor-tab-desktop-title\" aria-selected=\"true\" data-tab=\"1\" role=\"tab\" tabindex=\"0\" aria-controls=\"elementor-tab-content-3971\" aria-expanded=\"false\">Descripci\u00f3n General de la Carrera<\/div>\n\t\t\t\t\t\t\t\t\t<div id=\"elementor-tab-title-3972\" class=\"elementor-tab-title elementor-tab-desktop-title\" aria-selected=\"false\" data-tab=\"2\" role=\"tab\" tabindex=\"-1\" aria-controls=\"elementor-tab-content-3972\" aria-expanded=\"false\">Malla Curricular<\/div>\n\t\t\t\t\t\t\t\t\t<div id=\"elementor-tab-title-3973\" class=\"elementor-tab-title elementor-tab-desktop-title\" aria-selected=\"false\" data-tab=\"3\" role=\"tab\" tabindex=\"-1\" aria-controls=\"elementor-tab-content-3973\" aria-expanded=\"false\">Docentes<\/div>\n\t\t\t\t\t\t\t\t\t<div id=\"elementor-tab-title-3974\" class=\"elementor-tab-title elementor-tab-desktop-title\" aria-selected=\"false\" data-tab=\"4\" role=\"tab\" tabindex=\"-1\" aria-controls=\"elementor-tab-content-3974\" aria-expanded=\"false\">Datos Generales<\/div>\n\t\t\t\t\t\t\t\t\t<div id=\"elementor-tab-title-3975\" class=\"elementor-tab-title elementor-tab-desktop-title\" aria-selected=\"false\" data-tab=\"5\" role=\"tab\" tabindex=\"-1\" aria-controls=\"elementor-tab-content-3975\" aria-expanded=\"false\">Gesti\u00f3n y Proceso Estudiantil<\/div>\n\t\t\t\t\t\t\t<\/div>\n\t\t\t<div class=\"elementor-tabs-content-wrapper\" role=\"tablist\" aria-orientation=\"vertical\">\n\t\t\t\t\t\t\t\t\t<div class=\"elementor-tab-title elementor-tab-mobile-title\" aria-selected=\"true\" data-tab=\"1\" role=\"tab\" tabindex=\"0\" aria-controls=\"elementor-tab-content-3971\" aria-expanded=\"false\">Descripci\u00f3n General de la Carrera<\/div>\n\t\t\t\t\t<div id=\"elementor-tab-content-3971\" class=\"elementor-tab-content elementor-clearfix\" data-tab=\"1\" role=\"tabpanel\" aria-labelledby=\"elementor-tab-title-3971\" tabindex=\"0\" hidden=\"false\"><ul><li>Nombre de la carrera:\u00a0 \u00a0 \u00a0 \u00a0 \u00a0 \u00a0 \u00a0 \u00a0 \u00a0 \u00a0 \u00a0 \u00a0\u00a0 Entrenamiento Deportivo \u00a0 \u00a0 \u00a0 \u00a0 \u00a0 \u00a0 \u00a0 \u00a0 \u00a0 \u00a0 \u00a0<br \/>Titulaci\u00f3n:\u00a0 \u00a0 \u00a0 \u00a0 \u00a0 \u00a0 \u00a0 \u00a0 \u00a0 \u00a0 \u00a0 \u00a0 \u00a0 \u00a0 \u00a0 \u00a0 \u00a0 \u00a0 \u00a0 \u00a0 \u00a0 \u00a0\u00a0 Licenciado\/a en Entrenamiento Deportivo<\/li><li>N\u00famero de per\u00edodos acad\u00e9micos:\u00a0 \u00a07 semestres<\/li><li>Modalidad de estudio\/aprendizaje:\u00a0\u00a0Presencial<\/li><\/ul><p style=\"text-align: justify\">Objetivo general<\/p><p style=\"text-align: justify\">Formar profesionales en entrenamiento deportivo desde una concepci\u00f3n hol\u00edstica, capaces de analizar, organizar, ejecutar, controlar y evaluar los programas y las actividades que contribuyan al desarrollo deportivo de la comunidad local, regional y nacional, aportando tambi\u00e9n con las pol\u00edticas sociales y deportivas del pa\u00eds.<\/p><p style=\"text-align: justify\">Perfil de ingreso:<\/p><ul style=\"text-align: justify\"><li>Tener conocimientos b\u00e1sicos de las ciencias sociales, adem\u00e1s la disposici\u00f3n para el desarrollo de h\u00e1bitos saludables y deportivos.<\/li><li>Distinguirse por el inter\u00e9s genuino por el deporte y el ejercicio f\u00edsico.<\/li><li>Ser asiduo lector de las ciencias del deporte y generar la investigaci\u00f3n. Es fundamental que conozca de biolog\u00eda, anatom\u00eda, fisiolog\u00eda y la psicolog\u00eda del deporte. Comprender la estructura f\u00edsica y emocional del ser humano.<\/li><li>Mostrar habilidades duras y blandas como la comunicaci\u00f3n, liderazgo, el trabajo en equipo con diversidad cultural y social y el colaborativo.<\/li><\/ul><p style=\"text-align: justify\">Para ingresar a la carrera de Entrenamiento Deportivo nivel equivalente a Licenciatura, el estudiante debe cumplir las siguientes condiciones:<\/p><ul><li>Utilizar el pensamiento l\u00f3gico, capacidad de abstracci\u00f3n y s\u00edntesis.<\/li><li>Investigar: identificar un problema, obtener informaci\u00f3n, analizarla y plantear soluciones.<\/li><li>Dominio b\u00e1sico de las nuevas tecnolog\u00edas.<\/li><li>Conocimientos de cultura general y human\u00edsticos b\u00e1sicos.<\/li><li>Ser cr\u00edtico, autocr\u00edtico y actitud propositiva.<\/li><li>Capacidad creativa.<\/li><li>Condiciones y aptitudes intelectuales y f\u00edsicas.<\/li><li>Orientaci\u00f3n profesional hacia los procesos pedag\u00f3gicos inherentes a la actividad f\u00edsica, el deporte y la recreaci\u00f3n.<\/li><\/ul><p style=\"text-align: justify\">Requisitos de ingreso:<\/p><ul style=\"text-align: justify\"><li>El aspirante a la Carrera de Entrenamiento Deportivo deber\u00e1 cumplir con los requisitos establecidos en el art\u00edculo 13 del Reglamento de R\u00e9gimen Acad\u00e9mico para el ingreso a<\/li><li><em>o equiparaci\u00f3n de estos estudios, L<\/em><em>os mismos que se encuentran en concordancia con el Art\u00edculo 82 de la LOES<\/em><\/li><\/ul><p style=\"text-align: justify\">Requisito para el ingreso a las instituciones del Sistema de Educaci\u00f3n Superior.- Para el ingreso a las instituciones de educaci\u00f3n superior se requiere:<\/p><ol style=\"text-align: justify\"><li>Poseer t\u00edtulo de bachiller o su equivalente, de conformidad con la Ley; y,<\/li><li>En el caso de las instituciones de educaci\u00f3n superior p\u00fablicas, haber cumplido los requisitos normados por el Sistema de Nivelaci\u00f3n y Admisi\u00f3n, el mismo que observar\u00e1 los principios de igualdad de oportunidades, libertad de elecci\u00f3n de carrera e instituci\u00f3n y de m\u00e9ritos.<\/li><\/ol><p>Requisitos de titulaci\u00f3n:<\/p><ul><li style=\"text-align: justify\">Desarrollo de un trabajo de investigaci\u00f3n.<\/li><\/ul><p style=\"text-align: justify\">Perfil de egreso:<\/p><p style=\"text-align: justify\">\u00bfQu\u00e9 resultados de aprendizaje y competencias profesionales son necesarias para el futuro desempe\u00f1o profesional?\u00a0<\/p><ul style=\"text-align: justify\"><li><span style=\"text-decoration: underline\">[Conocimiento pedag\u00f3gico y psicol\u00f3gico]<\/span> Emplear los principios pedag\u00f3gicos y psicol\u00f3gicos que orientan la aplicaci\u00f3n de: modelos educativos para la organizaci\u00f3n del proceso de ense\u00f1anza y aprendizaje.<\/li><li><span style=\"text-decoration: underline\">[Actuaci\u00f3n profesional docente]<\/span> Aplicar los fundamentos legales, pedag\u00f3gicos, did\u00e1cticos, psicol\u00f3gicos, epistemol\u00f3gicos y socio antropol\u00f3gicos en los diversos contextos educativos. Aplicar los fundamentos y las t\u00e9cnicas de las actividades f\u00edsicas deportivas individuales y colectivas en el medio natural.<\/li><li><span style=\"text-decoration: underline\">[Competencia comunicativa]<\/span> Demuestra capacidad para dirigir equipo bajo los principios de una comunicaci\u00f3n asertiva y una adecuada direcci\u00f3n deportiva.<\/li><li><span style=\"text-decoration: underline\">[Competencia investigativa]<\/span> Dise\u00f1a planes y programas de entrenamiento a partir de los requerimientos m\u00ednimos de los deportes y a la adecuaci\u00f3n de las necesidades de los tejidos contextuales, el manejo de m\u00e9todos, metodolog\u00edas, modelos, protocolos, procesos y procedimientos de car\u00e1cter profesional e investigativo. Caracteriza la actividad cient\u00edfica en su proceso y justifica los problemas y desaf\u00edos actuales de la investigaci\u00f3n cient\u00edfica, fundamenta sus posicionamientos en relaci\u00f3n con los tipos de investigaci\u00f3n inherentes al entrenamiento deportivo.<\/li><li><span style=\"text-decoration: underline\">[Competencia recursiva y tecnol\u00f3gica]<\/span> Aplica conocimientos b\u00e1sicos sobre las nuevas tecnolog\u00edas de la informaci\u00f3n y la comunicaci\u00f3n (NTIC) en un contexto deportivo actualizado a fin de conocer los avances de la preparaci\u00f3n f\u00edsica y el deporte.<\/li><\/ul><p style=\"text-align: justify\">\u00bfQu\u00e9 resultados de aprendizaje relacionados con el manejo de m\u00e9todos, metodolog\u00edas, modelos, protocolos, procesos y procedimientos de car\u00e1cter profesional e investigativo se garantizar\u00e1n en la implementaci\u00f3n de la carrera?\u00a0<\/p><ul style=\"text-align: justify\"><li><span style=\"text-decoration: underline\">[Dise\u00f1o curricular, evaluaci\u00f3n e integraci\u00f3n de las TIC]<\/span> Utiliza m\u00e9todos y herramientas tecnol\u00f3gicas variadas en la planificaci\u00f3n, ejecuci\u00f3n y evaluaci\u00f3n del entrenamiento f\u00edsico deportivo.<\/li><li><span style=\"text-decoration: underline\">[Desarrollo curricular, did\u00e1ctica y aprendizaje]<\/span> Utiliza la teor\u00eda y la did\u00e1ctica espec\u00edfica deportiva, los fundamentos y las t\u00e9cnicas aplicadas en el \u00e1rea y dise\u00f1o de las sesiones, as\u00ed como las estrategias de intervenci\u00f3n y de evaluaci\u00f3n de los resultados.<\/li><li><span style=\"text-decoration: underline\">[Acci\u00f3n tutorial e inclusiva]<\/span> Promover la inclusi\u00f3n y el respeto por las diferencias de contexto entre sus atletas. Propender a la ense\u00f1anza de la historia y los valores en los distintos contextos lo que contribuye a la conservaci\u00f3n y difusi\u00f3n de la cultura deportiva.<\/li><li><span style=\"text-decoration: underline\">[Integraci\u00f3n familiar y comunitaria]<\/span> Adecua las actividades de preparaci\u00f3n f\u00edsica y deporte a las necesidades individuales y colectivas de los sujetos en los distintos escenarios.<\/li><\/ul><p style=\"text-align: justify\">\u00bfC\u00f3mo contribuye el futuro profesional al mejoramiento de la calidad de vida, el medio ambiente, el desarrollo productivo y la preservaci\u00f3n, difusi\u00f3n y enriquecimiento de las culturas y saberes?<\/p><ul style=\"text-align: justify\"><li><span style=\"text-decoration: underline\">[Desarrollo sostenible]<\/span> Educar a los profesionales en formaci\u00f3n deportiva promoviendo pr\u00e1cticas sostenibles del deporte; asociadas a un estilo de vida saludable, igualmente el uso de materiales reciclables y reducci\u00f3n de residuos. Adoptar h\u00e1bitos y decisiones que minimicen el impacto negativo en el medio ambiente y promuevan una actividad f\u00edsica responsable y consciente.<\/li><li><span style=\"text-decoration: underline\">[Justicia social y sistema de protecci\u00f3n de derechos]<\/span> Al igual que los h\u00e1bitos saludables, vida en armon\u00eda y estabilidad emocional. El deporte para todos como bien com\u00fan y el impulso al juego limpio.<\/li><\/ul><p style=\"text-align: justify\">\u00bfCu\u00e1les son los valores y los principios, en el marco de un enfoque de derechos, igualdad e interculturalidad, pensamiento universal, cr\u00edtico y creativo, que se promover\u00e1n en la formaci\u00f3n profesional que ofrece la carrera?\u00a0<\/p><ul style=\"text-align: justify\"><li><span style=\"text-decoration: underline\">[\u00c9tica y compromiso profesional]<\/span> Generar igualdad de oportunidades, fomentar la participaci\u00f3n de los deportistas, recrear la interculturalidad, valorar nuestra diversidad dentro del marco del deporte, fortalecer nuestra identidad plurinacional; en definitiva, para profundizar en el goce de los derechos establecidos en la constituci\u00f3n y promover la justicia en todas sus dimensiones.<\/li><\/ul><p style=\"text-align: justify\">Modalidades de titulaci\u00f3n:<\/p><ul><li style=\"text-align: justify\">Desarrollo de un trabajo de integraci\u00f3n curricular<\/li><li style=\"text-align: justify\">Examen complexivo<\/li><\/ul><\/div>\n\t\t\t\t\t\t\t\t\t<div class=\"elementor-tab-title elementor-tab-mobile-title\" aria-selected=\"false\" data-tab=\"2\" role=\"tab\" tabindex=\"-1\" aria-controls=\"elementor-tab-content-3972\" aria-expanded=\"false\">Malla Curricular<\/div>\n\t\t\t\t\t<div id=\"elementor-tab-content-3972\" class=\"elementor-tab-content elementor-clearfix\" data-tab=\"2\" role=\"tabpanel\" aria-labelledby=\"elementor-tab-title-3972\" tabindex=\"0\" hidden=\"hidden\"><p><a href=\"https:\/\/carreras.uleam.edu.ec\/facultad-de-educacion-turismo-artes-y-humanidades\/wp-content\/uploads\/sites\/75\/2025\/02\/MALLA-ENTRENAMIENTO-DEPORTIVO.pdf\" target=\"_blank\" rel=\"noopener\"><img loading=\"lazy\" decoding=\"async\" class=\"alignnone wp-image-1844 size-large\" src=\"https:\/\/carreras.uleam.edu.ec\/facultad-de-educacion-turismo-artes-y-humanidades\/wp-content\/uploads\/sites\/75\/2025\/02\/malla-entrenamiento-deportivo-1024x642.png\" alt=\"\" width=\"1024\" height=\"642\" srcset=\"https:\/\/carreras.uleam.edu.ec\/facultad-de-educacion-turismo-artes-y-humanidades\/wp-content\/uploads\/sites\/75\/2025\/02\/malla-entrenamiento-deportivo-1024x642.png 1024w, https:\/\/carreras.uleam.edu.ec\/facultad-de-educacion-turismo-artes-y-humanidades\/wp-content\/uploads\/sites\/75\/2025\/02\/malla-entrenamiento-deportivo-300x188.png 300w, https:\/\/carreras.uleam.edu.ec\/facultad-de-educacion-turismo-artes-y-humanidades\/wp-content\/uploads\/sites\/75\/2025\/02\/malla-entrenamiento-deportivo-768x482.png 768w, https:\/\/carreras.uleam.edu.ec\/facultad-de-educacion-turismo-artes-y-humanidades\/wp-content\/uploads\/sites\/75\/2025\/02\/malla-entrenamiento-deportivo-1536x964.png 1536w, https:\/\/carreras.uleam.edu.ec\/facultad-de-educacion-turismo-artes-y-humanidades\/wp-content\/uploads\/sites\/75\/2025\/02\/malla-entrenamiento-deportivo-2048x1285.png 2048w\" sizes=\"auto, (max-width: 1024px) 100vw, 1024px\" \/><\/a><\/p><\/div>\n\t\t\t\t\t\t\t\t\t<div class=\"elementor-tab-title elementor-tab-mobile-title\" aria-selected=\"false\" data-tab=\"3\" role=\"tab\" tabindex=\"-1\" aria-controls=\"elementor-tab-content-3973\" aria-expanded=\"false\">Docentes<\/div>\n\t\t\t\t\t<div id=\"elementor-tab-content-3973\" class=\"elementor-tab-content elementor-clearfix\" data-tab=\"3\" role=\"tabpanel\" aria-labelledby=\"elementor-tab-title-3973\" tabindex=\"0\" hidden=\"hidden\"><p>En proceso de actualizaci\u00f3n<\/p><\/div>\n\t\t\t\t\t\t\t\t\t<div class=\"elementor-tab-title elementor-tab-mobile-title\" aria-selected=\"false\" data-tab=\"4\" role=\"tab\" tabindex=\"-1\" aria-controls=\"elementor-tab-content-3974\" aria-expanded=\"false\">Datos Generales<\/div>\n\t\t\t\t\t<div id=\"elementor-tab-content-3974\" class=\"elementor-tab-content elementor-clearfix\" data-tab=\"4\" role=\"tabpanel\" aria-labelledby=\"elementor-tab-title-3974\" tabindex=\"0\" hidden=\"hidden\"><ul><li style=\"text-align: center\">Mg. Lady Vanessa Mendoza L\u00f3pez<\/li><li style=\"text-align: center\">DIRECTORA DE CARRERA<\/li><li style=\"text-align: center\"><a href=\"mailto:lady.mendoza@uleam.edu.ec\">lady.mendoza@uleam.edu.ec<\/a><br \/><hr \/><\/li><li style=\"text-align: center\">SECRETARIA DE CARRERA:<\/li><li style=\"text-align: center\">Lic. Silvia Tejena Guanoluisa<\/li><li style=\"text-align: center\"><a href=\"mailto:irma.tejena@uleam.edu.ec\">irma.tejena@uleam.edu.ec<\/a><br \/><hr \/><\/li><li style=\"text-align: center\">HORARIO DE ATENCI\u00d3N:<\/li><li style=\"text-align: center\">DE 08:00 A 18:00\u00a0<\/li><li style=\"text-align: center\">Lunes \u2013 Viernes<\/li><\/ul><\/div>\n\t\t\t\t\t\t\t\t\t<div class=\"elementor-tab-title elementor-tab-mobile-title\" aria-selected=\"false\" data-tab=\"5\" role=\"tab\" tabindex=\"-1\" aria-controls=\"elementor-tab-content-3975\" aria-expanded=\"false\">Gesti\u00f3n y Proceso Estudiantil<\/div>\n\t\t\t\t\t<div id=\"elementor-tab-content-3975\" class=\"elementor-tab-content elementor-clearfix\" data-tab=\"5\" role=\"tabpanel\" aria-labelledby=\"elementor-tab-title-3975\" tabindex=\"0\" hidden=\"hidden\"><ul><li>\u21d2\u00a0Pr\u00e1cticas Pre-profesionales<\/li><li>\u21d2 Comisiones\u00a0<\/li><li>\u21d2\u00a0<a href=\"https:\/\/departamentos.uleam.edu.ec\/gestion-aseguramiento-calidad\/2019\/04\/08\/matricula\/\">Matr\u00edcula<\/a><\/li><li>\u21d2\u00a0<a href=\"https:\/\/departamentos.uleam.edu.ec\/gestion-aseguramiento-calidad\/reingreso-de-estudiantes\/\">Reingreso de estudiantes<\/a><\/li><li>\u21d2\u00a0<a href=\"https:\/\/departamentos.uleam.edu.ec\/gestion-aseguramiento-calidad\/homologacion-de-estudios-por-analisis-comparativo-de-contenidos\/\">Homologaci\u00f3n de Estudios por An\u00e1lisis Comparativo de Contenidos<\/a><\/li><\/ul><\/div>\n\t\t\t\t\t\t\t<\/div>\n\t\t<\/div>\n\t\t\t\t<\/div>\n\t\t\t\t<\/div>\n\t\t\t\t\t<\/div>\n\t\t<\/div>\n\t\t\t\t\t\t\t<\/div>\n\t\t<\/section>\n\t\t\t\t\t\t<\/div>\n\t\t\t\t\t<\/div>\n\t\t","protected":false},"excerpt":{"rendered":"<p>Descripci\u00f3n General de la Carrera Malla Curricular Docentes Datos Generales Gesti\u00f3n y Proceso Estudiantil Descripci\u00f3n General de la Carrera Nombre de la carrera:\u00a0 \u00a0 \u00a0 \u00a0 \u00a0 \u00a0 \u00a0 \u00a0 \u00a0 \u00a0 \u00a0 \u00a0\u00a0 Entrenamiento Deportivo \u00a0 \u00a0 \u00a0 \u00a0 [&hellip;]<\/p>\n","protected":false},"author":7,"featured_media":0,"parent":0,"menu_order":0,"comment_status":"closed","ping_status":"closed","template":"","meta":{"_acf_changed":false,"footnotes":""},"class_list":["post-1793","page","type-page","status-publish","hentry"],"acf":[],"_links":{"self":[{"href":"https:\/\/carreras.uleam.edu.ec\/facultad-de-educacion-turismo-artes-y-humanidades\/wp-json\/wp\/v2\/pages\/1793","targetHints":{"allow":["GET"]}}],"collection":[{"href":"https:\/\/carreras.uleam.edu.ec\/facultad-de-educacion-turismo-artes-y-humanidades\/wp-json\/wp\/v2\/pages"}],"about":[{"href":"https:\/\/carreras.uleam.edu.ec\/facultad-de-educacion-turismo-artes-y-humanidades\/wp-json\/wp\/v2\/types\/page"}],"author":[{"embeddable":true,"href":"https:\/\/carreras.uleam.edu.ec\/facultad-de-educacion-turismo-artes-y-humanidades\/wp-json\/wp\/v2\/users\/7"}],"replies":[{"embeddable":true,"href":"https:\/\/carreras.uleam.edu.ec\/facultad-de-educacion-turismo-artes-y-humanidades\/wp-json\/wp\/v2\/comments?post=1793"}],"version-history":[{"count":10,"href":"https:\/\/carreras.uleam.edu.ec\/facultad-de-educacion-turismo-artes-y-humanidades\/wp-json\/wp\/v2\/pages\/1793\/revisions"}],"predecessor-version":[{"id":1891,"href":"https:\/\/carreras.uleam.edu.ec\/facultad-de-educacion-turismo-artes-y-humanidades\/wp-json\/wp\/v2\/pages\/1793\/revisions\/1891"}],"wp:attachment":[{"href":"https:\/\/carreras.uleam.edu.ec\/facultad-de-educacion-turismo-artes-y-humanidades\/wp-json\/wp\/v2\/media?parent=1793"}],"curies":[{"name":"wp","href":"https:\/\/api.w.org\/{rel}","templated":true}]}}