{"id":20,"date":"2022-09-09T01:35:30","date_gmt":"2022-09-09T01:35:30","guid":{"rendered":"https:\/\/carreras.uleam.edu.ec\/facultad-de-educacion-turismo-artes-y-humanidades\/?page_id=20"},"modified":"2025-04-29T10:00:24","modified_gmt":"2025-04-29T15:00:24","slug":"carrera-de-artes-plasticas","status":"publish","type":"page","link":"https:\/\/carreras.uleam.edu.ec\/facultad-de-educacion-turismo-artes-y-humanidades\/carrera-de-artes-plasticas\/","title":{"rendered":"Carrera Artes Pl\u00e1sticas"},"content":{"rendered":"\t\t<div data-elementor-type=\"wp-page\" data-elementor-id=\"20\" class=\"elementor elementor-20\" data-elementor-settings=\"[]\">\n\t\t\t\t\t\t\t<div class=\"elementor-section-wrap\">\n\t\t\t\t\t\t\t<section class=\"elementor-section elementor-top-section elementor-element elementor-element-b243692 elementor-section-boxed elementor-section-height-default elementor-section-height-default\" data-id=\"b243692\" data-element_type=\"section\">\n\t\t\t\t\t\t<div class=\"elementor-container elementor-column-gap-default\">\n\t\t\t\t\t<div class=\"elementor-column elementor-col-100 elementor-top-column elementor-element elementor-element-7af499e\" data-id=\"7af499e\" data-element_type=\"column\">\n\t\t\t<div class=\"elementor-widget-wrap elementor-element-populated\">\n\t\t\t\t\t\t\t\t<div class=\"elementor-element elementor-element-fb7a446 elementor-tabs-view-horizontal elementor-widget elementor-widget-tabs\" data-id=\"fb7a446\" data-element_type=\"widget\" data-widget_type=\"tabs.default\">\n\t\t\t\t<div class=\"elementor-widget-container\">\n\t\t\t\t\t<div class=\"elementor-tabs\">\n\t\t\t<div class=\"elementor-tabs-wrapper\" role=\"tablist\" >\n\t\t\t\t\t\t\t\t\t<div id=\"elementor-tab-title-2631\" class=\"elementor-tab-title elementor-tab-desktop-title\" aria-selected=\"true\" data-tab=\"1\" role=\"tab\" tabindex=\"0\" aria-controls=\"elementor-tab-content-2631\" aria-expanded=\"false\">Bienvenidos<\/div>\n\t\t\t\t\t\t\t\t\t<div id=\"elementor-tab-title-2632\" class=\"elementor-tab-title elementor-tab-desktop-title\" aria-selected=\"false\" data-tab=\"2\" role=\"tab\" tabindex=\"-1\" aria-controls=\"elementor-tab-content-2632\" aria-expanded=\"false\">Misi\u00f3n y Visi\u00f3n<\/div>\n\t\t\t\t\t\t\t\t\t<div id=\"elementor-tab-title-2633\" class=\"elementor-tab-title elementor-tab-desktop-title\" aria-selected=\"false\" data-tab=\"3\" role=\"tab\" tabindex=\"-1\" aria-controls=\"elementor-tab-content-2633\" aria-expanded=\"false\">Descripci\u00f3n General de la Carrera<\/div>\n\t\t\t\t\t\t\t\t\t<div id=\"elementor-tab-title-2634\" class=\"elementor-tab-title elementor-tab-desktop-title\" aria-selected=\"false\" data-tab=\"4\" role=\"tab\" tabindex=\"-1\" aria-controls=\"elementor-tab-content-2634\" aria-expanded=\"false\">Malla Curricular<\/div>\n\t\t\t\t\t\t\t\t\t<div id=\"elementor-tab-title-2635\" class=\"elementor-tab-title elementor-tab-desktop-title\" aria-selected=\"false\" data-tab=\"5\" role=\"tab\" tabindex=\"-1\" aria-controls=\"elementor-tab-content-2635\" aria-expanded=\"false\">Docentes<\/div>\n\t\t\t\t\t\t\t\t\t<div id=\"elementor-tab-title-2636\" class=\"elementor-tab-title elementor-tab-desktop-title\" aria-selected=\"false\" data-tab=\"6\" role=\"tab\" tabindex=\"-1\" aria-controls=\"elementor-tab-content-2636\" aria-expanded=\"false\">Datos Generales<\/div>\n\t\t\t\t\t\t\t\t\t<div id=\"elementor-tab-title-2637\" class=\"elementor-tab-title elementor-tab-desktop-title\" aria-selected=\"false\" data-tab=\"7\" role=\"tab\" tabindex=\"-1\" aria-controls=\"elementor-tab-content-2637\" aria-expanded=\"false\">Gesti\u00f3n y Proceso Estudiantil<\/div>\n\t\t\t\t\t\t\t<\/div>\n\t\t\t<div class=\"elementor-tabs-content-wrapper\" role=\"tablist\" aria-orientation=\"vertical\">\n\t\t\t\t\t\t\t\t\t<div class=\"elementor-tab-title elementor-tab-mobile-title\" aria-selected=\"true\" data-tab=\"1\" role=\"tab\" tabindex=\"0\" aria-controls=\"elementor-tab-content-2631\" aria-expanded=\"false\">Bienvenidos<\/div>\n\t\t\t\t\t<div id=\"elementor-tab-content-2631\" class=\"elementor-tab-content elementor-clearfix\" data-tab=\"1\" role=\"tabpanel\" aria-labelledby=\"elementor-tab-title-2631\" tabindex=\"0\" hidden=\"false\"><p><iframe loading=\"lazy\" title=\"BIENVENIDA ARTES\" width=\"500\" height=\"281\" src=\"https:\/\/www.youtube.com\/embed\/2ki5Ui1lc7w?feature=oembed\" frameborder=\"0\" allow=\"accelerometer; autoplay; clipboard-write; encrypted-media; gyroscope; picture-in-picture; web-share\" referrerpolicy=\"strict-origin-when-cross-origin\" allowfullscreen><\/iframe><\/p><p><img loading=\"lazy\" decoding=\"async\" class=\"alignnone wp-image-1677 size-large\" src=\"https:\/\/carreras.uleam.edu.ec\/facultad-de-educacion-turismo-artes-y-humanidades\/wp-content\/uploads\/sites\/75\/2024\/10\/PLASTICAS-1024x576.jpeg\" alt=\"\" width=\"1024\" height=\"576\" srcset=\"https:\/\/carreras.uleam.edu.ec\/facultad-de-educacion-turismo-artes-y-humanidades\/wp-content\/uploads\/sites\/75\/2024\/10\/PLASTICAS-1024x576.jpeg 1024w, https:\/\/carreras.uleam.edu.ec\/facultad-de-educacion-turismo-artes-y-humanidades\/wp-content\/uploads\/sites\/75\/2024\/10\/PLASTICAS-300x169.jpeg 300w, https:\/\/carreras.uleam.edu.ec\/facultad-de-educacion-turismo-artes-y-humanidades\/wp-content\/uploads\/sites\/75\/2024\/10\/PLASTICAS-768x432.jpeg 768w, https:\/\/carreras.uleam.edu.ec\/facultad-de-educacion-turismo-artes-y-humanidades\/wp-content\/uploads\/sites\/75\/2024\/10\/PLASTICAS-1536x864.jpeg 1536w, https:\/\/carreras.uleam.edu.ec\/facultad-de-educacion-turismo-artes-y-humanidades\/wp-content\/uploads\/sites\/75\/2024\/10\/PLASTICAS-2048x1152.jpeg 2048w\" sizes=\"auto, (max-width: 1024px) 100vw, 1024px\" \/><\/p><\/div>\n\t\t\t\t\t\t\t\t\t<div class=\"elementor-tab-title elementor-tab-mobile-title\" aria-selected=\"false\" data-tab=\"2\" role=\"tab\" tabindex=\"-1\" aria-controls=\"elementor-tab-content-2632\" aria-expanded=\"false\">Misi\u00f3n y Visi\u00f3n<\/div>\n\t\t\t\t\t<div id=\"elementor-tab-content-2632\" class=\"elementor-tab-content elementor-clearfix\" data-tab=\"2\" role=\"tabpanel\" aria-labelledby=\"elementor-tab-title-2632\" tabindex=\"0\" hidden=\"hidden\"><p style=\"text-align: justify\">VISI\u00d3N<\/p><p style=\"text-align: justify\">La visi\u00f3n de la carrera de Artes Pl\u00e1sticas de la ULEAM, es logar la Educaci\u00f3n Superior de un profesional creativo que hace uso adecuado de las herramientas y materiales espec\u00edficos de su profesi\u00f3n, con gran sensibilidad para comunicarse a trav\u00e9s de la practica art\u00edstica y con bases para transferir conocimientos, profesionista que a trav\u00e9s de distintos materiales trasmite sus ideas de manera creativa y sensible, utilizando para ello los m\u00e9todos y t\u00e9cnicas del arte.<\/p><p style=\"text-align: justify\">MISI\u00d3N<\/p><p style=\"text-align: justify\">La misi\u00f3n de la carrera de Artes Pl\u00e1sticas de la ULEAM, es estudiar las manifestaciones art\u00edsticas generadas por la pintura, el dibujo, la arquitectura y la escultura, la forma en la que se relacionan entre ellas y su uso practico para el rescate de la sabidur\u00eda ancestrales y las formas de vida locales por medio del an\u00e1lisis performativo de las artes y del uso de tecnolog\u00edas que permitan la automatizaci\u00f3n de estos procesos para impulsar la industria art\u00edstica desde la practica propia del arte.<\/p><\/div>\n\t\t\t\t\t\t\t\t\t<div class=\"elementor-tab-title elementor-tab-mobile-title\" aria-selected=\"false\" data-tab=\"3\" role=\"tab\" tabindex=\"-1\" aria-controls=\"elementor-tab-content-2633\" aria-expanded=\"false\">Descripci\u00f3n General de la Carrera<\/div>\n\t\t\t\t\t<div id=\"elementor-tab-content-2633\" class=\"elementor-tab-content elementor-clearfix\" data-tab=\"3\" role=\"tabpanel\" aria-labelledby=\"elementor-tab-title-2633\" tabindex=\"0\" hidden=\"hidden\"><ul><li>Nombre de la carrera:\u00a0A-Artes Pl\u00e1sticas<\/li><li>R\u00e9gimen acad\u00e9mico: 2013<\/li><li>Nivel de formaci\u00f3n: Educaci\u00f3n superior de grado o tercer nivel<\/li><li>Tipo de formaci\u00f3n: Licenciatura y afines<\/li><li>CINE: CINE-UNESCO 2013<\/li><li>Campo amplio: ARTES Y HUMANIDADES<\/li><li>Campo espec\u00edfico: ARTES<\/li><li>Campo detallado: ARTES<\/li><li>Modalidad: Presencial<\/li><li>Estructura implantaci\u00f3n territorial: Campus<\/li><li>Estado: Vigente<\/li><\/ul><p>REQUISITOS Y PERFIL DE INGRESO PERFIL DE INGRESO<\/p><p style=\"text-align: justify\">El aspirante a la carrera de Artes Pl\u00e1sticas de la Uleam deber\u00e1 demostrar en su prueba de aptitud tener iniciativa y vocaci\u00f3n por las artes como profesi\u00f3n y como herramienta para la manifestaci\u00f3n estil\u00edstica de la realidad y la constante variabilidad de la misma en el dise\u00f1o de diferentes producciones. Demuestra gusto por la escultura, la pintura, el video, el cine, entre otras y alto inter\u00e9s por las formas para crear im\u00e1genes y las ideas que las generan. Demuestra percepci\u00f3n de cualidades est\u00e9ticas en las experiencias visuales y tiene iniciativa, mente abierta a nuevas ideas y esp\u00edritu cr\u00edtico y tenaz. Deber\u00e1 demostrar predominancia en la capacidad espacial, habilidad manual y sentido de la vista adecuado.<\/p><p>REQUISITOS DE INGRESO<\/p><p>Descripci\u00f3n<\/p><p>1) Poseer t\u00edtulo de bachiller o su equivalente, de conformidad con la Ley. En caso de ser t\u00edtulo extranjero, deber\u00e1 presentar la resoluci\u00f3n de homologaci\u00f3n del t\u00edtulo y los documentos debidamente apostillados.<\/p><p>2) Haber cumplido los requisitos normados por el Sistema de Nivelaci\u00f3n y Admisi\u00f3n.<\/p><p>3)\u00a0 Para casos de movilidad interna o externa cumplir con los requisitos establecidos en el Art. 96 del Reglamento de R\u00e9gimen Acad\u00e9mico para cambios.<\/p><p style=\"text-align: justify\">PERFIL DE EGRESO<\/p><p style=\"text-align: justify\">\u00bfQu\u00e9 resultados de aprendizaje y competencias profesionales son necesarias para el futuro desempe\u00f1o profesional?<\/p><p style=\"text-align: justify;padding-left: 40px\">&#8211; Interpreta con claridad los problemas complejos y los representa mediante proyectos art\u00edsticos, de manera aut\u00f3noma mediante el manejo de herramientas y t\u00e9cnicas b\u00e1sicas de cada lenguaje art\u00edstico en diferentes contextos.<\/p><p style=\"text-align: justify;padding-left: 40px\">&#8211; Reflexiona sobre los contextos y lenguajes art\u00edsticos como fuentes de estudio del Arte mediante la descripci\u00f3n de obras art\u00edsticas, en proyectos multidisciplinares aportando los conocimientos propios del \u00e1rea de las Artes en el medio social, y cultural.<\/p><p style=\"text-align: justify;padding-left: 40px\">-Organiza, interpreta, construye aprendizajes hist\u00f3ricos, filos\u00f3ficos, museol\u00f3gicos de forma cr\u00edtica e integradora orientando a la pr\u00e1ctica y a la metacognici\u00f3n para aplicar criterios de valoraci\u00f3n art\u00edstico-cultural del patrimonio.<\/p><p style=\"text-align: justify\">\u00bfQu\u00e9 resultados de aprendizaje relacionados con el manejo de m\u00e9todos, metodolog\u00edas, modelos, protocolos, procesos y procedimientos de car\u00e1cter profesional e investigativo se garantizar\u00e1n en la implementaci\u00f3n de la carrera\/programa?<\/p><p style=\"text-align: justify;padding-left: 40px\">&#8211; Utiliza recursos innovadores que permiten gestionar las artes pl\u00e1sticas mediante el uso correcto de un lenguaje apropiado y t\u00e9cnico para adaptarlo a diferentes contextos del arte.<\/p><p style=\"text-align: justify;padding-left: 40px\">&#8211; Emplea los recursos tecnol\u00f3gicos, e investigativos en el estudio y el desarrollo de proyectos art\u00edsticos con iniciativa y perseverancia con metodolog\u00edas en la resoluci\u00f3n de problemas art\u00edsticos y culturales.<\/p><p style=\"text-align: justify;padding-left: 40px\">&#8211; Lidera procesos art\u00edsticos mediante la pr\u00e1ctica e investigaci\u00f3n de los problemas de los contextos sociales, culturales art\u00edsticos, para reflexionar e interpretar con criterio el pensamiento de los artistas a trav\u00e9s de sus obras con el uso de las herramientas y recursos necesarios para documentar y explicar la propia obra art\u00edstica.<\/p><p style=\"text-align: justify;padding-left: 40px\">&#8211; Crear y producir objetos de arte con calidad en los diferentes \u00e1mbitos de la pl\u00e1stica.<\/p><p style=\"text-align: justify\">\u00bfC\u00f3mo contribuye el futuro profesional al mejoramiento de la calidad de vida, el medio ambiente, el desarrollo productivo y la preservaci\u00f3n, difusi\u00f3n y enriquecimiento de las culturas y saberes?<\/p><p style=\"text-align: justify;padding-left: 40px\">&#8211; Dise\u00f1ar, dirigir, ejecutar y evaluar proyectos de investigaci\u00f3n desde la producci\u00f3n art\u00edstica original.<\/p><p style=\"text-align: justify;padding-left: 40px\">&#8211; Dise\u00f1ar, dirigir, ejecutar y evaluar proyectos de investigaci\u00f3n sobre el arte en todo tipo de investigaci\u00f3n interdisciplinaria, para proponer una visi\u00f3n amplia de las incumbencias e influencias del proceso de creaci\u00f3n y producci\u00f3n art\u00edstica en el campo cultural.<\/p><p style=\"text-align: justify;padding-left: 40px\">&#8211; Ejercer la cr\u00edtica en el campo de las artes pl\u00e1sticas.<\/p><p style=\"text-align: justify\">\u00bfCu\u00e1les son los valores y los principios, en el marco de un enfoque de derechos, igualdad e interculturalidad, pensamiento universal, cr\u00edtico y creativo, que se promover\u00e1n en la formaci\u00f3n profesional que ofrece la carrera\/programa?<\/p><p style=\"text-align: justify;padding-left: 40px\">&#8211; Expresa materialmente todos los \u00e1mbitos del arte pl\u00e1stico en su nivel pict\u00f3rico, escult\u00f3rico; con la capacidad de emprender en actividades artesanales e industriales, de innovaci\u00f3n, en su medio.<\/p><p style=\"text-align: justify;padding-left: 40px\">&#8211; Expresa el arte pl\u00e1stico a trav\u00e9s de los instrumentos tecnol\u00f3gicos de punta, manejando programas de dise\u00f1o art\u00edstico y elaborando objetos con aporte rob\u00f3tico inform\u00e1tico.<\/p><p style=\"text-align: justify;padding-left: 40px\">&#8211; Participar en todo evento art\u00edstico competitivo, que se inserta adecuadamente en el mercado del arte con propuestas de su propia l\u00ednea vocacional expresada por medio de los todos los sentidos f\u00edsicos.<\/p><\/div>\n\t\t\t\t\t\t\t\t\t<div class=\"elementor-tab-title elementor-tab-mobile-title\" aria-selected=\"false\" data-tab=\"4\" role=\"tab\" tabindex=\"-1\" aria-controls=\"elementor-tab-content-2634\" aria-expanded=\"false\">Malla Curricular<\/div>\n\t\t\t\t\t<div id=\"elementor-tab-content-2634\" class=\"elementor-tab-content elementor-clearfix\" data-tab=\"4\" role=\"tabpanel\" aria-labelledby=\"elementor-tab-title-2634\" tabindex=\"0\" hidden=\"hidden\"><p><a href=\"https:\/\/carreras.uleam.edu.ec\/facultad-de-educacion-turismo-artes-y-humanidades\/wp-content\/uploads\/sites\/75\/2024\/10\/NUEVA-22FEB-MALLA-ARTES-PLASTICAS-20241.pdf\" target=\"_blank\" rel=\"noopener\"><img loading=\"lazy\" decoding=\"async\" class=\"alignnone wp-image-1545 size-large\" src=\"https:\/\/carreras.uleam.edu.ec\/facultad-de-educacion-turismo-artes-y-humanidades\/wp-content\/uploads\/sites\/75\/2024\/10\/malla-artes-plasticas-2024-1024x704.png\" alt=\"\" width=\"1024\" height=\"704\" srcset=\"https:\/\/carreras.uleam.edu.ec\/facultad-de-educacion-turismo-artes-y-humanidades\/wp-content\/uploads\/sites\/75\/2024\/10\/malla-artes-plasticas-2024-1024x704.png 1024w, https:\/\/carreras.uleam.edu.ec\/facultad-de-educacion-turismo-artes-y-humanidades\/wp-content\/uploads\/sites\/75\/2024\/10\/malla-artes-plasticas-2024-300x206.png 300w, https:\/\/carreras.uleam.edu.ec\/facultad-de-educacion-turismo-artes-y-humanidades\/wp-content\/uploads\/sites\/75\/2024\/10\/malla-artes-plasticas-2024-768x528.png 768w, https:\/\/carreras.uleam.edu.ec\/facultad-de-educacion-turismo-artes-y-humanidades\/wp-content\/uploads\/sites\/75\/2024\/10\/malla-artes-plasticas-2024-1536x1057.png 1536w, https:\/\/carreras.uleam.edu.ec\/facultad-de-educacion-turismo-artes-y-humanidades\/wp-content\/uploads\/sites\/75\/2024\/10\/malla-artes-plasticas-2024-2048x1409.png 2048w\" sizes=\"auto, (max-width: 1024px) 100vw, 1024px\" \/><\/a><\/p><\/div>\n\t\t\t\t\t\t\t\t\t<div class=\"elementor-tab-title elementor-tab-mobile-title\" aria-selected=\"false\" data-tab=\"5\" role=\"tab\" tabindex=\"-1\" aria-controls=\"elementor-tab-content-2635\" aria-expanded=\"false\">Docentes<\/div>\n\t\t\t\t\t<div id=\"elementor-tab-content-2635\" class=\"elementor-tab-content elementor-clearfix\" data-tab=\"5\" role=\"tabpanel\" aria-labelledby=\"elementor-tab-title-2635\" tabindex=\"0\" hidden=\"hidden\"><p><img loading=\"lazy\" decoding=\"async\" class=\"alignnone wp-image-1552 size-large\" src=\"https:\/\/carreras.uleam.edu.ec\/facultad-de-educacion-turismo-artes-y-humanidades\/wp-content\/uploads\/sites\/75\/2024\/10\/ARTES-DOCENTES-1024x576.png\" alt=\"\" width=\"1024\" height=\"576\" srcset=\"https:\/\/carreras.uleam.edu.ec\/facultad-de-educacion-turismo-artes-y-humanidades\/wp-content\/uploads\/sites\/75\/2024\/10\/ARTES-DOCENTES-1024x576.png 1024w, https:\/\/carreras.uleam.edu.ec\/facultad-de-educacion-turismo-artes-y-humanidades\/wp-content\/uploads\/sites\/75\/2024\/10\/ARTES-DOCENTES-300x169.png 300w, https:\/\/carreras.uleam.edu.ec\/facultad-de-educacion-turismo-artes-y-humanidades\/wp-content\/uploads\/sites\/75\/2024\/10\/ARTES-DOCENTES-768x432.png 768w, https:\/\/carreras.uleam.edu.ec\/facultad-de-educacion-turismo-artes-y-humanidades\/wp-content\/uploads\/sites\/75\/2024\/10\/ARTES-DOCENTES-1536x864.png 1536w, https:\/\/carreras.uleam.edu.ec\/facultad-de-educacion-turismo-artes-y-humanidades\/wp-content\/uploads\/sites\/75\/2024\/10\/ARTES-DOCENTES-2048x1152.png 2048w\" sizes=\"auto, (max-width: 1024px) 100vw, 1024px\" \/><\/p><\/div>\n\t\t\t\t\t\t\t\t\t<div class=\"elementor-tab-title elementor-tab-mobile-title\" aria-selected=\"false\" data-tab=\"6\" role=\"tab\" tabindex=\"-1\" aria-controls=\"elementor-tab-content-2636\" aria-expanded=\"false\">Datos Generales<\/div>\n\t\t\t\t\t<div id=\"elementor-tab-content-2636\" class=\"elementor-tab-content elementor-clearfix\" data-tab=\"6\" role=\"tabpanel\" aria-labelledby=\"elementor-tab-title-2636\" tabindex=\"0\" hidden=\"hidden\"><ul><li style=\"text-align: center\">Arq. Erick Bojorque Pazmi\u00f1o<\/li><li style=\"text-align: center\">DIRECTOR DE CARRERA<\/li><li style=\"text-align: center\"><a href=\"mailto:Jorge.bojorque@uleam.edu.ec\">Jorge.bojorque@uleam.edu.ec<\/a><\/li><\/ul><hr \/><ul><li style=\"text-align: center\">Allison Michelle Bravo Delgado<\/li><li style=\"text-align: center\">SECRETARIA<\/li><li style=\"text-align: center\"><a href=\"mailto:Allisonm.bravo@uleam.edu.ec\">Allisonm.bravo@uleam.edu.ec<\/a><\/li><\/ul><hr \/><ul><li style=\"text-align: center\">HORARIO DE ATENCI\u00d3N:<\/li><li style=\"text-align: center\">DE 08:00 A 17:00\u00a0<\/li><li style=\"text-align: center\">Lunes \u2013 Viernes<\/li><\/ul><\/div>\n\t\t\t\t\t\t\t\t\t<div class=\"elementor-tab-title elementor-tab-mobile-title\" aria-selected=\"false\" data-tab=\"7\" role=\"tab\" tabindex=\"-1\" aria-controls=\"elementor-tab-content-2637\" aria-expanded=\"false\">Gesti\u00f3n y Proceso Estudiantil<\/div>\n\t\t\t\t\t<div id=\"elementor-tab-content-2637\" class=\"elementor-tab-content elementor-clearfix\" data-tab=\"7\" role=\"tabpanel\" aria-labelledby=\"elementor-tab-title-2637\" tabindex=\"0\" hidden=\"hidden\"><ul><li>\u21d2 <a href=\"https:\/\/galeria122.my.canva.site\/artes-humanidades\" target=\"_blank\" rel=\"noopener\">Sitio Web<\/a><\/li><li>\u21d2\u00a0<a href=\"https:\/\/carreras.uleam.edu.ec\/facultad-de-educacion-turismo-artes-y-humanidades\/wp-content\/uploads\/sites\/75\/2025\/01\/SENESCYT-SDIC-DIC-2024-0316-O.pdf\" target=\"_blank\" rel=\"noopener\">Red Acad\u00e9mica de Investigaci\u00f3n<\/a><\/li><li>\u21d2 <a href=\"https:\/\/carreras.uleam.edu.ec\/facultad-de-educacion-turismo-artes-y-humanidades\/wp-content\/uploads\/sites\/75\/2024\/10\/CATALOGO-ARTES-Y-HUMANIDADES-1.pdf\" target=\"_blank\" rel=\"noopener\">Cat\u00e1logo<\/a><\/li><li>\u21d2<a href=\"https:\/\/carreras.uleam.edu.ec\/facultad-de-educacion-turismo-artes-y-humanidades\/wp-content\/uploads\/sites\/75\/2023\/05\/COMISIONES.pdf\" target=\"_blank\" rel=\"noopener\"> Comisiones<\/a><\/li><li><a href=\"https:\/\/carreras.uleam.edu.ec\/facultad-de-educacion-turismo-artes-y-humanidades\/informes-de-comisiones\/\" target=\"_blank\" rel=\"noopener\">\u21d2 Informes de comisiones<\/a><\/li><li><span style=\"color: #000000\">\u21d2<a style=\"color: #000000\" href=\"https:\/\/carreras.uleam.edu.ec\/facultad-de-educacion-turismo-artes-y-humanidades\/convenios-carrera-de-artes-plasticas\/\" target=\"_blank\" rel=\"noopener\"> Convenios<\/a><\/span><\/li><li><span style=\"color: #000000\">\u21d2 <a style=\"color: #000000\" href=\"https:\/\/carreras.uleam.edu.ec\/facultad-de-educacion-turismo-artes-y-humanidades\/wp-content\/uploads\/sites\/75\/2023\/01\/INFORME-DE-EJECUCION-SEMANA-DE-LAS-ARTES-2022-2.pdf\" target=\"_blank\" rel=\"noopener\">Informe de Ejecuci\u00f3n SEMANA DE LAS ARTES 2022 &#8211; 2<\/a><\/span><\/li><li><span style=\"color: #000000\">\u21d2 <a style=\"color: #000000\" href=\"https:\/\/carreras.uleam.edu.ec\/facultad-de-educacion-turismo-artes-y-humanidades\/wp-content\/uploads\/sites\/75\/2023\/01\/Evidencias_Fotograficas.pdf\" target=\"_blank\" rel=\"noopener\">Evidencias fotogr\u00e1ficas\u00a0<\/a><\/span><\/li><li>\u21d2 <a href=\"https:\/\/departamentos.uleam.edu.ec\/gestion-aseguramiento-calidad\/2019\/04\/08\/matricula\/\">Matr\u00edcula<\/a><\/li><li>\u21d2 <a href=\"https:\/\/departamentos.uleam.edu.ec\/gestion-aseguramiento-calidad\/reingreso-de-estudiantes\/\">Reingreso de estudiantes<\/a><\/li><li>\u21d2 <a href=\"https:\/\/departamentos.uleam.edu.ec\/gestion-aseguramiento-calidad\/homologacion-de-estudios-por-analisis-comparativo-de-contenidos\/\">Homologaci\u00f3n de Estudios por An\u00e1lisis Comparativo de Contenidos<\/a><\/li><\/ul><\/div>\n\t\t\t\t\t\t\t<\/div>\n\t\t<\/div>\n\t\t\t\t<\/div>\n\t\t\t\t<\/div>\n\t\t\t\t\t<\/div>\n\t\t<\/div>\n\t\t\t\t\t\t\t<\/div>\n\t\t<\/section>\n\t\t\t\t<section class=\"elementor-section elementor-top-section elementor-element elementor-element-72f2b44 elementor-section-boxed elementor-section-height-default elementor-section-height-default\" data-id=\"72f2b44\" data-element_type=\"section\">\n\t\t\t\t\t\t<div class=\"elementor-container elementor-column-gap-default\">\n\t\t\t\t\t<div class=\"elementor-column elementor-col-100 elementor-top-column elementor-element elementor-element-7c92569\" data-id=\"7c92569\" data-element_type=\"column\">\n\t\t\t<div class=\"elementor-widget-wrap elementor-element-populated\">\n\t\t\t\t\t\t\t\t<div class=\"elementor-element elementor-element-eda7aed elementor-widget elementor-widget-image-gallery\" data-id=\"eda7aed\" data-element_type=\"widget\" data-widget_type=\"image-gallery.default\">\n\t\t\t\t<div class=\"elementor-widget-container\">\n\t\t\t\t\t<div class=\"elementor-image-gallery\">\n\t\t\t\n\t\t<style type=\"text\/css\">\n\t\t\t#gallery-1 {\n\t\t\t\tmargin: auto;\n\t\t\t}\n\t\t\t#gallery-1 .gallery-item {\n\t\t\t\tfloat: left;\n\t\t\t\tmargin-top: 10px;\n\t\t\t\ttext-align: center;\n\t\t\t\twidth: 25%;\n\t\t\t}\n\t\t\t#gallery-1 img {\n\t\t\t\tborder: 2px solid #cfcfcf;\n\t\t\t}\n\t\t\t#gallery-1 .gallery-caption {\n\t\t\t\tmargin-left: 0;\n\t\t\t}\n\t\t\t\/* see gallery_shortcode() in wp-includes\/media.php *\/\n\t\t<\/style>\n\t\t<div id='gallery-1' class='gallery galleryid-20 gallery-columns-4 gallery-size-thumbnail'><dl class='gallery-item'>\n\t\t\t<dt class='gallery-icon landscape'>\n\t\t\t\t<a data-elementor-open-lightbox=\"yes\" data-elementor-lightbox-slideshow=\"eda7aed\" data-elementor-lightbox-title=\"FLYERS ARTES Y HUMANIDADES\" href='https:\/\/carreras.uleam.edu.ec\/facultad-de-educacion-turismo-artes-y-humanidades\/wp-content\/uploads\/sites\/75\/2025\/02\/FLYERS-ARTES-Y-HUMANIDADES.png'><img loading=\"lazy\" decoding=\"async\" width=\"150\" height=\"150\" src=\"https:\/\/carreras.uleam.edu.ec\/facultad-de-educacion-turismo-artes-y-humanidades\/wp-content\/uploads\/sites\/75\/2025\/02\/FLYERS-ARTES-Y-HUMANIDADES-150x150.png\" class=\"attachment-thumbnail size-thumbnail\" alt=\"\" srcset=\"https:\/\/carreras.uleam.edu.ec\/facultad-de-educacion-turismo-artes-y-humanidades\/wp-content\/uploads\/sites\/75\/2025\/02\/FLYERS-ARTES-Y-HUMANIDADES-150x150.png 150w, https:\/\/carreras.uleam.edu.ec\/facultad-de-educacion-turismo-artes-y-humanidades\/wp-content\/uploads\/sites\/75\/2025\/02\/FLYERS-ARTES-Y-HUMANIDADES-300x300.png 300w, https:\/\/carreras.uleam.edu.ec\/facultad-de-educacion-turismo-artes-y-humanidades\/wp-content\/uploads\/sites\/75\/2025\/02\/FLYERS-ARTES-Y-HUMANIDADES-1024x1024.png 1024w, https:\/\/carreras.uleam.edu.ec\/facultad-de-educacion-turismo-artes-y-humanidades\/wp-content\/uploads\/sites\/75\/2025\/02\/FLYERS-ARTES-Y-HUMANIDADES-768x768.png 768w, https:\/\/carreras.uleam.edu.ec\/facultad-de-educacion-turismo-artes-y-humanidades\/wp-content\/uploads\/sites\/75\/2025\/02\/FLYERS-ARTES-Y-HUMANIDADES-1536x1536.png 1536w, https:\/\/carreras.uleam.edu.ec\/facultad-de-educacion-turismo-artes-y-humanidades\/wp-content\/uploads\/sites\/75\/2025\/02\/FLYERS-ARTES-Y-HUMANIDADES-2048x2048.png 2048w, https:\/\/carreras.uleam.edu.ec\/facultad-de-educacion-turismo-artes-y-humanidades\/wp-content\/uploads\/sites\/75\/2025\/02\/FLYERS-ARTES-Y-HUMANIDADES-100x100.png 100w\" sizes=\"auto, (max-width: 150px) 100vw, 150px\" \/><\/a>\n\t\t\t<\/dt><\/dl><dl class='gallery-item'>\n\t\t\t<dt class='gallery-icon landscape'>\n\t\t\t\t<a data-elementor-open-lightbox=\"yes\" data-elementor-lightbox-slideshow=\"eda7aed\" data-elementor-lightbox-title=\"3\" href='https:\/\/carreras.uleam.edu.ec\/facultad-de-educacion-turismo-artes-y-humanidades\/wp-content\/uploads\/sites\/75\/2025\/02\/3.png'><img loading=\"lazy\" decoding=\"async\" width=\"150\" height=\"150\" src=\"https:\/\/carreras.uleam.edu.ec\/facultad-de-educacion-turismo-artes-y-humanidades\/wp-content\/uploads\/sites\/75\/2025\/02\/3-150x150.png\" class=\"attachment-thumbnail size-thumbnail\" alt=\"\" srcset=\"https:\/\/carreras.uleam.edu.ec\/facultad-de-educacion-turismo-artes-y-humanidades\/wp-content\/uploads\/sites\/75\/2025\/02\/3-150x150.png 150w, https:\/\/carreras.uleam.edu.ec\/facultad-de-educacion-turismo-artes-y-humanidades\/wp-content\/uploads\/sites\/75\/2025\/02\/3-300x300.png 300w, https:\/\/carreras.uleam.edu.ec\/facultad-de-educacion-turismo-artes-y-humanidades\/wp-content\/uploads\/sites\/75\/2025\/02\/3-1024x1024.png 1024w, https:\/\/carreras.uleam.edu.ec\/facultad-de-educacion-turismo-artes-y-humanidades\/wp-content\/uploads\/sites\/75\/2025\/02\/3-768x768.png 768w, https:\/\/carreras.uleam.edu.ec\/facultad-de-educacion-turismo-artes-y-humanidades\/wp-content\/uploads\/sites\/75\/2025\/02\/3-1536x1536.png 1536w, https:\/\/carreras.uleam.edu.ec\/facultad-de-educacion-turismo-artes-y-humanidades\/wp-content\/uploads\/sites\/75\/2025\/02\/3-2048x2048.png 2048w, https:\/\/carreras.uleam.edu.ec\/facultad-de-educacion-turismo-artes-y-humanidades\/wp-content\/uploads\/sites\/75\/2025\/02\/3-100x100.png 100w\" sizes=\"auto, (max-width: 150px) 100vw, 150px\" \/><\/a>\n\t\t\t<\/dt><\/dl><dl class='gallery-item'>\n\t\t\t<dt class='gallery-icon landscape'>\n\t\t\t\t<a data-elementor-open-lightbox=\"yes\" data-elementor-lightbox-slideshow=\"eda7aed\" data-elementor-lightbox-title=\"2\" href='https:\/\/carreras.uleam.edu.ec\/facultad-de-educacion-turismo-artes-y-humanidades\/wp-content\/uploads\/sites\/75\/2025\/02\/2.png'><img loading=\"lazy\" decoding=\"async\" width=\"150\" height=\"150\" src=\"https:\/\/carreras.uleam.edu.ec\/facultad-de-educacion-turismo-artes-y-humanidades\/wp-content\/uploads\/sites\/75\/2025\/02\/2-150x150.png\" class=\"attachment-thumbnail size-thumbnail\" alt=\"\" srcset=\"https:\/\/carreras.uleam.edu.ec\/facultad-de-educacion-turismo-artes-y-humanidades\/wp-content\/uploads\/sites\/75\/2025\/02\/2-150x150.png 150w, https:\/\/carreras.uleam.edu.ec\/facultad-de-educacion-turismo-artes-y-humanidades\/wp-content\/uploads\/sites\/75\/2025\/02\/2-300x300.png 300w, https:\/\/carreras.uleam.edu.ec\/facultad-de-educacion-turismo-artes-y-humanidades\/wp-content\/uploads\/sites\/75\/2025\/02\/2-1024x1024.png 1024w, https:\/\/carreras.uleam.edu.ec\/facultad-de-educacion-turismo-artes-y-humanidades\/wp-content\/uploads\/sites\/75\/2025\/02\/2-768x768.png 768w, https:\/\/carreras.uleam.edu.ec\/facultad-de-educacion-turismo-artes-y-humanidades\/wp-content\/uploads\/sites\/75\/2025\/02\/2-1536x1536.png 1536w, https:\/\/carreras.uleam.edu.ec\/facultad-de-educacion-turismo-artes-y-humanidades\/wp-content\/uploads\/sites\/75\/2025\/02\/2-2048x2048.png 2048w, https:\/\/carreras.uleam.edu.ec\/facultad-de-educacion-turismo-artes-y-humanidades\/wp-content\/uploads\/sites\/75\/2025\/02\/2-100x100.png 100w\" sizes=\"auto, (max-width: 150px) 100vw, 150px\" \/><\/a>\n\t\t\t<\/dt><\/dl><dl class='gallery-item'>\n\t\t\t<dt class='gallery-icon landscape'>\n\t\t\t\t<a data-elementor-open-lightbox=\"yes\" data-elementor-lightbox-slideshow=\"eda7aed\" data-elementor-lightbox-title=\"ANUNCIO\" href='https:\/\/carreras.uleam.edu.ec\/facultad-de-educacion-turismo-artes-y-humanidades\/wp-content\/uploads\/sites\/75\/2025\/01\/ANUNCIO-4.png'><img loading=\"lazy\" decoding=\"async\" width=\"150\" height=\"150\" src=\"https:\/\/carreras.uleam.edu.ec\/facultad-de-educacion-turismo-artes-y-humanidades\/wp-content\/uploads\/sites\/75\/2025\/01\/ANUNCIO-4-150x150.png\" class=\"attachment-thumbnail size-thumbnail\" alt=\"\" srcset=\"https:\/\/carreras.uleam.edu.ec\/facultad-de-educacion-turismo-artes-y-humanidades\/wp-content\/uploads\/sites\/75\/2025\/01\/ANUNCIO-4-150x150.png 150w, https:\/\/carreras.uleam.edu.ec\/facultad-de-educacion-turismo-artes-y-humanidades\/wp-content\/uploads\/sites\/75\/2025\/01\/ANUNCIO-4-300x300.png 300w, https:\/\/carreras.uleam.edu.ec\/facultad-de-educacion-turismo-artes-y-humanidades\/wp-content\/uploads\/sites\/75\/2025\/01\/ANUNCIO-4-1024x1024.png 1024w, https:\/\/carreras.uleam.edu.ec\/facultad-de-educacion-turismo-artes-y-humanidades\/wp-content\/uploads\/sites\/75\/2025\/01\/ANUNCIO-4-768x768.png 768w, https:\/\/carreras.uleam.edu.ec\/facultad-de-educacion-turismo-artes-y-humanidades\/wp-content\/uploads\/sites\/75\/2025\/01\/ANUNCIO-4-1536x1536.png 1536w, https:\/\/carreras.uleam.edu.ec\/facultad-de-educacion-turismo-artes-y-humanidades\/wp-content\/uploads\/sites\/75\/2025\/01\/ANUNCIO-4-2048x2048.png 2048w, https:\/\/carreras.uleam.edu.ec\/facultad-de-educacion-turismo-artes-y-humanidades\/wp-content\/uploads\/sites\/75\/2025\/01\/ANUNCIO-4-100x100.png 100w\" sizes=\"auto, (max-width: 150px) 100vw, 150px\" \/><\/a>\n\t\t\t<\/dt><\/dl><br style=\"clear: both\" \/><dl class='gallery-item'>\n\t\t\t<dt class='gallery-icon landscape'>\n\t\t\t\t<a data-elementor-open-lightbox=\"yes\" data-elementor-lightbox-slideshow=\"eda7aed\" data-elementor-lightbox-title=\"WhatsApp Image 2025-01-09 at 16.28.18\" href='https:\/\/carreras.uleam.edu.ec\/facultad-de-educacion-turismo-artes-y-humanidades\/wp-content\/uploads\/sites\/75\/2025\/01\/WhatsApp-Image-2025-01-09-at-16.28.18.jpeg'><img loading=\"lazy\" decoding=\"async\" width=\"150\" height=\"150\" src=\"https:\/\/carreras.uleam.edu.ec\/facultad-de-educacion-turismo-artes-y-humanidades\/wp-content\/uploads\/sites\/75\/2025\/01\/WhatsApp-Image-2025-01-09-at-16.28.18-150x150.jpeg\" class=\"attachment-thumbnail size-thumbnail\" alt=\"\" srcset=\"https:\/\/carreras.uleam.edu.ec\/facultad-de-educacion-turismo-artes-y-humanidades\/wp-content\/uploads\/sites\/75\/2025\/01\/WhatsApp-Image-2025-01-09-at-16.28.18-150x150.jpeg 150w, https:\/\/carreras.uleam.edu.ec\/facultad-de-educacion-turismo-artes-y-humanidades\/wp-content\/uploads\/sites\/75\/2025\/01\/WhatsApp-Image-2025-01-09-at-16.28.18-300x300.jpeg 300w, https:\/\/carreras.uleam.edu.ec\/facultad-de-educacion-turismo-artes-y-humanidades\/wp-content\/uploads\/sites\/75\/2025\/01\/WhatsApp-Image-2025-01-09-at-16.28.18-1024x1024.jpeg 1024w, https:\/\/carreras.uleam.edu.ec\/facultad-de-educacion-turismo-artes-y-humanidades\/wp-content\/uploads\/sites\/75\/2025\/01\/WhatsApp-Image-2025-01-09-at-16.28.18-768x768.jpeg 768w, https:\/\/carreras.uleam.edu.ec\/facultad-de-educacion-turismo-artes-y-humanidades\/wp-content\/uploads\/sites\/75\/2025\/01\/WhatsApp-Image-2025-01-09-at-16.28.18-100x100.jpeg 100w, https:\/\/carreras.uleam.edu.ec\/facultad-de-educacion-turismo-artes-y-humanidades\/wp-content\/uploads\/sites\/75\/2025\/01\/WhatsApp-Image-2025-01-09-at-16.28.18.jpeg 1280w\" sizes=\"auto, (max-width: 150px) 100vw, 150px\" \/><\/a>\n\t\t\t<\/dt><\/dl><dl class='gallery-item'>\n\t\t\t<dt class='gallery-icon portrait'>\n\t\t\t\t<a data-elementor-open-lightbox=\"yes\" data-elementor-lightbox-slideshow=\"eda7aed\" data-elementor-lightbox-title=\"ARTES PLASTICAS\" href='https:\/\/carreras.uleam.edu.ec\/facultad-de-educacion-turismo-artes-y-humanidades\/wp-content\/uploads\/sites\/75\/2024\/10\/ARTES-PLASTICAS-scaled.jpg'><img loading=\"lazy\" decoding=\"async\" width=\"150\" height=\"150\" src=\"https:\/\/carreras.uleam.edu.ec\/facultad-de-educacion-turismo-artes-y-humanidades\/wp-content\/uploads\/sites\/75\/2024\/10\/ARTES-PLASTICAS-150x150.jpg\" class=\"attachment-thumbnail size-thumbnail\" alt=\"\" srcset=\"https:\/\/carreras.uleam.edu.ec\/facultad-de-educacion-turismo-artes-y-humanidades\/wp-content\/uploads\/sites\/75\/2024\/10\/ARTES-PLASTICAS-150x150.jpg 150w, https:\/\/carreras.uleam.edu.ec\/facultad-de-educacion-turismo-artes-y-humanidades\/wp-content\/uploads\/sites\/75\/2024\/10\/ARTES-PLASTICAS-100x100.jpg 100w\" sizes=\"auto, (max-width: 150px) 100vw, 150px\" \/><\/a>\n\t\t\t<\/dt><\/dl><dl class='gallery-item'>\n\t\t\t<dt class='gallery-icon landscape'>\n\t\t\t\t<a data-elementor-open-lightbox=\"yes\" data-elementor-lightbox-slideshow=\"eda7aed\" data-elementor-lightbox-title=\"ADMISIONES 2025-1\" href='https:\/\/carreras.uleam.edu.ec\/facultad-de-educacion-turismo-artes-y-humanidades\/wp-content\/uploads\/sites\/75\/2024\/10\/ADMISIONES-2025-1-6.png'><img loading=\"lazy\" decoding=\"async\" width=\"150\" height=\"150\" src=\"https:\/\/carreras.uleam.edu.ec\/facultad-de-educacion-turismo-artes-y-humanidades\/wp-content\/uploads\/sites\/75\/2024\/10\/ADMISIONES-2025-1-6-150x150.png\" class=\"attachment-thumbnail size-thumbnail\" alt=\"\" srcset=\"https:\/\/carreras.uleam.edu.ec\/facultad-de-educacion-turismo-artes-y-humanidades\/wp-content\/uploads\/sites\/75\/2024\/10\/ADMISIONES-2025-1-6-150x150.png 150w, https:\/\/carreras.uleam.edu.ec\/facultad-de-educacion-turismo-artes-y-humanidades\/wp-content\/uploads\/sites\/75\/2024\/10\/ADMISIONES-2025-1-6-100x100.png 100w\" sizes=\"auto, (max-width: 150px) 100vw, 150px\" \/><\/a>\n\t\t\t<\/dt><\/dl>\n\t\t\t<br style='clear: both' \/>\n\t\t<\/div>\n\t\t<\/div>\n\t\t\t\t<\/div>\n\t\t\t\t<\/div>\n\t\t\t\t\t<\/div>\n\t\t<\/div>\n\t\t\t\t\t\t\t<\/div>\n\t\t<\/section>\n\t\t\t\t\t\t<\/div>\n\t\t\t\t\t<\/div>\n\t\t","protected":false},"excerpt":{"rendered":"<p>Bienvenidos Misi\u00f3n y Visi\u00f3n Descripci\u00f3n General de la Carrera Malla Curricular Docentes Datos Generales Gesti\u00f3n y Proceso Estudiantil Bienvenidos Misi\u00f3n y Visi\u00f3n VISI\u00d3N La visi\u00f3n de la carrera de Artes Pl\u00e1sticas de la ULEAM, es logar la Educaci\u00f3n Superior de [&hellip;]<\/p>\n","protected":false},"author":7,"featured_media":0,"parent":0,"menu_order":0,"comment_status":"closed","ping_status":"closed","template":"","meta":{"_acf_changed":false,"footnotes":""},"class_list":["post-20","page","type-page","status-publish","hentry"],"acf":[],"_links":{"self":[{"href":"https:\/\/carreras.uleam.edu.ec\/facultad-de-educacion-turismo-artes-y-humanidades\/wp-json\/wp\/v2\/pages\/20","targetHints":{"allow":["GET"]}}],"collection":[{"href":"https:\/\/carreras.uleam.edu.ec\/facultad-de-educacion-turismo-artes-y-humanidades\/wp-json\/wp\/v2\/pages"}],"about":[{"href":"https:\/\/carreras.uleam.edu.ec\/facultad-de-educacion-turismo-artes-y-humanidades\/wp-json\/wp\/v2\/types\/page"}],"author":[{"embeddable":true,"href":"https:\/\/carreras.uleam.edu.ec\/facultad-de-educacion-turismo-artes-y-humanidades\/wp-json\/wp\/v2\/users\/7"}],"replies":[{"embeddable":true,"href":"https:\/\/carreras.uleam.edu.ec\/facultad-de-educacion-turismo-artes-y-humanidades\/wp-json\/wp\/v2\/comments?post=20"}],"version-history":[{"count":161,"href":"https:\/\/carreras.uleam.edu.ec\/facultad-de-educacion-turismo-artes-y-humanidades\/wp-json\/wp\/v2\/pages\/20\/revisions"}],"predecessor-version":[{"id":1912,"href":"https:\/\/carreras.uleam.edu.ec\/facultad-de-educacion-turismo-artes-y-humanidades\/wp-json\/wp\/v2\/pages\/20\/revisions\/1912"}],"wp:attachment":[{"href":"https:\/\/carreras.uleam.edu.ec\/facultad-de-educacion-turismo-artes-y-humanidades\/wp-json\/wp\/v2\/media?parent=20"}],"curies":[{"name":"wp","href":"https:\/\/api.w.org\/{rel}","templated":true}]}}