{"id":18,"date":"2021-09-03T15:11:52","date_gmt":"2021-09-03T15:11:52","guid":{"rendered":"https:\/\/carreras.uleam.edu.ec\/uaftt\/?page_id=18"},"modified":"2022-06-22T01:36:11","modified_gmt":"2022-06-22T01:36:11","slug":"decanato","status":"publish","type":"page","link":"https:\/\/carreras.uleam.edu.ec\/unitev\/decanato\/","title":{"rendered":"Decanato"},"content":{"rendered":"\n<div class=\"wp-block-image\"><figure class=\"aligncenter size-large is-resized\"><img loading=\"lazy\" decoding=\"async\" src=\"https:\/\/carreras.uleam.edu.ec\/uaftt\/wp-content\/uploads\/sites\/68\/2021\/12\/IMG_3812-768x1024.jpg\" alt=\"\" class=\"wp-image-244\" width=\"192\" height=\"256\" srcset=\"https:\/\/carreras.uleam.edu.ec\/unitev\/wp-content\/uploads\/sites\/68\/2021\/12\/IMG_3812-768x1024.jpg 768w, https:\/\/carreras.uleam.edu.ec\/unitev\/wp-content\/uploads\/sites\/68\/2021\/12\/IMG_3812-225x300.jpg 225w, https:\/\/carreras.uleam.edu.ec\/unitev\/wp-content\/uploads\/sites\/68\/2021\/12\/IMG_3812-1152x1536.jpg 1152w, https:\/\/carreras.uleam.edu.ec\/unitev\/wp-content\/uploads\/sites\/68\/2021\/12\/IMG_3812-1536x2048.jpg 1536w, https:\/\/carreras.uleam.edu.ec\/unitev\/wp-content\/uploads\/sites\/68\/2021\/12\/IMG_3812.jpg 1800w\" sizes=\"auto, (max-width: 192px) 100vw, 192px\" \/><\/figure><\/div>\n\n\n\n<p><\/p>\n\n\n\n<figure class=\"wp-block-table is-style-stripes\"><table class=\"has-black-color has-text-color\"><tbody><tr><td class=\"has-text-align-left\" data-align=\"left\"><strong>Nombres y Apellidos:<\/strong><\/td><td>\u00c1ngel Cristian Mera Mac\u00edas<\/td><\/tr><tr><td class=\"has-text-align-left\" data-align=\"left\"><strong>Formaci\u00f3n Acad\u00e9mica:<\/strong><\/td><td><strong>CUARTO NIVEL<\/strong><br> <br><strong>Doctor en Ingenier\u00eda de Sistemas e Inform\u00e1tica<\/strong><br>Universidad Nacional Mayor de San Marcos, Per\u00fa<br>2021-12-13<br> <br><strong>Magister en Inform\u00e1tica Empresarial<\/strong><br>Universidad Regional Aut\u00f3noma de los Andes<br>2014-05-14<br><br><strong>Especialista en Redes de Comunicaci\u00f3n de Datos<\/strong><br>Universidad Regional Aut\u00f3noma de los Andes<br>2013-01-08<br><br><strong>Diploma Superior en Sistemas de Informaci\u00f3n Empresarial<\/strong><br>Universidad Regional Aut\u00f3noma de los Andes<br>2012-02-09<br><br><strong>Diploma Superior en Educaci\u00f3n Universitaria por Competencias<\/strong><br>Universidad del Azuay<br>2011-02-01<br><br><strong>TERCER NIVEL<\/strong><br><br><strong>Ingeniero en Sistemas<\/strong><br>Universidad Laica \u00abEloy Alfaro de Manab\u00ed\u00bb<br>2012-02-07<br><br><strong>Licenciado en inform\u00e1tica<\/strong><br>Universidad Laica \u00abEloy Alfaro de Manab\u00ed\u00bb<br>2006-04-19<br> <br><\/td><\/tr><tr><td class=\"has-text-align-left\" data-align=\"left\"><strong>Correo electr\u00f3nico: <\/strong><\/td><td>angel.mera@uleam.edu.ec<\/td><\/tr><tr><td class=\"has-text-align-left\" data-align=\"left\"><strong>Correo institucional:<\/strong><\/td><td>uaftt@uleam.edu.ec<\/td><\/tr><\/tbody><\/table><\/figure>\n\n\n\n<p><\/p>\n","protected":false},"excerpt":{"rendered":"<p>Nombres y Apellidos: \u00c1ngel Cristian Mera Mac\u00edas Formaci\u00f3n Acad\u00e9mica: CUARTO NIVEL Doctor en Ingenier\u00eda de Sistemas e Inform\u00e1ticaUniversidad Nacional Mayor de San Marcos, Per\u00fa2021-12-13 Magister en Inform\u00e1tica EmpresarialUniversidad Regional Aut\u00f3noma de los Andes2014-05-14 Especialista en Redes de Comunicaci\u00f3n de DatosUniversidad [&hellip;]<\/p>\n","protected":false},"author":70,"featured_media":0,"parent":0,"menu_order":0,"comment_status":"closed","ping_status":"closed","template":"","meta":{"_acf_changed":false,"footnotes":""},"class_list":["post-18","page","type-page","status-publish","hentry"],"acf":[],"_links":{"self":[{"href":"https:\/\/carreras.uleam.edu.ec\/unitev\/wp-json\/wp\/v2\/pages\/18","targetHints":{"allow":["GET"]}}],"collection":[{"href":"https:\/\/carreras.uleam.edu.ec\/unitev\/wp-json\/wp\/v2\/pages"}],"about":[{"href":"https:\/\/carreras.uleam.edu.ec\/unitev\/wp-json\/wp\/v2\/types\/page"}],"author":[{"embeddable":true,"href":"https:\/\/carreras.uleam.edu.ec\/unitev\/wp-json\/wp\/v2\/users\/70"}],"replies":[{"embeddable":true,"href":"https:\/\/carreras.uleam.edu.ec\/unitev\/wp-json\/wp\/v2\/comments?post=18"}],"version-history":[{"count":7,"href":"https:\/\/carreras.uleam.edu.ec\/unitev\/wp-json\/wp\/v2\/pages\/18\/revisions"}],"predecessor-version":[{"id":399,"href":"https:\/\/carreras.uleam.edu.ec\/unitev\/wp-json\/wp\/v2\/pages\/18\/revisions\/399"}],"wp:attachment":[{"href":"https:\/\/carreras.uleam.edu.ec\/unitev\/wp-json\/wp\/v2\/media?parent=18"}],"curies":[{"name":"wp","href":"https:\/\/api.w.org\/{rel}","templated":true}]}}